{"id":9281,"date":"2025-10-16T14:16:08","date_gmt":"2025-10-16T12:16:08","guid":{"rendered":"https:\/\/ikth.de\/startseite\/?post_type=tribe_events&#038;p=9281"},"modified":"2025-10-16T14:16:08","modified_gmt":"2025-10-16T12:16:08","slug":"bauschadenseminar-2026","status":"publish","type":"tribe_events","link":"https:\/\/ikth.de\/startseite\/event\/bauschadenseminar-2026\/","title":{"rendered":"Bauschadenseminar 2026"},"content":{"rendered":"<section id=\"comp-mdpknbyb\" class=\"Oqnisf comp-mdpknbyb wixui-section\" tabindex=\"-1\" data-block-level-container=\"ClassicSection\">\n<div class=\"\" data-mesh-id=\"comp-mdpknbybinlineContent\" data-testid=\"inline-content\">\n<div data-mesh-id=\"comp-mdpknbybinlineContent-gridContainer\" data-testid=\"mesh-container-content\">\n<div id=\"comp-mdpknbyg1\" class=\"Z_l5lU ku3DBC zQ9jDz qvSjx3 Vq6kJx comp-mdpknbyg1 wixui-rich-text\" data-testid=\"richTextElement\">\n<ul class=\"color_36 font_8 wixui-rich-text__text\">\n<li class=\"wixui-rich-text__text\">\n<p class=\"font_8 wixui-rich-text__text\"><span class=\"color_36 wixui-rich-text__text\"><span class=\"wixui-rich-text__text\">Impulsvortrag Prof. Dr. Markus Kuhnhenne.<\/span><\/span><\/p>\n<\/li>\n<\/ul>\n<p class=\"font_8 wixui-rich-text__text\"><span class=\"color_36 wixui-rich-text__text\"><span class=\"wixui-rich-text__text\"><span class=\"wixGuard wixui-rich-text__text\">\u200b<\/span>\u200b<\/span><\/span><\/p>\n<ul class=\"color_36 font_8 wixui-rich-text__text\">\n<li class=\"wixui-rich-text__text\">\n<p class=\"font_8 wixui-rich-text__text\"><span class=\"color_36 wixui-rich-text__text\"><span class=\"wixui-rich-text__text\">\u00a0&#8222;Angebranntes Dach&#8220; mit Sanierung.<\/span><\/span><\/p>\n<\/li>\n<\/ul>\n<p class=\"font_8 wixui-rich-text__text\"><span class=\"color_36 wixui-rich-text__text\"><span class=\"wixui-rich-text__text\"><span class=\"wixGuard wixui-rich-text__text\">\u200b<\/span>\u200b<\/span><\/span><\/p>\n<ul class=\"color_36 font_8 wixui-rich-text__text\">\n<li class=\"wixui-rich-text__text\">\n<p class=\"font_8 wixui-rich-text__text\"><span class=\"color_36 wixui-rich-text__text\"><span class=\"wixui-rich-text__text\">\u00a0VOB Teil C ATV DIN 18351, Aufma\u00df und Abrechnung von vorgeh\u00e4ngten hinterl\u00fcfteten Fassaden.<\/span><\/span><span class=\"color_36 wixui-rich-text__text\"><span class=\"wixui-rich-text__text\">\u200b<\/span><\/span><\/p>\n<\/li>\n<\/ul>\n<p class=\"font_8 wixui-rich-text__text\"><span class=\"color_36 wixui-rich-text__text\"><span class=\"wixui-rich-text__text\"><span class=\"wixGuard wixui-rich-text__text\">\u200b<\/span>\u200b<\/span><\/span><\/p>\n<ul class=\"color_36 font_8 wixui-rich-text__text\">\n<li class=\"wixui-rich-text__text\">\n<p class=\"font_8 wixui-rich-text__text\"><span class=\"color_36 wixui-rich-text__text\"><span class=\"wixui-rich-text__text\">Eine 100 Meter lange Titanzink-Kastenrinne zwischen 2 Trapezprofil-Satteld\u00e4chern. Wie gestaltet man die Entw\u00e4sserung und die Not\u00fcberl\u00e4ufe richtig?<\/span><\/span><span class=\"color_36 wixui-rich-text__text\"><span class=\"wixui-rich-text__text\">\u200b<\/span><\/span><\/p>\n<\/li>\n<\/ul>\n<p class=\"font_8 wixui-rich-text__text\"><span class=\"color_36 wixui-rich-text__text\"><span class=\"wixui-rich-text__text\"><span class=\"wixGuard wixui-rich-text__text\">\u200b<\/span>\u200b<\/span><\/span><\/p>\n<ul class=\"color_36 font_8 wixui-rich-text__text\">\n<li class=\"wixui-rich-text__text\">\n<p class=\"font_8 wixui-rich-text__text\"><span class=\"color_36 wixui-rich-text__text\"><span class=\"wixui-rich-text__text\">PV- und Carrier-Systeme an Sandwichelementen. Bericht \u00fcber aktuelle formale Grundlagen. Worauf muss man achten? Konstruktives.\u00a0<\/span><\/span><\/p>\n<\/li>\n<\/ul>\n<p class=\"font_8 wixui-rich-text__text\"><span class=\"color_36 wixui-rich-text__text\"><span class=\"wixui-rich-text__text\"><span class=\"wixGuard wixui-rich-text__text\">\u200b<\/span>\u200b<\/span><\/span><\/p>\n<ul class=\"color_36 font_8 wixui-rich-text__text\">\n<li class=\"wixui-rich-text__text\">\n<p class=\"font_8 wixui-rich-text__text\"><span class=\"color_36 wixui-rich-text__text\"><span class=\"wixui-rich-text__text\">Das weggeflogene Dach einer Sporthalle &#8211; Ein Stehfalzdach mit Dach\u00fcberstand.<\/span><\/span><span class=\"color_36 wixui-rich-text__text\"><span class=\"wixui-rich-text__text\">\u200b<\/span><\/span><\/p>\n<\/li>\n<\/ul>\n<p class=\"font_8 wixui-rich-text__text\"><span class=\"color_36 wixui-rich-text__text\"><span class=\"wixui-rich-text__text\"><span class=\"wixGuard wixui-rich-text__text\">\u200b<\/span>\u200b<\/span><\/span><\/p>\n<ul class=\"color_36 font_8 wixui-rich-text__text\">\n<li class=\"wixui-rich-text__text\">\n<p class=\"font_8 wixui-rich-text__text\"><span class=\"color_36 wixui-rich-text__text\"><span class=\"wixui-rich-text__text\">Verformte Kassettenwandsysteme &#8211; Auspr\u00e4gung und Ursachen.<\/span><\/span><span class=\"color_36 wixui-rich-text__text\"><span class=\"wixui-rich-text__text\">\u200b<\/span><\/span><\/p>\n<\/li>\n<\/ul>\n<p class=\"font_8 wixui-rich-text__text\"><span class=\"color_36 wixui-rich-text__text\"><span class=\"wixui-rich-text__text\"><span class=\"wixGuard wixui-rich-text__text\">\u200b<\/span>\u200b<\/span><\/span><\/p>\n<ul class=\"color_36 font_8 wixui-rich-text__text\">\n<li class=\"wixui-rich-text__text\">\n<p class=\"font_8 wixui-rich-text__text\"><span class=\"color_36 wixui-rich-text__text\"><span class=\"wixui-rich-text__text\">Massive korrosive Sch\u00e4digung einer Attikaabdeckung<\/span><\/span><span class=\"color_36 wixui-rich-text__text\"><span class=\"wixui-rich-text__text\">\u200b.<\/span><\/span><\/p>\n<\/li>\n<\/ul>\n<p class=\"font_8 wixui-rich-text__text\"><span class=\"color_36 wixui-rich-text__text\"><span class=\"wixui-rich-text__text\"><span class=\"wixGuard wixui-rich-text__text\">\u200b<\/span>\u200b<\/span><\/span><\/p>\n<ul class=\"color_36 font_8 wixui-rich-text__text\">\n<li class=\"wixui-rich-text__text\">\n<p class=\"font_8 wixui-rich-text__text\"><span class=\"color_36 wixui-rich-text__text\"><span class=\"wixui-rich-text__text\">Fl\u00e4chenb\u00fcndige Fensterelemente in einer Sandwichfassade. Wassereintritte im Sturzbereich der Fenster.<\/span><\/span><span class=\"color_36 wixui-rich-text__text\"><span class=\"wixui-rich-text__text\">\u200b<\/span><\/span><\/p>\n<\/li>\n<\/ul>\n<p class=\"font_8 wixui-rich-text__text\"><span class=\"color_36 wixui-rich-text__text\"><span class=\"wixui-rich-text__text\"><span class=\"wixGuard wixui-rich-text__text\">\u200b<\/span>\u200b<\/span><\/span><\/p>\n<ul class=\"color_36 font_8 wixui-rich-text__text\">\n<li class=\"wixui-rich-text__text\">\n<p class=\"font_8 wixui-rich-text__text\"><span class=\"color_36 wixui-rich-text__text\"><span class=\"wixui-rich-text__text\">Das &#8222;knackende&#8220; Sandwichdach einer Reithalle<\/span><\/span><span class=\"color_36 wixui-rich-text__text\"><span class=\"wixui-rich-text__text\">\u200b.<\/span><\/span><\/p>\n<\/li>\n<\/ul>\n<p class=\"font_8 wixui-rich-text__text\"><span class=\"color_36 wixui-rich-text__text\"><span class=\"wixui-rich-text__text\"><span class=\"wixGuard wixui-rich-text__text\">\u200b<\/span>\u200b<\/span><\/span><\/p>\n<ul class=\"color_36 font_8 wixui-rich-text__text\">\n<li class=\"wixui-rich-text__text\">\n<p class=\"font_8 wixui-rich-text__text\"><span class=\"color_36 wixui-rich-text__text\"><span class=\"wixui-rich-text__text\">Undichte Sandwichd\u00e4cher &#8211; immer wieder und immer wieder gleiche Ursachen<\/span><\/span><span class=\"color_36 wixui-rich-text__text\"><span class=\"wixui-rich-text__text\">\u200b.<\/span><\/span><\/p>\n<\/li>\n<\/ul>\n<p class=\"font_8 wixui-rich-text__text\"><span class=\"color_36 wixui-rich-text__text\"><span class=\"wixui-rich-text__text\"><span class=\"wixGuard wixui-rich-text__text\">\u200b<\/span>\u200b<\/span><\/span><\/p>\n<ul class=\"color_36 font_8 wixui-rich-text__text\">\n<li class=\"wixui-rich-text__text\">\n<p class=\"font_8 wixui-rich-text__text\"><span class=\"color_36 wixui-rich-text__text\"><span class=\"wixui-rich-text__text\">Zusammenfassung, offengebliebene Fragen und Verabschiedung<\/span><\/span><span class=\"color_36 wixui-rich-text__text\"><span class=\"wixui-rich-text__text\">\u200b.<\/span><\/span><\/p>\n<\/li>\n<\/ul>\n<\/div>\n<\/div>\n<\/div>\n<\/section>\n<section id=\"comp-limsi7vr\" class=\"Oqnisf comp-limsi7vr wixui-section\" tabindex=\"-1\" data-block-level-container=\"ClassicSection\">\n<div data-testid=\"colorUnderlay\"><\/div>\n<p class=\"LWbAav Kv1aVt\" data-testid=\"colorUnderlay\"><strong>zur Anmeldung geht es\u00a0<a href=\"https:\/\/www.bauschadenseminar.de\/\" target=\"_blank\" rel=\"noopener\">hier.<\/a><\/strong><\/p>\n<\/section>\n<h2 data-testid=\"colorUnderlay\">Diese Veranstaltung wird mit 8 Weiterbildungsstunden anerkannt.<\/h2>\n<section id=\"comp-limsi7vr\" class=\"Oqnisf comp-limsi7vr wixui-section\" tabindex=\"-1\" data-block-level-container=\"ClassicSection\">\n<div id=\"bgLayers_comp-limsi7vr\" class=\"MW5IWV\" data-hook=\"bgLayers\" data-motion-part=\"BG_LAYER comp-limsi7vr\">\n<div id=\"bgMedia_comp-limsi7vr\" class=\"VgO9Yg\" data-motion-part=\"BG_MEDIA comp-limsi7vr\"><\/div>\n<\/div>\n<div class=\"\" data-mesh-id=\"comp-limsi7vrinlineContent\" data-testid=\"inline-content\">\n<div data-mesh-id=\"comp-limsi7vrinlineContent-gridContainer\" data-testid=\"mesh-container-content\">\n<section id=\"comp-limsi7ix\" class=\"comp-limsi7ix CohWsy wixui-column-strip\">\n<div id=\"bgLayers_comp-limsi7ix\" class=\"if7Vw2\" data-hook=\"bgLayers\" data-motion-part=\"BG_LAYER comp-limsi7ix\">\n<div class=\"tcElKx i1tH8h\" data-testid=\"colorUnderlay\"><\/div>\n<div id=\"bgMedia_comp-limsi7ix\" class=\"wG8dni\" data-motion-part=\"BG_MEDIA comp-limsi7ix\"><\/div>\n<\/div>\n<div class=\"V5AUxf\" data-testid=\"columns\">\n<div id=\"comp-limsi7iy\" class=\"comp-limsi7iy YzqVVZ wixui-column-strip__column\">\n<div id=\"bgLayers_comp-limsi7iy\" class=\"MW5IWV\" data-hook=\"bgLayers\" data-motion-part=\"BG_LAYER comp-limsi7iy\"><\/div>\n<\/div>\n<\/div>\n<\/section>\n<\/div>\n<\/div>\n<\/section>\n","protected":false},"excerpt":{"rendered":"<p>Impulsvortrag Prof. Dr. Markus Kuhnhenne. \u200b\u200b \u00a0&#8222;Angebranntes Dach&#8220; mit Sanierung. \u200b\u200b \u00a0VOB Teil C ATV DIN 18351, Aufma\u00df und Abrechnung von vorgeh\u00e4ngten hinterl\u00fcfteten Fassaden.\u200b \u200b\u200b Eine 100 Meter lange Titanzink-Kastenrinne&hellip;<\/p>\n","protected":false},"author":11,"featured_media":0,"comment_status":"open","ping_status":"closed","template":"","meta":{"_acf_changed":false,"footnotes":""},"tags":[],"tribe_events_cat":[323,305],"class_list":["post-9281","tribe_events","type-tribe_events","status-publish","hentry","tribe_events_cat-bautechnik","tribe_events_cat-bauwesen","cat_bautechnik","cat_bauwesen","description-off"],"acf":[],"yoast_head":"<!-- This site is optimized with the Yoast SEO plugin v26.4 - https:\/\/yoast.com\/wordpress\/plugins\/seo\/ -->\n<title>Bauschadenseminar 2026 - Ingenieurkammer Th\u00fcringen<\/title>\n<meta name=\"robots\" content=\"index, follow, max-snippet:-1, max-image-preview:large, max-video-preview:-1\" \/>\n<link rel=\"canonical\" href=\"https:\/\/ikth.de\/startseite\/event\/bauschadenseminar-2026\/\" \/>\n<meta property=\"og:locale\" content=\"de_DE\" \/>\n<meta property=\"og:type\" content=\"article\" \/>\n<meta property=\"og:title\" content=\"Bauschadenseminar 2026 - Ingenieurkammer Th\u00fcringen\" \/>\n<meta property=\"og:description\" content=\"Impulsvortrag Prof. Dr. Markus Kuhnhenne. \u200b\u200b \u00a0&#8222;Angebranntes Dach&#8220; mit Sanierung. \u200b\u200b \u00a0VOB Teil C ATV DIN 18351, Aufma\u00df und Abrechnung von vorgeh\u00e4ngten hinterl\u00fcfteten Fassaden.\u200b \u200b\u200b Eine 100 Meter lange Titanzink-Kastenrinne&hellip;\" \/>\n<meta property=\"og:url\" content=\"https:\/\/ikth.de\/startseite\/event\/bauschadenseminar-2026\/\" \/>\n<meta property=\"og:site_name\" content=\"Ingenieurkammer Th\u00fcringen\" \/>\n<meta name=\"twitter:card\" content=\"summary_large_image\" \/>\n<meta name=\"twitter:label1\" content=\"Gesch\u00e4tzte Lesezeit\" \/>\n\t<meta name=\"twitter:data1\" content=\"1\u00a0Minute\" \/>\n<script type=\"application\/ld+json\" class=\"yoast-schema-graph\">{\"@context\":\"https:\/\/schema.org\",\"@graph\":[{\"@type\":\"WebPage\",\"@id\":\"https:\/\/ikth.de\/startseite\/event\/bauschadenseminar-2026\/\",\"url\":\"https:\/\/ikth.de\/startseite\/event\/bauschadenseminar-2026\/\",\"name\":\"Bauschadenseminar 2026 - Ingenieurkammer Th\u00fcringen\",\"isPartOf\":{\"@id\":\"https:\/\/ikth.de\/startseite\/#website\"},\"datePublished\":\"2025-10-16T12:16:08+00:00\",\"breadcrumb\":{\"@id\":\"https:\/\/ikth.de\/startseite\/event\/bauschadenseminar-2026\/#breadcrumb\"},\"inLanguage\":\"de\",\"potentialAction\":[{\"@type\":\"ReadAction\",\"target\":[\"https:\/\/ikth.de\/startseite\/event\/bauschadenseminar-2026\/\"]}]},{\"@type\":\"BreadcrumbList\",\"@id\":\"https:\/\/ikth.de\/startseite\/event\/bauschadenseminar-2026\/#breadcrumb\",\"itemListElement\":[{\"@type\":\"ListItem\",\"position\":1,\"name\":\"Startseite\",\"item\":\"https:\/\/ikth.de\/startseite\/\"},{\"@type\":\"ListItem\",\"position\":2,\"name\":\"Veranstaltungen\",\"item\":\"https:\/\/ikth.de\/startseite\/veranstaltungen\/\"},{\"@type\":\"ListItem\",\"position\":3,\"name\":\"Bauschadenseminar 2026\"}]},{\"@type\":\"WebSite\",\"@id\":\"https:\/\/ikth.de\/startseite\/#website\",\"url\":\"https:\/\/ikth.de\/startseite\/\",\"name\":\"Ingenieurkammer Th\u00fcringen\",\"description\":\"\",\"potentialAction\":[{\"@type\":\"SearchAction\",\"target\":{\"@type\":\"EntryPoint\",\"urlTemplate\":\"https:\/\/ikth.de\/startseite\/?s={search_term_string}\"},\"query-input\":{\"@type\":\"PropertyValueSpecification\",\"valueRequired\":true,\"valueName\":\"search_term_string\"}}],\"inLanguage\":\"de\"}]}<\/script>\n<!-- \/ Yoast SEO plugin. -->","yoast_head_json":{"title":"Bauschadenseminar 2026 - Ingenieurkammer Th\u00fcringen","robots":{"index":"index","follow":"follow","max-snippet":"max-snippet:-1","max-image-preview":"max-image-preview:large","max-video-preview":"max-video-preview:-1"},"canonical":"https:\/\/ikth.de\/startseite\/event\/bauschadenseminar-2026\/","og_locale":"de_DE","og_type":"article","og_title":"Bauschadenseminar 2026 - Ingenieurkammer Th\u00fcringen","og_description":"Impulsvortrag Prof. Dr. Markus Kuhnhenne. \u200b\u200b \u00a0&#8222;Angebranntes Dach&#8220; mit Sanierung. \u200b\u200b \u00a0VOB Teil C ATV DIN 18351, Aufma\u00df und Abrechnung von vorgeh\u00e4ngten hinterl\u00fcfteten Fassaden.\u200b \u200b\u200b Eine 100 Meter lange Titanzink-Kastenrinne&hellip;","og_url":"https:\/\/ikth.de\/startseite\/event\/bauschadenseminar-2026\/","og_site_name":"Ingenieurkammer Th\u00fcringen","twitter_card":"summary_large_image","twitter_misc":{"Gesch\u00e4tzte Lesezeit":"1\u00a0Minute"},"schema":{"@context":"https:\/\/schema.org","@graph":[{"@type":"WebPage","@id":"https:\/\/ikth.de\/startseite\/event\/bauschadenseminar-2026\/","url":"https:\/\/ikth.de\/startseite\/event\/bauschadenseminar-2026\/","name":"Bauschadenseminar 2026 - Ingenieurkammer Th\u00fcringen","isPartOf":{"@id":"https:\/\/ikth.de\/startseite\/#website"},"datePublished":"2025-10-16T12:16:08+00:00","breadcrumb":{"@id":"https:\/\/ikth.de\/startseite\/event\/bauschadenseminar-2026\/#breadcrumb"},"inLanguage":"de","potentialAction":[{"@type":"ReadAction","target":["https:\/\/ikth.de\/startseite\/event\/bauschadenseminar-2026\/"]}]},{"@type":"BreadcrumbList","@id":"https:\/\/ikth.de\/startseite\/event\/bauschadenseminar-2026\/#breadcrumb","itemListElement":[{"@type":"ListItem","position":1,"name":"Startseite","item":"https:\/\/ikth.de\/startseite\/"},{"@type":"ListItem","position":2,"name":"Veranstaltungen","item":"https:\/\/ikth.de\/startseite\/veranstaltungen\/"},{"@type":"ListItem","position":3,"name":"Bauschadenseminar 2026"}]},{"@type":"WebSite","@id":"https:\/\/ikth.de\/startseite\/#website","url":"https:\/\/ikth.de\/startseite\/","name":"Ingenieurkammer Th\u00fcringen","description":"","potentialAction":[{"@type":"SearchAction","target":{"@type":"EntryPoint","urlTemplate":"https:\/\/ikth.de\/startseite\/?s={search_term_string}"},"query-input":{"@type":"PropertyValueSpecification","valueRequired":true,"valueName":"search_term_string"}}],"inLanguage":"de"}]}},"_links":{"self":[{"href":"https:\/\/ikth.de\/startseite\/wp-json\/wp\/v2\/tribe_events\/9281","targetHints":{"allow":["GET"]}}],"collection":[{"href":"https:\/\/ikth.de\/startseite\/wp-json\/wp\/v2\/tribe_events"}],"about":[{"href":"https:\/\/ikth.de\/startseite\/wp-json\/wp\/v2\/types\/tribe_events"}],"author":[{"embeddable":true,"href":"https:\/\/ikth.de\/startseite\/wp-json\/wp\/v2\/users\/11"}],"replies":[{"embeddable":true,"href":"https:\/\/ikth.de\/startseite\/wp-json\/wp\/v2\/comments?post=9281"}],"version-history":[{"count":1,"href":"https:\/\/ikth.de\/startseite\/wp-json\/wp\/v2\/tribe_events\/9281\/revisions"}],"predecessor-version":[{"id":9287,"href":"https:\/\/ikth.de\/startseite\/wp-json\/wp\/v2\/tribe_events\/9281\/revisions\/9287"}],"wp:attachment":[{"href":"https:\/\/ikth.de\/startseite\/wp-json\/wp\/v2\/media?parent=9281"}],"wp:term":[{"taxonomy":"post_tag","embeddable":true,"href":"https:\/\/ikth.de\/startseite\/wp-json\/wp\/v2\/tags?post=9281"},{"taxonomy":"tribe_events_cat","embeddable":true,"href":"https:\/\/ikth.de\/startseite\/wp-json\/wp\/v2\/tribe_events_cat?post=9281"}],"curies":[{"name":"wp","href":"https:\/\/api.w.org\/{rel}","templated":true}]}}