{"id":8698,"date":"2025-04-22T10:32:28","date_gmt":"2025-04-22T08:32:28","guid":{"rendered":"https:\/\/ikth.de\/startseite\/?post_type=tribe_events&#038;p=8698"},"modified":"2025-04-23T13:50:06","modified_gmt":"2025-04-23T11:50:06","slug":"kalksandstein-fruehjahrs-akademie-2025-abdichtung-aktuell","status":"publish","type":"tribe_events","link":"https:\/\/ikth.de\/startseite\/event\/kalksandstein-fruehjahrs-akademie-2025-abdichtung-aktuell\/","title":{"rendered":"KALKSANDSTEIN Fr\u00fchjahrs-Akademie 2025 &#8211; Abdichtung aktuell"},"content":{"rendered":"<h2><strong>Abdichtung aktuell<br \/>\n<\/strong><strong>Wassereinwirkungen im Baugrund: nicht mehr nach der Abdichtungsnorm, sondern nach der Baugrundnorm \u2013 Hintergr\u00fcnde zu den Neuerungen<\/strong><\/h2>\n<p>&nbsp;<\/p>\n<p>Seit vielen Jahren wurden Wassereinwirkungen in den f\u00fcr Baugrund nicht einschl\u00e4gigen Abdichtungsnormen DIN 18195 (zwischen 1983 und 2017) und DIN 18533-1 (nach 2017) beschrieben. Dies war bislang unbestritten, da es sonst keine Fundstellen gab. Abdichtungsnormen sind aber f\u00fcr Baugrundfragen nicht einschl\u00e4gig und damit nicht anwendbar.<br \/>\nSeit 2018 wird an der neuen DIN 4095 Teil 1 gearbeitet, einer Baugrundnorm f\u00fcr Wassereinwirkungen. Diese richtet sich prim\u00e4r an Geotechniker, enth\u00e4lt aber f\u00fcr Architekten und Bauingenieure verst\u00e4ndliche Erkl\u00e4rungen. Damit wird die Grundlage geschaffen, jeweils zielgerichtet Festlegungen zu tats\u00e4chlich zu erwartenden Wassereinwirkungen an W\u00e4nden und an Bodenfl\u00e4chen von Geb\u00e4uden sowie baulichen Anlagen zu beschreiben. Dar\u00fcber hinaus soll eine einheitliche Nomenklatur f\u00fcr die drei Bereiche erreicht werden: Baugrund &#8211; Abdichtungen &#8211; WU-Konstruktionen.<br \/>\nMit den \u00c4nderungen werden Einwirkungen als Grundlage f\u00fcr Schutzma\u00dfnahmen standardisiert sowie situationsbezogene Differenzierungen m\u00f6glich. In F\u00e4llen, in denen die bisherigen Anforderungen \u00fcbertrieben hoch waren, werden nicht unerhebliche Einsparungen erm\u00f6glicht. Die Neuerungen sind damit ein wesentlicher Bestandteil der Reduzierung der Anforderung an das Bauen und sorgen somit f\u00fcr Kosteneinsparungen f\u00fcr technisch nicht Notwendiges.<\/p>\n<p>&nbsp;<\/p>\n<h3><strong>Themen:<\/strong><\/h3>\n<p>&#8211; Die neue DIN 4095 Teil 1<br \/>\n&#8211; Wann sind Dr\u00e4nungen sinnvoll?<br \/>\n&#8211; Einsparungen bei Planung und Durchf\u00fchrung von Ma\u00dfnahmen zum Schutz erdber\u00fchrter Bauteilfl\u00e4chen.<\/p>\n<p>&nbsp;<\/p>\n<h3><strong>Zeitablauf:<\/strong><\/h3>\n<p>&nbsp;<\/p>\n<p>09:00 Uhr bis 10:30 Uhr Vortrag Teil I<\/p>\n<p>10:30 Uhr bis 11:00 Uhr Pause<br \/>\n11:00 Uhr bis 12:30 Uhr Vortrag Teil II<\/p>\n<p>&nbsp;<\/p>\n<h3><strong>Ihr Referent<\/strong><\/h3>\n<p>&nbsp;<\/p>\n<p>Herr Prof. Matthias Z\u00f6ller ist Honorarprofessor f\u00fcr Bauschadensfragen am KIT Karlsruher Institut f\u00fcr Technologie (Universit\u00e4t Karlsruhe).<br \/>\nAls Mitgesellschafter des AIBau \u2013 Aachener Instituts f\u00fcr Bauschadensforschung und angewandte Bauphysik gGmbH betreibt er systematische Bauschadensforschung.<br \/>\nHerr Z\u00f6ller leitet die zuvor von Herrn Prof. Dr. Rainer Oswald geleiteten j\u00e4hrlichen Aachener Bausachverst\u00e4ndigentage.<\/p>\n<p>Er ist Referent im Masterstudiengang Altbauinstandsetzung an der Universit\u00e4t in Karlsruhe, f\u00fcr das IfS Institut f\u00fcr Sachverst\u00e4ndigenwesen in K\u00f6ln sowie mehrerer Architektenkammern.<br \/>\nZudem ist er Mitherausgeber der Zeitschrift IBR Immobilien- &amp; Baurecht sowie Autor der Bausachverst\u00e4ndigenberichte in der IBR.<br \/>\nWeiterhin ist Herr Z\u00f6ller Mitherausgeber der Baurechtlichen und \u2013technischen Themensammlung im Bundesanzeigerverlag.<\/p>\n<p>&nbsp;<\/p>\n<p>Die Anmeldung sowie weitere Informationen finden Sie<a href=\"https:\/\/www.ks-nord.de\/service-und-aktuelles\/veranstaltungen-seminare-und-workshops\/\"> hier.<\/a><\/p>\n<p>Diese Veranstaltung wird von der Ingenieurkammer Th\u00fcringen mit 4 WB &#8211; Stunden anerkannt.<\/p>\n","protected":false},"excerpt":{"rendered":"<p>Abdichtung aktuell Wassereinwirkungen im Baugrund: nicht mehr nach der Abdichtungsnorm, sondern nach der Baugrundnorm \u2013 Hintergr\u00fcnde zu den Neuerungen &nbsp; Seit vielen Jahren wurden Wassereinwirkungen in den f\u00fcr Baugrund nicht&hellip;<\/p>\n","protected":false},"author":11,"featured_media":0,"comment_status":"open","ping_status":"closed","template":"","meta":{"_acf_changed":false,"footnotes":""},"tags":[],"tribe_events_cat":[305,303,293],"class_list":["post-8698","tribe_events","type-tribe_events","status-publish","hentry","tribe_events_cat-bauwesen","tribe_events_cat-din","tribe_events_cat-wasserwirtschaft","cat_bauwesen","cat_din","cat_wasserwirtschaft","description-off"],"acf":[],"yoast_head":"<!-- This site is optimized with the Yoast SEO plugin v26.4 - https:\/\/yoast.com\/wordpress\/plugins\/seo\/ -->\n<title>KALKSANDSTEIN Fr\u00fchjahrs-Akademie 2025 - Abdichtung aktuell - Ingenieurkammer Th\u00fcringen<\/title>\n<meta name=\"robots\" content=\"index, follow, max-snippet:-1, max-image-preview:large, max-video-preview:-1\" \/>\n<link rel=\"canonical\" href=\"https:\/\/ikth.de\/startseite\/event\/kalksandstein-fruehjahrs-akademie-2025-abdichtung-aktuell\/\" \/>\n<meta property=\"og:locale\" content=\"de_DE\" \/>\n<meta property=\"og:type\" content=\"article\" \/>\n<meta property=\"og:title\" content=\"KALKSANDSTEIN Fr\u00fchjahrs-Akademie 2025 - Abdichtung aktuell - Ingenieurkammer Th\u00fcringen\" \/>\n<meta property=\"og:description\" content=\"Abdichtung aktuell Wassereinwirkungen im Baugrund: nicht mehr nach der Abdichtungsnorm, sondern nach der Baugrundnorm \u2013 Hintergr\u00fcnde zu den Neuerungen &nbsp; Seit vielen Jahren wurden Wassereinwirkungen in den f\u00fcr Baugrund nicht&hellip;\" \/>\n<meta property=\"og:url\" content=\"https:\/\/ikth.de\/startseite\/event\/kalksandstein-fruehjahrs-akademie-2025-abdichtung-aktuell\/\" \/>\n<meta property=\"og:site_name\" content=\"Ingenieurkammer Th\u00fcringen\" \/>\n<meta property=\"article:modified_time\" content=\"2025-04-23T11:50:06+00:00\" \/>\n<meta name=\"twitter:card\" content=\"summary_large_image\" \/>\n<meta name=\"twitter:label1\" content=\"Gesch\u00e4tzte Lesezeit\" \/>\n\t<meta name=\"twitter:data1\" content=\"2\u00a0Minuten\" \/>\n<script type=\"application\/ld+json\" class=\"yoast-schema-graph\">{\"@context\":\"https:\/\/schema.org\",\"@graph\":[{\"@type\":\"WebPage\",\"@id\":\"https:\/\/ikth.de\/startseite\/event\/kalksandstein-fruehjahrs-akademie-2025-abdichtung-aktuell\/\",\"url\":\"https:\/\/ikth.de\/startseite\/event\/kalksandstein-fruehjahrs-akademie-2025-abdichtung-aktuell\/\",\"name\":\"KALKSANDSTEIN Fr\u00fchjahrs-Akademie 2025 - Abdichtung aktuell - Ingenieurkammer Th\u00fcringen\",\"isPartOf\":{\"@id\":\"https:\/\/ikth.de\/startseite\/#website\"},\"datePublished\":\"2025-04-22T08:32:28+00:00\",\"dateModified\":\"2025-04-23T11:50:06+00:00\",\"breadcrumb\":{\"@id\":\"https:\/\/ikth.de\/startseite\/event\/kalksandstein-fruehjahrs-akademie-2025-abdichtung-aktuell\/#breadcrumb\"},\"inLanguage\":\"de\",\"potentialAction\":[{\"@type\":\"ReadAction\",\"target\":[\"https:\/\/ikth.de\/startseite\/event\/kalksandstein-fruehjahrs-akademie-2025-abdichtung-aktuell\/\"]}]},{\"@type\":\"BreadcrumbList\",\"@id\":\"https:\/\/ikth.de\/startseite\/event\/kalksandstein-fruehjahrs-akademie-2025-abdichtung-aktuell\/#breadcrumb\",\"itemListElement\":[{\"@type\":\"ListItem\",\"position\":1,\"name\":\"Startseite\",\"item\":\"https:\/\/ikth.de\/startseite\/\"},{\"@type\":\"ListItem\",\"position\":2,\"name\":\"Veranstaltungen\",\"item\":\"https:\/\/ikth.de\/startseite\/veranstaltungen\/\"},{\"@type\":\"ListItem\",\"position\":3,\"name\":\"KALKSANDSTEIN Fr\u00fchjahrs-Akademie 2025 &#8211; Abdichtung aktuell\"}]},{\"@type\":\"WebSite\",\"@id\":\"https:\/\/ikth.de\/startseite\/#website\",\"url\":\"https:\/\/ikth.de\/startseite\/\",\"name\":\"Ingenieurkammer Th\u00fcringen\",\"description\":\"\",\"potentialAction\":[{\"@type\":\"SearchAction\",\"target\":{\"@type\":\"EntryPoint\",\"urlTemplate\":\"https:\/\/ikth.de\/startseite\/?s={search_term_string}\"},\"query-input\":{\"@type\":\"PropertyValueSpecification\",\"valueRequired\":true,\"valueName\":\"search_term_string\"}}],\"inLanguage\":\"de\"}]}<\/script>\n<!-- \/ Yoast SEO plugin. -->","yoast_head_json":{"title":"KALKSANDSTEIN Fr\u00fchjahrs-Akademie 2025 - Abdichtung aktuell - Ingenieurkammer Th\u00fcringen","robots":{"index":"index","follow":"follow","max-snippet":"max-snippet:-1","max-image-preview":"max-image-preview:large","max-video-preview":"max-video-preview:-1"},"canonical":"https:\/\/ikth.de\/startseite\/event\/kalksandstein-fruehjahrs-akademie-2025-abdichtung-aktuell\/","og_locale":"de_DE","og_type":"article","og_title":"KALKSANDSTEIN Fr\u00fchjahrs-Akademie 2025 - Abdichtung aktuell - Ingenieurkammer Th\u00fcringen","og_description":"Abdichtung aktuell Wassereinwirkungen im Baugrund: nicht mehr nach der Abdichtungsnorm, sondern nach der Baugrundnorm \u2013 Hintergr\u00fcnde zu den Neuerungen &nbsp; Seit vielen Jahren wurden Wassereinwirkungen in den f\u00fcr Baugrund nicht&hellip;","og_url":"https:\/\/ikth.de\/startseite\/event\/kalksandstein-fruehjahrs-akademie-2025-abdichtung-aktuell\/","og_site_name":"Ingenieurkammer Th\u00fcringen","article_modified_time":"2025-04-23T11:50:06+00:00","twitter_card":"summary_large_image","twitter_misc":{"Gesch\u00e4tzte Lesezeit":"2\u00a0Minuten"},"schema":{"@context":"https:\/\/schema.org","@graph":[{"@type":"WebPage","@id":"https:\/\/ikth.de\/startseite\/event\/kalksandstein-fruehjahrs-akademie-2025-abdichtung-aktuell\/","url":"https:\/\/ikth.de\/startseite\/event\/kalksandstein-fruehjahrs-akademie-2025-abdichtung-aktuell\/","name":"KALKSANDSTEIN Fr\u00fchjahrs-Akademie 2025 - Abdichtung aktuell - Ingenieurkammer Th\u00fcringen","isPartOf":{"@id":"https:\/\/ikth.de\/startseite\/#website"},"datePublished":"2025-04-22T08:32:28+00:00","dateModified":"2025-04-23T11:50:06+00:00","breadcrumb":{"@id":"https:\/\/ikth.de\/startseite\/event\/kalksandstein-fruehjahrs-akademie-2025-abdichtung-aktuell\/#breadcrumb"},"inLanguage":"de","potentialAction":[{"@type":"ReadAction","target":["https:\/\/ikth.de\/startseite\/event\/kalksandstein-fruehjahrs-akademie-2025-abdichtung-aktuell\/"]}]},{"@type":"BreadcrumbList","@id":"https:\/\/ikth.de\/startseite\/event\/kalksandstein-fruehjahrs-akademie-2025-abdichtung-aktuell\/#breadcrumb","itemListElement":[{"@type":"ListItem","position":1,"name":"Startseite","item":"https:\/\/ikth.de\/startseite\/"},{"@type":"ListItem","position":2,"name":"Veranstaltungen","item":"https:\/\/ikth.de\/startseite\/veranstaltungen\/"},{"@type":"ListItem","position":3,"name":"KALKSANDSTEIN Fr\u00fchjahrs-Akademie 2025 &#8211; Abdichtung aktuell"}]},{"@type":"WebSite","@id":"https:\/\/ikth.de\/startseite\/#website","url":"https:\/\/ikth.de\/startseite\/","name":"Ingenieurkammer Th\u00fcringen","description":"","potentialAction":[{"@type":"SearchAction","target":{"@type":"EntryPoint","urlTemplate":"https:\/\/ikth.de\/startseite\/?s={search_term_string}"},"query-input":{"@type":"PropertyValueSpecification","valueRequired":true,"valueName":"search_term_string"}}],"inLanguage":"de"}]}},"_links":{"self":[{"href":"https:\/\/ikth.de\/startseite\/wp-json\/wp\/v2\/tribe_events\/8698","targetHints":{"allow":["GET"]}}],"collection":[{"href":"https:\/\/ikth.de\/startseite\/wp-json\/wp\/v2\/tribe_events"}],"about":[{"href":"https:\/\/ikth.de\/startseite\/wp-json\/wp\/v2\/types\/tribe_events"}],"author":[{"embeddable":true,"href":"https:\/\/ikth.de\/startseite\/wp-json\/wp\/v2\/users\/11"}],"replies":[{"embeddable":true,"href":"https:\/\/ikth.de\/startseite\/wp-json\/wp\/v2\/comments?post=8698"}],"version-history":[{"count":1,"href":"https:\/\/ikth.de\/startseite\/wp-json\/wp\/v2\/tribe_events\/8698\/revisions"}],"predecessor-version":[{"id":8699,"href":"https:\/\/ikth.de\/startseite\/wp-json\/wp\/v2\/tribe_events\/8698\/revisions\/8699"}],"wp:attachment":[{"href":"https:\/\/ikth.de\/startseite\/wp-json\/wp\/v2\/media?parent=8698"}],"wp:term":[{"taxonomy":"post_tag","embeddable":true,"href":"https:\/\/ikth.de\/startseite\/wp-json\/wp\/v2\/tags?post=8698"},{"taxonomy":"tribe_events_cat","embeddable":true,"href":"https:\/\/ikth.de\/startseite\/wp-json\/wp\/v2\/tribe_events_cat?post=8698"}],"curies":[{"name":"wp","href":"https:\/\/api.w.org\/{rel}","templated":true}]}}