{"id":7392,"date":"2024-08-21T14:12:09","date_gmt":"2024-08-21T12:12:09","guid":{"rendered":"https:\/\/ikth.de\/startseite\/?post_type=tribe_events&#038;p=7392"},"modified":"2024-08-21T14:12:09","modified_gmt":"2024-08-21T12:12:09","slug":"luft-licht-fenster-und-fassade","status":"publish","type":"tribe_events","link":"https:\/\/ikth.de\/startseite\/event\/luft-licht-fenster-und-fassade\/","title":{"rendered":"Luft &#038; Licht \u2013 Fenster und Fassade"},"content":{"rendered":"<div class=\"wpb_text_column wpb_content_element \">\n<div class=\"wpb_wrapper\">\n<p><strong>Die Module\u00a0<\/strong><strong>#Geb\u00e4udeh\u00fclle &amp; #Geb\u00e4udetechnik #\u00d6kologie &amp; Umwelt<\/strong><\/p>\n<p>Wie m\u00fcssen die Komponenten zu den Themen &gt;Luft und Licht&lt; von R\u00e4umen optimiert geplant und realisiert werden? Klimaschutzziele, Nachhaltigkeit m\u00fcssen dabei im Fokus stehen. Qualit\u00e4tsanforderungen f\u00fcr Fenster in der Geb\u00e4udeh\u00fclle mit oder ohne Geb\u00e4udetechnik. Bauphysik und Praxis: die wichtigsten Kriterien f\u00fcr ein Bauen ohne W\u00e4rmebr\u00fccken.<\/p>\n<p><strong>Zielstellung des Seminares:<\/strong><br \/>\nAnforderung bez\u00fcglich Planung, Einbau und Funktion der Fenster in der Geb\u00e4udeh\u00fclle (#H) ist nicht ohne den Dialog mit der Geb\u00e4udetechnik (#T) zu l\u00f6sen.<\/p>\n<\/div>\n<\/div>\n<div class=\"wpb_text_column wpb_content_element \">\n<div class=\"wpb_wrapper\">\n<p><strong>Programm<\/strong><\/p>\n<ul>\n<li><strong>Geb\u00e4udezustandsanalyse, \u00d6kobilanz und EPDs<\/strong><br \/>\nReferent: Ulrich Zink<\/li>\n<li><strong>L\u00fcftungskonzept \/ Wohnungsl\u00fcftung \u2013 DIN 1946-6<\/strong><br \/>\nReferent: Oliver Solcher<\/li>\n<li><strong>L\u00fcftungskonzept \u00f6kologisch und nachhaltig in der Praxis<\/strong><br \/>\nReferent: Stephan Schreck<\/li>\n<li><strong>W\u00e4rmebr\u00fcckenvermeidung an der Fassade und<br \/>\ndem Fensteranschluss in der Sanierung<\/strong><br \/>\nReferent: Wilfried Walther<\/li>\n<li><strong>Fachgerechter Einbau von Fenstern und T\u00fcren mit besonderen Anforderungen samt Einbruch- und Schallschutz<\/strong><br \/>\nReferent: Robert Leinert<\/li>\n<li><strong>Sommerlicher W\u00e4rmeschutz auch um Bestand<\/strong><br \/>\nReferentin: Christina Meuser<\/li>\n<li><strong>Badsanierung: \u00f6kologisch nachhaltige L\u00f6sungen samt Abdichtung, Fu\u00dfboden- und Wandheizung auch im Bestand<\/strong><br \/>\nReferent: Oliver Beege<\/li>\n<li><strong>Wege und Instrumente zur \u00d6kobilanz bei Bestandsgeb\u00e4uden<\/strong><br \/>\nReferent: Ulrich Zink<\/li>\n<\/ul>\n<\/div>\n<\/div>\n<p><a href=\"https:\/\/www.bakaberlin.de\/produkt\/kurs-3-web-seminar\/\" target=\"_blank\" rel=\"noopener\">Zur Anmeldung\u00a0<\/a><\/p>\n<h2>Diese Veranstaltung ist mit 3,5 WB-Stunden durch die Ingenieurkammer Th\u00fcringen anerkannt.<\/h2>\n","protected":false},"excerpt":{"rendered":"<p>Die Module\u00a0#Geb\u00e4udeh\u00fclle &amp; #Geb\u00e4udetechnik #\u00d6kologie &amp; Umwelt Wie m\u00fcssen die Komponenten zu den Themen &gt;Luft und Licht&lt; von R\u00e4umen optimiert geplant und realisiert werden? Klimaschutzziele, Nachhaltigkeit m\u00fcssen dabei im Fokus&hellip;<\/p>\n","protected":false},"author":7,"featured_media":0,"comment_status":"open","ping_status":"closed","template":"","meta":{"_acf_changed":false,"footnotes":""},"tags":[],"tribe_events_cat":[305,41],"class_list":["post-7392","tribe_events","type-tribe_events","status-publish","hentry","tribe_events_cat-bauwesen","tribe_events_cat-webinar","cat_bauwesen","cat_webinar","description-off"],"acf":[],"yoast_head":"<!-- This site is optimized with the Yoast SEO plugin v26.4 - https:\/\/yoast.com\/wordpress\/plugins\/seo\/ -->\n<title>Luft &amp; Licht \u2013 Fenster und Fassade - Ingenieurkammer Th\u00fcringen<\/title>\n<meta name=\"robots\" content=\"index, follow, max-snippet:-1, max-image-preview:large, max-video-preview:-1\" \/>\n<link rel=\"canonical\" href=\"https:\/\/ikth.de\/startseite\/event\/luft-licht-fenster-und-fassade\/\" \/>\n<meta property=\"og:locale\" content=\"de_DE\" \/>\n<meta property=\"og:type\" content=\"article\" \/>\n<meta property=\"og:title\" content=\"Luft &amp; Licht \u2013 Fenster und Fassade - Ingenieurkammer Th\u00fcringen\" \/>\n<meta property=\"og:description\" content=\"Die Module\u00a0#Geb\u00e4udeh\u00fclle &amp; #Geb\u00e4udetechnik #\u00d6kologie &amp; Umwelt Wie m\u00fcssen die Komponenten zu den Themen &gt;Luft und Licht&lt; von R\u00e4umen optimiert geplant und realisiert werden? Klimaschutzziele, Nachhaltigkeit m\u00fcssen dabei im Fokus&hellip;\" \/>\n<meta property=\"og:url\" content=\"https:\/\/ikth.de\/startseite\/event\/luft-licht-fenster-und-fassade\/\" \/>\n<meta property=\"og:site_name\" content=\"Ingenieurkammer Th\u00fcringen\" \/>\n<meta name=\"twitter:card\" content=\"summary_large_image\" \/>\n<meta name=\"twitter:label1\" content=\"Gesch\u00e4tzte Lesezeit\" \/>\n\t<meta name=\"twitter:data1\" content=\"1\u00a0Minute\" \/>\n<script type=\"application\/ld+json\" class=\"yoast-schema-graph\">{\"@context\":\"https:\/\/schema.org\",\"@graph\":[{\"@type\":\"WebPage\",\"@id\":\"https:\/\/ikth.de\/startseite\/event\/luft-licht-fenster-und-fassade\/\",\"url\":\"https:\/\/ikth.de\/startseite\/event\/luft-licht-fenster-und-fassade\/\",\"name\":\"Luft & Licht \u2013 Fenster und Fassade - Ingenieurkammer Th\u00fcringen\",\"isPartOf\":{\"@id\":\"https:\/\/ikth.de\/startseite\/#website\"},\"datePublished\":\"2024-08-21T12:12:09+00:00\",\"breadcrumb\":{\"@id\":\"https:\/\/ikth.de\/startseite\/event\/luft-licht-fenster-und-fassade\/#breadcrumb\"},\"inLanguage\":\"de\",\"potentialAction\":[{\"@type\":\"ReadAction\",\"target\":[\"https:\/\/ikth.de\/startseite\/event\/luft-licht-fenster-und-fassade\/\"]}]},{\"@type\":\"BreadcrumbList\",\"@id\":\"https:\/\/ikth.de\/startseite\/event\/luft-licht-fenster-und-fassade\/#breadcrumb\",\"itemListElement\":[{\"@type\":\"ListItem\",\"position\":1,\"name\":\"Startseite\",\"item\":\"https:\/\/ikth.de\/startseite\/\"},{\"@type\":\"ListItem\",\"position\":2,\"name\":\"Veranstaltungen\",\"item\":\"https:\/\/ikth.de\/startseite\/veranstaltungen\/\"},{\"@type\":\"ListItem\",\"position\":3,\"name\":\"Luft &#038; Licht \u2013 Fenster und Fassade\"}]},{\"@type\":\"WebSite\",\"@id\":\"https:\/\/ikth.de\/startseite\/#website\",\"url\":\"https:\/\/ikth.de\/startseite\/\",\"name\":\"Ingenieurkammer Th\u00fcringen\",\"description\":\"\",\"potentialAction\":[{\"@type\":\"SearchAction\",\"target\":{\"@type\":\"EntryPoint\",\"urlTemplate\":\"https:\/\/ikth.de\/startseite\/?s={search_term_string}\"},\"query-input\":{\"@type\":\"PropertyValueSpecification\",\"valueRequired\":true,\"valueName\":\"search_term_string\"}}],\"inLanguage\":\"de\"}]}<\/script>\n<!-- \/ Yoast SEO plugin. -->","yoast_head_json":{"title":"Luft & Licht \u2013 Fenster und Fassade - Ingenieurkammer Th\u00fcringen","robots":{"index":"index","follow":"follow","max-snippet":"max-snippet:-1","max-image-preview":"max-image-preview:large","max-video-preview":"max-video-preview:-1"},"canonical":"https:\/\/ikth.de\/startseite\/event\/luft-licht-fenster-und-fassade\/","og_locale":"de_DE","og_type":"article","og_title":"Luft & Licht \u2013 Fenster und Fassade - Ingenieurkammer Th\u00fcringen","og_description":"Die Module\u00a0#Geb\u00e4udeh\u00fclle &amp; #Geb\u00e4udetechnik #\u00d6kologie &amp; Umwelt Wie m\u00fcssen die Komponenten zu den Themen &gt;Luft und Licht&lt; von R\u00e4umen optimiert geplant und realisiert werden? Klimaschutzziele, Nachhaltigkeit m\u00fcssen dabei im Fokus&hellip;","og_url":"https:\/\/ikth.de\/startseite\/event\/luft-licht-fenster-und-fassade\/","og_site_name":"Ingenieurkammer Th\u00fcringen","twitter_card":"summary_large_image","twitter_misc":{"Gesch\u00e4tzte Lesezeit":"1\u00a0Minute"},"schema":{"@context":"https:\/\/schema.org","@graph":[{"@type":"WebPage","@id":"https:\/\/ikth.de\/startseite\/event\/luft-licht-fenster-und-fassade\/","url":"https:\/\/ikth.de\/startseite\/event\/luft-licht-fenster-und-fassade\/","name":"Luft & Licht \u2013 Fenster und Fassade - Ingenieurkammer Th\u00fcringen","isPartOf":{"@id":"https:\/\/ikth.de\/startseite\/#website"},"datePublished":"2024-08-21T12:12:09+00:00","breadcrumb":{"@id":"https:\/\/ikth.de\/startseite\/event\/luft-licht-fenster-und-fassade\/#breadcrumb"},"inLanguage":"de","potentialAction":[{"@type":"ReadAction","target":["https:\/\/ikth.de\/startseite\/event\/luft-licht-fenster-und-fassade\/"]}]},{"@type":"BreadcrumbList","@id":"https:\/\/ikth.de\/startseite\/event\/luft-licht-fenster-und-fassade\/#breadcrumb","itemListElement":[{"@type":"ListItem","position":1,"name":"Startseite","item":"https:\/\/ikth.de\/startseite\/"},{"@type":"ListItem","position":2,"name":"Veranstaltungen","item":"https:\/\/ikth.de\/startseite\/veranstaltungen\/"},{"@type":"ListItem","position":3,"name":"Luft &#038; Licht \u2013 Fenster und Fassade"}]},{"@type":"WebSite","@id":"https:\/\/ikth.de\/startseite\/#website","url":"https:\/\/ikth.de\/startseite\/","name":"Ingenieurkammer Th\u00fcringen","description":"","potentialAction":[{"@type":"SearchAction","target":{"@type":"EntryPoint","urlTemplate":"https:\/\/ikth.de\/startseite\/?s={search_term_string}"},"query-input":{"@type":"PropertyValueSpecification","valueRequired":true,"valueName":"search_term_string"}}],"inLanguage":"de"}]}},"_links":{"self":[{"href":"https:\/\/ikth.de\/startseite\/wp-json\/wp\/v2\/tribe_events\/7392","targetHints":{"allow":["GET"]}}],"collection":[{"href":"https:\/\/ikth.de\/startseite\/wp-json\/wp\/v2\/tribe_events"}],"about":[{"href":"https:\/\/ikth.de\/startseite\/wp-json\/wp\/v2\/types\/tribe_events"}],"author":[{"embeddable":true,"href":"https:\/\/ikth.de\/startseite\/wp-json\/wp\/v2\/users\/7"}],"replies":[{"embeddable":true,"href":"https:\/\/ikth.de\/startseite\/wp-json\/wp\/v2\/comments?post=7392"}],"version-history":[{"count":1,"href":"https:\/\/ikth.de\/startseite\/wp-json\/wp\/v2\/tribe_events\/7392\/revisions"}],"predecessor-version":[{"id":7394,"href":"https:\/\/ikth.de\/startseite\/wp-json\/wp\/v2\/tribe_events\/7392\/revisions\/7394"}],"wp:attachment":[{"href":"https:\/\/ikth.de\/startseite\/wp-json\/wp\/v2\/media?parent=7392"}],"wp:term":[{"taxonomy":"post_tag","embeddable":true,"href":"https:\/\/ikth.de\/startseite\/wp-json\/wp\/v2\/tags?post=7392"},{"taxonomy":"tribe_events_cat","embeddable":true,"href":"https:\/\/ikth.de\/startseite\/wp-json\/wp\/v2\/tribe_events_cat?post=7392"}],"curies":[{"name":"wp","href":"https:\/\/api.w.org\/{rel}","templated":true}]}}