{"id":6672,"date":"2024-04-24T13:51:00","date_gmt":"2024-04-24T11:51:00","guid":{"rendered":"https:\/\/ikth.de\/startseite\/?post_type=tribe_events&#038;p=6672"},"modified":"2024-04-24T14:15:38","modified_gmt":"2024-04-24T12:15:38","slug":"unterschaetzte-potenziale-waermedaemmung-im-innenbereich","status":"publish","type":"tribe_events","link":"https:\/\/ikth.de\/startseite\/event\/unterschaetzte-potenziale-waermedaemmung-im-innenbereich\/","title":{"rendered":"Untersch\u00e4tzte Potenziale: W\u00e4rmed\u00e4mmung im Innenbereich"},"content":{"rendered":"<p><strong>Inhalte: <\/strong><\/p>\n<p>Bei den Bem\u00fchungen um eine verbesserte Energieeffizienz von Bestandsgeb\u00e4uden kommt das Thema Innenw\u00e4rmed\u00e4mmung h\u00e4ufig zu kurz. Zu Unrecht, meint der Referent der n\u00e4chsten Folge von Wienerberger Wissen, Prof. Dipl.-Ing. Wolfgang Sorge. Erfahren Sie zum April-Termin unserer Webinar-Reihe, weshalb W\u00e4rmed\u00e4mmung auch bei Einsatz regenerativer Energien wichtig bleibt, wie einzelne D\u00e4mmmethoden in physikalischer Hinsicht zu betrachten sind und welchen Einfluss sie zudem auf Schalleigenschaften haben.<\/p>\n<p>&nbsp;<\/p>\n<p><strong>Programm: <\/strong><\/p>\n<p>Stuckfassaden und historische Sichtmauerwerke m\u00f6gen wunderbare Zeugen der Architekturgeschichte sein, doch: Was mit Blick auf beschlossene Klimaziele ebenso z\u00e4hlt, sind die inneren Werte \u2013 und diese sind h\u00e4ufig von nachverbesserungsw\u00fcrdigem Bestand. Wird drinnen geheizt, sollte fortan auch aus altem Gem\u00e4uer m\u00f6glichst wenig W\u00e4rme entweichen. Ein Widerspruch? Ganz und gar nicht. Wie l\u00e4sst sich umgehen mit Geb\u00e4uden, deren W\u00e4rmeverlustwerte zu hoch sind, wenn aber die Fassade \u2013 allein schon aus Bestands- oder Denkmalschutzgr\u00fcnden \u2013 nicht angetastet werden kann, sprich durch Au\u00dfend\u00e4mmung ver\u00e4ndert oder beeintr\u00e4chtigt werden darf? Genau hierf\u00fcr ist die Innend\u00e4mmung die richtige Option.<\/p>\n<p>&nbsp;<\/p>\n<p><strong>Die Veranstaltung ist durch die IKTh mit 2 WB-Stunden anerkannt.<\/strong><\/p>\n<p>&nbsp;<\/p>\n<p><a href=\"https:\/\/www.hej.build\/academy\/trainings\" target=\"_blank\" rel=\"noopener\"><strong>Weitere Informationen<\/strong><\/a><\/p>\n","protected":false},"excerpt":{"rendered":"<p>Inhalte: Bei den Bem\u00fchungen um eine verbesserte Energieeffizienz von Bestandsgeb\u00e4uden kommt das Thema Innenw\u00e4rmed\u00e4mmung h\u00e4ufig zu kurz. Zu Unrecht, meint der Referent der n\u00e4chsten Folge von Wienerberger Wissen, Prof. Dipl.-Ing.&hellip;<\/p>\n","protected":false},"author":7,"featured_media":0,"comment_status":"open","ping_status":"closed","template":"","meta":{"_acf_changed":false,"footnotes":""},"tags":[],"tribe_events_cat":[308,57],"class_list":["post-6672","tribe_events","type-tribe_events","status-publish","hentry","tribe_events_cat-klima","tribe_events_cat-seminar","cat_klima","cat_seminar","description-off"],"acf":[],"yoast_head":"<!-- This site is optimized with the Yoast SEO plugin v26.4 - https:\/\/yoast.com\/wordpress\/plugins\/seo\/ -->\n<title>Untersch\u00e4tzte Potenziale: W\u00e4rmed\u00e4mmung im Innenbereich - Ingenieurkammer Th\u00fcringen<\/title>\n<meta name=\"robots\" content=\"index, follow, max-snippet:-1, max-image-preview:large, max-video-preview:-1\" \/>\n<link rel=\"canonical\" href=\"https:\/\/ikth.de\/startseite\/event\/unterschaetzte-potenziale-waermedaemmung-im-innenbereich\/\" \/>\n<meta property=\"og:locale\" content=\"de_DE\" \/>\n<meta property=\"og:type\" content=\"article\" \/>\n<meta property=\"og:title\" content=\"Untersch\u00e4tzte Potenziale: W\u00e4rmed\u00e4mmung im Innenbereich - Ingenieurkammer Th\u00fcringen\" \/>\n<meta property=\"og:description\" content=\"Inhalte: Bei den Bem\u00fchungen um eine verbesserte Energieeffizienz von Bestandsgeb\u00e4uden kommt das Thema Innenw\u00e4rmed\u00e4mmung h\u00e4ufig zu kurz. Zu Unrecht, meint der Referent der n\u00e4chsten Folge von Wienerberger Wissen, Prof. Dipl.-Ing.&hellip;\" \/>\n<meta property=\"og:url\" content=\"https:\/\/ikth.de\/startseite\/event\/unterschaetzte-potenziale-waermedaemmung-im-innenbereich\/\" \/>\n<meta property=\"og:site_name\" content=\"Ingenieurkammer Th\u00fcringen\" \/>\n<meta property=\"article:modified_time\" content=\"2024-04-24T12:15:38+00:00\" \/>\n<meta name=\"twitter:card\" content=\"summary_large_image\" \/>\n<meta name=\"twitter:label1\" content=\"Gesch\u00e4tzte Lesezeit\" \/>\n\t<meta name=\"twitter:data1\" content=\"1\u00a0Minute\" \/>\n<script type=\"application\/ld+json\" class=\"yoast-schema-graph\">{\"@context\":\"https:\/\/schema.org\",\"@graph\":[{\"@type\":\"WebPage\",\"@id\":\"https:\/\/ikth.de\/startseite\/event\/unterschaetzte-potenziale-waermedaemmung-im-innenbereich\/\",\"url\":\"https:\/\/ikth.de\/startseite\/event\/unterschaetzte-potenziale-waermedaemmung-im-innenbereich\/\",\"name\":\"Untersch\u00e4tzte Potenziale: W\u00e4rmed\u00e4mmung im Innenbereich - Ingenieurkammer Th\u00fcringen\",\"isPartOf\":{\"@id\":\"https:\/\/ikth.de\/startseite\/#website\"},\"datePublished\":\"2024-04-24T11:51:00+00:00\",\"dateModified\":\"2024-04-24T12:15:38+00:00\",\"breadcrumb\":{\"@id\":\"https:\/\/ikth.de\/startseite\/event\/unterschaetzte-potenziale-waermedaemmung-im-innenbereich\/#breadcrumb\"},\"inLanguage\":\"de\",\"potentialAction\":[{\"@type\":\"ReadAction\",\"target\":[\"https:\/\/ikth.de\/startseite\/event\/unterschaetzte-potenziale-waermedaemmung-im-innenbereich\/\"]}]},{\"@type\":\"BreadcrumbList\",\"@id\":\"https:\/\/ikth.de\/startseite\/event\/unterschaetzte-potenziale-waermedaemmung-im-innenbereich\/#breadcrumb\",\"itemListElement\":[{\"@type\":\"ListItem\",\"position\":1,\"name\":\"Startseite\",\"item\":\"https:\/\/ikth.de\/startseite\/\"},{\"@type\":\"ListItem\",\"position\":2,\"name\":\"Veranstaltungen\",\"item\":\"https:\/\/ikth.de\/startseite\/veranstaltungen\/\"},{\"@type\":\"ListItem\",\"position\":3,\"name\":\"Untersch\u00e4tzte Potenziale: W\u00e4rmed\u00e4mmung im Innenbereich\"}]},{\"@type\":\"WebSite\",\"@id\":\"https:\/\/ikth.de\/startseite\/#website\",\"url\":\"https:\/\/ikth.de\/startseite\/\",\"name\":\"Ingenieurkammer Th\u00fcringen\",\"description\":\"\",\"potentialAction\":[{\"@type\":\"SearchAction\",\"target\":{\"@type\":\"EntryPoint\",\"urlTemplate\":\"https:\/\/ikth.de\/startseite\/?s={search_term_string}\"},\"query-input\":{\"@type\":\"PropertyValueSpecification\",\"valueRequired\":true,\"valueName\":\"search_term_string\"}}],\"inLanguage\":\"de\"}]}<\/script>\n<!-- \/ Yoast SEO plugin. -->","yoast_head_json":{"title":"Untersch\u00e4tzte Potenziale: W\u00e4rmed\u00e4mmung im Innenbereich - Ingenieurkammer Th\u00fcringen","robots":{"index":"index","follow":"follow","max-snippet":"max-snippet:-1","max-image-preview":"max-image-preview:large","max-video-preview":"max-video-preview:-1"},"canonical":"https:\/\/ikth.de\/startseite\/event\/unterschaetzte-potenziale-waermedaemmung-im-innenbereich\/","og_locale":"de_DE","og_type":"article","og_title":"Untersch\u00e4tzte Potenziale: W\u00e4rmed\u00e4mmung im Innenbereich - Ingenieurkammer Th\u00fcringen","og_description":"Inhalte: Bei den Bem\u00fchungen um eine verbesserte Energieeffizienz von Bestandsgeb\u00e4uden kommt das Thema Innenw\u00e4rmed\u00e4mmung h\u00e4ufig zu kurz. Zu Unrecht, meint der Referent der n\u00e4chsten Folge von Wienerberger Wissen, Prof. Dipl.-Ing.&hellip;","og_url":"https:\/\/ikth.de\/startseite\/event\/unterschaetzte-potenziale-waermedaemmung-im-innenbereich\/","og_site_name":"Ingenieurkammer Th\u00fcringen","article_modified_time":"2024-04-24T12:15:38+00:00","twitter_card":"summary_large_image","twitter_misc":{"Gesch\u00e4tzte Lesezeit":"1\u00a0Minute"},"schema":{"@context":"https:\/\/schema.org","@graph":[{"@type":"WebPage","@id":"https:\/\/ikth.de\/startseite\/event\/unterschaetzte-potenziale-waermedaemmung-im-innenbereich\/","url":"https:\/\/ikth.de\/startseite\/event\/unterschaetzte-potenziale-waermedaemmung-im-innenbereich\/","name":"Untersch\u00e4tzte Potenziale: W\u00e4rmed\u00e4mmung im Innenbereich - Ingenieurkammer Th\u00fcringen","isPartOf":{"@id":"https:\/\/ikth.de\/startseite\/#website"},"datePublished":"2024-04-24T11:51:00+00:00","dateModified":"2024-04-24T12:15:38+00:00","breadcrumb":{"@id":"https:\/\/ikth.de\/startseite\/event\/unterschaetzte-potenziale-waermedaemmung-im-innenbereich\/#breadcrumb"},"inLanguage":"de","potentialAction":[{"@type":"ReadAction","target":["https:\/\/ikth.de\/startseite\/event\/unterschaetzte-potenziale-waermedaemmung-im-innenbereich\/"]}]},{"@type":"BreadcrumbList","@id":"https:\/\/ikth.de\/startseite\/event\/unterschaetzte-potenziale-waermedaemmung-im-innenbereich\/#breadcrumb","itemListElement":[{"@type":"ListItem","position":1,"name":"Startseite","item":"https:\/\/ikth.de\/startseite\/"},{"@type":"ListItem","position":2,"name":"Veranstaltungen","item":"https:\/\/ikth.de\/startseite\/veranstaltungen\/"},{"@type":"ListItem","position":3,"name":"Untersch\u00e4tzte Potenziale: W\u00e4rmed\u00e4mmung im Innenbereich"}]},{"@type":"WebSite","@id":"https:\/\/ikth.de\/startseite\/#website","url":"https:\/\/ikth.de\/startseite\/","name":"Ingenieurkammer Th\u00fcringen","description":"","potentialAction":[{"@type":"SearchAction","target":{"@type":"EntryPoint","urlTemplate":"https:\/\/ikth.de\/startseite\/?s={search_term_string}"},"query-input":{"@type":"PropertyValueSpecification","valueRequired":true,"valueName":"search_term_string"}}],"inLanguage":"de"}]}},"_links":{"self":[{"href":"https:\/\/ikth.de\/startseite\/wp-json\/wp\/v2\/tribe_events\/6672","targetHints":{"allow":["GET"]}}],"collection":[{"href":"https:\/\/ikth.de\/startseite\/wp-json\/wp\/v2\/tribe_events"}],"about":[{"href":"https:\/\/ikth.de\/startseite\/wp-json\/wp\/v2\/types\/tribe_events"}],"author":[{"embeddable":true,"href":"https:\/\/ikth.de\/startseite\/wp-json\/wp\/v2\/users\/7"}],"replies":[{"embeddable":true,"href":"https:\/\/ikth.de\/startseite\/wp-json\/wp\/v2\/comments?post=6672"}],"version-history":[{"count":2,"href":"https:\/\/ikth.de\/startseite\/wp-json\/wp\/v2\/tribe_events\/6672\/revisions"}],"predecessor-version":[{"id":6674,"href":"https:\/\/ikth.de\/startseite\/wp-json\/wp\/v2\/tribe_events\/6672\/revisions\/6674"}],"wp:attachment":[{"href":"https:\/\/ikth.de\/startseite\/wp-json\/wp\/v2\/media?parent=6672"}],"wp:term":[{"taxonomy":"post_tag","embeddable":true,"href":"https:\/\/ikth.de\/startseite\/wp-json\/wp\/v2\/tags?post=6672"},{"taxonomy":"tribe_events_cat","embeddable":true,"href":"https:\/\/ikth.de\/startseite\/wp-json\/wp\/v2\/tribe_events_cat?post=6672"}],"curies":[{"name":"wp","href":"https:\/\/api.w.org\/{rel}","templated":true}]}}