{"id":6339,"date":"2024-03-07T14:01:04","date_gmt":"2024-03-07T13:01:04","guid":{"rendered":"https:\/\/ikth.de\/startseite\/?post_type=tribe_events&#038;p=6339"},"modified":"2024-03-07T14:01:04","modified_gmt":"2024-03-07T13:01:04","slug":"planer-symposium-sanierung-im-hochbau-das-dach-und-zugehoerige-bauteile","status":"publish","type":"tribe_events","link":"https:\/\/ikth.de\/startseite\/event\/planer-symposium-sanierung-im-hochbau-das-dach-und-zugehoerige-bauteile\/","title":{"rendered":"Planer Symposium \u2013 Sanierung im Hochbau: Das Dach und zugeh\u00f6rige Bauteile"},"content":{"rendered":"<div class=\"elementor-element elementor-element-d0d0d07 elementor-widget elementor-widget-heading\" data-id=\"d0d0d07\" data-element_type=\"widget\" data-widget_type=\"heading.default\">\n<div class=\"elementor-widget-container\">\n<h2 class=\"elementor-heading-title elementor-size-default\">Auf folgende Inhalte kannst Du Dich freuen:<\/h2>\n<\/div>\n<\/div>\n<div class=\"elementor-element elementor-element-44dc920d elementor-widget elementor-widget-text-editor\" data-id=\"44dc920d\" data-element_type=\"widget\" data-widget_type=\"text-editor.default\">\n<div class=\"elementor-widget-container\">\n<p>Im Lauf der Fortbildung:<\/p>\n<table class=\"fortbildungs-beschreibung-tabelle\" width=\"1011\">\n<tbody>\n<tr>\n<td><strong>Deutsche FOAMGLAS GmbH<\/strong>&nbsp;<\/p>\n<ul>\n<li>Konstruktionen im Flachdach<\/li>\n<li>Kaltdach, Warmdach, Kompaktdach<\/li>\n<li>Vorteile und Nachteile der Dachkonstruktionen<\/li>\n<li>Anforderungen der Normen<\/li>\n<li>D\u00e4mmstoffe<\/li>\n<li>Abdichtungen<\/li>\n<li>Oberfl\u00e4chen (Gr\u00fcn,Solar,Terasse)<\/li>\n<li>Das Kompaktdach Lebenszyklus<\/li>\n<li>Nachhaltigkeit im Kompaktdach<\/li>\n<li>Fazit<\/li>\n<\/ul>\n<p><strong>Urbanscape (Knauf Insulation GmbH)<br \/>\n<\/strong><\/p>\n<ul>\n<li>Vorteile von Dachbegr\u00fcnungen\n<ul>\n<li>Arten von Dachbegr\u00fcnungen und herk\u00f6mmliche Schichtaufbauten<\/li>\n<\/ul>\n<\/li>\n<li>Herausforderungen der Gr\u00fcndachplanung bei der Sanierung:\n<ul>\n<li>welche Einw\u00e4nde (Gewicht, Abdichtung nicht wurzelfest, BaustellenZufahrt, Erreichbarkeit des Daches, Dachneigung bspw. Bei Dachaufstockungen)<\/li>\n<li>L\u00f6sungsansatz: mineralwollbasierte Gr\u00fcnd\u00e4cher\n<ul>\n<li>Mineralwolle als Alternative zu Substrat<\/li>\n<li>Ihre Eigenschaften und Leistungsvergleich zum Substrat (Gewicht, Wasserspeicherkapazit\u00e4t. Logistik- und Verlegeaufwand)<\/li>\n<li>Schichtaufbau von mineralwollbasierten Gr\u00fcnd\u00e4cher und entsprechende Eigenschaften: Drainage ohne Wasserspeicher (Leichtgewicht), Drainage mit Wasserspeicher (Best performance Gewicht\/Wasserspeicherung)<\/li>\n<li>Vorteile von Vegetationsmatten<\/li>\n<li>Zubeh\u00f6r mit kurzem Einblick zur Absturzsicherung<\/li>\n<li>Vorteile von mineralwollbasierten Gr\u00fcnd\u00e4chern: Zertifikate,<\/li>\n<\/ul>\n<\/li>\n<li>Verlegeleistung, Einblick zum Regenwassermanagement Dachbegr\u00fcnung und Solar: bei Sanierungen auch m\u00f6glich\n<ul>\n<li>Vergleich konventionelle L\u00f6sung mit Auflast vs. Vertikale Solarpaneele<\/li>\n<\/ul>\n<\/li>\n<\/ul>\n<\/li>\n<\/ul>\n<\/td>\n<td><strong>VELUX Commercial Deutschland GmbH<\/strong>&nbsp;<\/p>\n<ul>\n<li>Teil1: Dachlichtkuppeln und Dachlichtb\u00e4nder\n<ul>\n<li>Baulicher Brandschutz (DIN EN 18234-3\/4)<\/li>\n<li>Regeln f\u00fcr den Einbau in Flachd\u00e4cher (u.a. Flachdachrichtlinie)<\/li>\n<li>Einbaudetails (Beispiele)<\/li>\n<\/ul>\n<\/li>\n<li>Teil2: Rauch- und W\u00e4rmeabzugsanlagen\n<ul>\n<li>CE-Zeichen<\/li>\n<li>Wie saniere ich eine RWA-Anlage?<\/li>\n<li>Bestandsschutz f\u00fcr \u00e4ltere RWA-Anlagen<\/li>\n<\/ul>\n<\/li>\n<\/ul>\n<\/td>\n<\/tr>\n<\/tbody>\n<\/table>\n<\/div>\n<\/div>\n<p>&nbsp;<\/p>\n<p>&nbsp;<\/p>\n<p>Die Veranstaltung ist durch die IKTh mit 3 WB-Stunden anerkannt.<\/p>\n<p>&nbsp;<\/p>\n<p><a href=\"https:\/\/www.wirliebenbau.de\/planer-symposium-sanierung-im-hochbau-das-dach-und-zugehoerige-bauteile\/\" target=\"_blank\" rel=\"noopener\">Weitere Informationen<\/a><\/p>\n","protected":false},"excerpt":{"rendered":"<p>Auf folgende Inhalte kannst Du Dich freuen: Im Lauf der Fortbildung: Deutsche FOAMGLAS GmbH&nbsp; Konstruktionen im Flachdach Kaltdach, Warmdach, Kompaktdach Vorteile und Nachteile der Dachkonstruktionen Anforderungen der Normen D\u00e4mmstoffe Abdichtungen&hellip;<\/p>\n","protected":false},"author":7,"featured_media":0,"comment_status":"open","ping_status":"closed","template":"","meta":{"_acf_changed":false,"footnotes":""},"tags":[],"tribe_events_cat":[305,42],"class_list":["post-6339","tribe_events","type-tribe_events","status-publish","hentry","tribe_events_cat-bauwesen","tribe_events_cat-online-veranstaltung","cat_bauwesen","cat_online-veranstaltung","description-off"],"acf":[],"yoast_head":"<!-- This site is optimized with the Yoast SEO plugin v26.4 - https:\/\/yoast.com\/wordpress\/plugins\/seo\/ -->\n<title>Planer Symposium \u2013 Sanierung im Hochbau: Das Dach und zugeh\u00f6rige Bauteile - Ingenieurkammer Th\u00fcringen<\/title>\n<meta name=\"robots\" content=\"index, follow, max-snippet:-1, max-image-preview:large, max-video-preview:-1\" \/>\n<link rel=\"canonical\" href=\"https:\/\/ikth.de\/startseite\/event\/planer-symposium-sanierung-im-hochbau-das-dach-und-zugehoerige-bauteile\/\" \/>\n<meta property=\"og:locale\" content=\"de_DE\" \/>\n<meta property=\"og:type\" content=\"article\" \/>\n<meta property=\"og:title\" content=\"Planer Symposium \u2013 Sanierung im Hochbau: Das Dach und zugeh\u00f6rige Bauteile - Ingenieurkammer Th\u00fcringen\" \/>\n<meta property=\"og:description\" content=\"Auf folgende Inhalte kannst Du Dich freuen: Im Lauf der Fortbildung: Deutsche FOAMGLAS GmbH&nbsp; Konstruktionen im Flachdach Kaltdach, Warmdach, Kompaktdach Vorteile und Nachteile der Dachkonstruktionen Anforderungen der Normen D\u00e4mmstoffe Abdichtungen&hellip;\" \/>\n<meta property=\"og:url\" content=\"https:\/\/ikth.de\/startseite\/event\/planer-symposium-sanierung-im-hochbau-das-dach-und-zugehoerige-bauteile\/\" \/>\n<meta property=\"og:site_name\" content=\"Ingenieurkammer Th\u00fcringen\" \/>\n<meta name=\"twitter:card\" content=\"summary_large_image\" \/>\n<meta name=\"twitter:label1\" content=\"Gesch\u00e4tzte Lesezeit\" \/>\n\t<meta name=\"twitter:data1\" content=\"2\u00a0Minuten\" \/>\n<script type=\"application\/ld+json\" class=\"yoast-schema-graph\">{\"@context\":\"https:\/\/schema.org\",\"@graph\":[{\"@type\":\"WebPage\",\"@id\":\"https:\/\/ikth.de\/startseite\/event\/planer-symposium-sanierung-im-hochbau-das-dach-und-zugehoerige-bauteile\/\",\"url\":\"https:\/\/ikth.de\/startseite\/event\/planer-symposium-sanierung-im-hochbau-das-dach-und-zugehoerige-bauteile\/\",\"name\":\"Planer Symposium \u2013 Sanierung im Hochbau: Das Dach und zugeh\u00f6rige Bauteile - Ingenieurkammer Th\u00fcringen\",\"isPartOf\":{\"@id\":\"https:\/\/ikth.de\/startseite\/#website\"},\"datePublished\":\"2024-03-07T13:01:04+00:00\",\"breadcrumb\":{\"@id\":\"https:\/\/ikth.de\/startseite\/event\/planer-symposium-sanierung-im-hochbau-das-dach-und-zugehoerige-bauteile\/#breadcrumb\"},\"inLanguage\":\"de\",\"potentialAction\":[{\"@type\":\"ReadAction\",\"target\":[\"https:\/\/ikth.de\/startseite\/event\/planer-symposium-sanierung-im-hochbau-das-dach-und-zugehoerige-bauteile\/\"]}]},{\"@type\":\"BreadcrumbList\",\"@id\":\"https:\/\/ikth.de\/startseite\/event\/planer-symposium-sanierung-im-hochbau-das-dach-und-zugehoerige-bauteile\/#breadcrumb\",\"itemListElement\":[{\"@type\":\"ListItem\",\"position\":1,\"name\":\"Startseite\",\"item\":\"https:\/\/ikth.de\/startseite\/\"},{\"@type\":\"ListItem\",\"position\":2,\"name\":\"Veranstaltungen\",\"item\":\"https:\/\/ikth.de\/startseite\/veranstaltungen\/\"},{\"@type\":\"ListItem\",\"position\":3,\"name\":\"Planer Symposium \u2013 Sanierung im Hochbau: Das Dach und zugeh\u00f6rige Bauteile\"}]},{\"@type\":\"WebSite\",\"@id\":\"https:\/\/ikth.de\/startseite\/#website\",\"url\":\"https:\/\/ikth.de\/startseite\/\",\"name\":\"Ingenieurkammer Th\u00fcringen\",\"description\":\"\",\"potentialAction\":[{\"@type\":\"SearchAction\",\"target\":{\"@type\":\"EntryPoint\",\"urlTemplate\":\"https:\/\/ikth.de\/startseite\/?s={search_term_string}\"},\"query-input\":{\"@type\":\"PropertyValueSpecification\",\"valueRequired\":true,\"valueName\":\"search_term_string\"}}],\"inLanguage\":\"de\"}]}<\/script>\n<!-- \/ Yoast SEO plugin. -->","yoast_head_json":{"title":"Planer Symposium \u2013 Sanierung im Hochbau: Das Dach und zugeh\u00f6rige Bauteile - Ingenieurkammer Th\u00fcringen","robots":{"index":"index","follow":"follow","max-snippet":"max-snippet:-1","max-image-preview":"max-image-preview:large","max-video-preview":"max-video-preview:-1"},"canonical":"https:\/\/ikth.de\/startseite\/event\/planer-symposium-sanierung-im-hochbau-das-dach-und-zugehoerige-bauteile\/","og_locale":"de_DE","og_type":"article","og_title":"Planer Symposium \u2013 Sanierung im Hochbau: Das Dach und zugeh\u00f6rige Bauteile - Ingenieurkammer Th\u00fcringen","og_description":"Auf folgende Inhalte kannst Du Dich freuen: Im Lauf der Fortbildung: Deutsche FOAMGLAS GmbH&nbsp; Konstruktionen im Flachdach Kaltdach, Warmdach, Kompaktdach Vorteile und Nachteile der Dachkonstruktionen Anforderungen der Normen D\u00e4mmstoffe Abdichtungen&hellip;","og_url":"https:\/\/ikth.de\/startseite\/event\/planer-symposium-sanierung-im-hochbau-das-dach-und-zugehoerige-bauteile\/","og_site_name":"Ingenieurkammer Th\u00fcringen","twitter_card":"summary_large_image","twitter_misc":{"Gesch\u00e4tzte Lesezeit":"2\u00a0Minuten"},"schema":{"@context":"https:\/\/schema.org","@graph":[{"@type":"WebPage","@id":"https:\/\/ikth.de\/startseite\/event\/planer-symposium-sanierung-im-hochbau-das-dach-und-zugehoerige-bauteile\/","url":"https:\/\/ikth.de\/startseite\/event\/planer-symposium-sanierung-im-hochbau-das-dach-und-zugehoerige-bauteile\/","name":"Planer Symposium \u2013 Sanierung im Hochbau: Das Dach und zugeh\u00f6rige Bauteile - Ingenieurkammer Th\u00fcringen","isPartOf":{"@id":"https:\/\/ikth.de\/startseite\/#website"},"datePublished":"2024-03-07T13:01:04+00:00","breadcrumb":{"@id":"https:\/\/ikth.de\/startseite\/event\/planer-symposium-sanierung-im-hochbau-das-dach-und-zugehoerige-bauteile\/#breadcrumb"},"inLanguage":"de","potentialAction":[{"@type":"ReadAction","target":["https:\/\/ikth.de\/startseite\/event\/planer-symposium-sanierung-im-hochbau-das-dach-und-zugehoerige-bauteile\/"]}]},{"@type":"BreadcrumbList","@id":"https:\/\/ikth.de\/startseite\/event\/planer-symposium-sanierung-im-hochbau-das-dach-und-zugehoerige-bauteile\/#breadcrumb","itemListElement":[{"@type":"ListItem","position":1,"name":"Startseite","item":"https:\/\/ikth.de\/startseite\/"},{"@type":"ListItem","position":2,"name":"Veranstaltungen","item":"https:\/\/ikth.de\/startseite\/veranstaltungen\/"},{"@type":"ListItem","position":3,"name":"Planer Symposium \u2013 Sanierung im Hochbau: Das Dach und zugeh\u00f6rige Bauteile"}]},{"@type":"WebSite","@id":"https:\/\/ikth.de\/startseite\/#website","url":"https:\/\/ikth.de\/startseite\/","name":"Ingenieurkammer Th\u00fcringen","description":"","potentialAction":[{"@type":"SearchAction","target":{"@type":"EntryPoint","urlTemplate":"https:\/\/ikth.de\/startseite\/?s={search_term_string}"},"query-input":{"@type":"PropertyValueSpecification","valueRequired":true,"valueName":"search_term_string"}}],"inLanguage":"de"}]}},"_links":{"self":[{"href":"https:\/\/ikth.de\/startseite\/wp-json\/wp\/v2\/tribe_events\/6339","targetHints":{"allow":["GET"]}}],"collection":[{"href":"https:\/\/ikth.de\/startseite\/wp-json\/wp\/v2\/tribe_events"}],"about":[{"href":"https:\/\/ikth.de\/startseite\/wp-json\/wp\/v2\/types\/tribe_events"}],"author":[{"embeddable":true,"href":"https:\/\/ikth.de\/startseite\/wp-json\/wp\/v2\/users\/7"}],"replies":[{"embeddable":true,"href":"https:\/\/ikth.de\/startseite\/wp-json\/wp\/v2\/comments?post=6339"}],"version-history":[{"count":1,"href":"https:\/\/ikth.de\/startseite\/wp-json\/wp\/v2\/tribe_events\/6339\/revisions"}],"predecessor-version":[{"id":6340,"href":"https:\/\/ikth.de\/startseite\/wp-json\/wp\/v2\/tribe_events\/6339\/revisions\/6340"}],"wp:attachment":[{"href":"https:\/\/ikth.de\/startseite\/wp-json\/wp\/v2\/media?parent=6339"}],"wp:term":[{"taxonomy":"post_tag","embeddable":true,"href":"https:\/\/ikth.de\/startseite\/wp-json\/wp\/v2\/tags?post=6339"},{"taxonomy":"tribe_events_cat","embeddable":true,"href":"https:\/\/ikth.de\/startseite\/wp-json\/wp\/v2\/tribe_events_cat?post=6339"}],"curies":[{"name":"wp","href":"https:\/\/api.w.org\/{rel}","templated":true}]}}