{"id":5997,"date":"2023-12-14T11:40:01","date_gmt":"2023-12-14T10:40:01","guid":{"rendered":"https:\/\/ikth.de\/startseite\/?post_type=tribe_events&#038;p=5997"},"modified":"2023-12-14T11:40:01","modified_gmt":"2023-12-14T10:40:01","slug":"bauen-im-bestand-waermetechnische-sanierung-von-gebaeuden","status":"publish","type":"tribe_events","link":"https:\/\/ikth.de\/startseite\/event\/bauen-im-bestand-waermetechnische-sanierung-von-gebaeuden\/","title":{"rendered":"Bauen im Bestand \u2013 w\u00e4rmetechnische Sanierung von Geb\u00e4uden"},"content":{"rendered":"<p class=\"info_header\"><strong>Zielstellung<\/strong><\/p>\n<div class=\"bodytext course-goal\">\n<p>Das Geb\u00e4udeenergiegesetz (GEG) bezieht in immer gr\u00f6\u00dferem Ma\u00dfe auch die Altbausanierung in den Anforderungskatalog mit ein. Damit wirft sie die Frage nach Sanierungsmethoden auf, die w\u00e4rmetechnisch effektiv und zugleich vertr\u00e4glich mit der vorhandenen, oft inhomogenen Bausubstanz sind.<\/p>\n<p>Bei sch\u00fctzenswerten Geb\u00e4uden sind denkmalrechtliche Anforderungen eine zus\u00e4tzliche Herausforderung. Ist die Fassade sch\u00fctzenswert, so ist eine Innend\u00e4mmung oft die einzige Alternative zur \u00fcblichen Fassadend\u00e4mmung. Auch der nachtr\u00e4gliche Ausbau von zuvor ungenutzten Bereichen (Dachb\u00f6den, Anbauten, Kellern) kann zu Konflikten zwischen historischer Substanz und heutigen technischen Regeln f\u00fchren.<\/p>\n<p>Auf Basis der aktuellen GEG- und KfW-Anforderungen analysieren Sie im Seminar die Energieeinsparpotentiale und die Wirtschaftlichkeit von Energieeinsparma\u00dfnahmen.<\/p>\n<p>An zahlreichen Beispielen aus der Praxis lernen Sie L\u00f6sungsalternativen kennen, mit denen Sie zeitgem\u00e4\u00dfen W\u00e4rme- und Feuchteschutz, eine bauphysikalisch sichere Ausf\u00fchrung und den Schutz der historischen Bausubstanz gleicherma\u00dfen erreichen.<\/p>\n<\/div>\n<p class=\"info_header\"><strong>Inhalt<\/strong><\/p>\n<div class=\"bodytext\">\n<p><strong>Anforderungen des GEG bei der Altbausanierung:<\/strong><\/p>\n<ul>\n<li>Regeln und Ausnahmen<\/li>\n<li>W\u00e4rmed\u00e4mmung: Wieviel bringt die Verbesserung der U-Werte?<\/li>\n<li>Wirtschaftlichkeit von energetischen Ma\u00dfnahmen im Bestand<\/li>\n<li>Dampfsperre \u2013 empfehlenswert oder lieber doch nicht?<\/li>\n<\/ul>\n<p><strong>Luftdichtigkeit:<\/strong><\/p>\n<ul>\n<li>Was f\u00fchrt zu feuchtesicheren Konstruktionen?<\/li>\n<\/ul>\n<p><strong>Innend\u00e4mmung:<\/strong><\/p>\n<ul>\n<li>W\u00e4rmebr\u00fccken<\/li>\n<li>Schimmel<\/li>\n<li>Tauwasser \u2013 wie ist dies vermeidbar?<\/li>\n<\/ul>\n<\/div>\n<p class=\"info_header\"><strong>Teilnehmerkreis:<\/strong><\/p>\n<div class=\"bodytext text-left\">Architekten, Planer und Ingenieure aus Architektur- und Ingenieurb\u00fcros, Bauleiter und bauleitendes Personal aus Bauunternehmen, Handwerker aus Handwerksunternehmen<\/div>\n<div><\/div>\n<div><\/div>\n<div><strong>Die Veranstaltung ist durch die IKTh mit 8 WB Stunden anerkannt.<\/strong><\/div>\n<div><\/div>\n<div><\/div>\n<div><strong><a href=\"https:\/\/bauakademie-sachsen.de\/veranstaltung\/bauen-im-bestand-waermetechnische-sanierung-von-gebaeuden-8060\">Weitere Informationen<\/a><\/strong><\/div>\n","protected":false},"excerpt":{"rendered":"<p>Zielstellung Das Geb\u00e4udeenergiegesetz (GEG) bezieht in immer gr\u00f6\u00dferem Ma\u00dfe auch die Altbausanierung in den Anforderungskatalog mit ein. Damit wirft sie die Frage nach Sanierungsmethoden auf, die w\u00e4rmetechnisch effektiv und zugleich&hellip;<\/p>\n","protected":false},"author":7,"featured_media":0,"comment_status":"open","ping_status":"closed","template":"","meta":{"_acf_changed":false,"footnotes":""},"tags":[],"tribe_events_cat":[305,57],"class_list":["post-5997","tribe_events","type-tribe_events","status-publish","hentry","tribe_events_cat-bauwesen","tribe_events_cat-seminar","cat_bauwesen","cat_seminar","description-off"],"acf":[],"yoast_head":"<!-- This site is optimized with the Yoast SEO plugin v26.4 - https:\/\/yoast.com\/wordpress\/plugins\/seo\/ -->\n<title>Bauen im Bestand \u2013 w\u00e4rmetechnische Sanierung von Geb\u00e4uden - Ingenieurkammer Th\u00fcringen<\/title>\n<meta name=\"robots\" content=\"index, follow, max-snippet:-1, max-image-preview:large, max-video-preview:-1\" \/>\n<link rel=\"canonical\" href=\"https:\/\/ikth.de\/startseite\/event\/bauen-im-bestand-waermetechnische-sanierung-von-gebaeuden\/\" \/>\n<meta property=\"og:locale\" content=\"de_DE\" \/>\n<meta property=\"og:type\" content=\"article\" \/>\n<meta property=\"og:title\" content=\"Bauen im Bestand \u2013 w\u00e4rmetechnische Sanierung von Geb\u00e4uden - Ingenieurkammer Th\u00fcringen\" \/>\n<meta property=\"og:description\" content=\"Zielstellung Das Geb\u00e4udeenergiegesetz (GEG) bezieht in immer gr\u00f6\u00dferem Ma\u00dfe auch die Altbausanierung in den Anforderungskatalog mit ein. Damit wirft sie die Frage nach Sanierungsmethoden auf, die w\u00e4rmetechnisch effektiv und zugleich&hellip;\" \/>\n<meta property=\"og:url\" content=\"https:\/\/ikth.de\/startseite\/event\/bauen-im-bestand-waermetechnische-sanierung-von-gebaeuden\/\" \/>\n<meta property=\"og:site_name\" content=\"Ingenieurkammer Th\u00fcringen\" \/>\n<meta name=\"twitter:card\" content=\"summary_large_image\" \/>\n<meta name=\"twitter:label1\" content=\"Gesch\u00e4tzte Lesezeit\" \/>\n\t<meta name=\"twitter:data1\" content=\"2\u00a0Minuten\" \/>\n<script type=\"application\/ld+json\" class=\"yoast-schema-graph\">{\"@context\":\"https:\/\/schema.org\",\"@graph\":[{\"@type\":\"WebPage\",\"@id\":\"https:\/\/ikth.de\/startseite\/event\/bauen-im-bestand-waermetechnische-sanierung-von-gebaeuden\/\",\"url\":\"https:\/\/ikth.de\/startseite\/event\/bauen-im-bestand-waermetechnische-sanierung-von-gebaeuden\/\",\"name\":\"Bauen im Bestand \u2013 w\u00e4rmetechnische Sanierung von Geb\u00e4uden - Ingenieurkammer Th\u00fcringen\",\"isPartOf\":{\"@id\":\"https:\/\/ikth.de\/startseite\/#website\"},\"datePublished\":\"2023-12-14T10:40:01+00:00\",\"breadcrumb\":{\"@id\":\"https:\/\/ikth.de\/startseite\/event\/bauen-im-bestand-waermetechnische-sanierung-von-gebaeuden\/#breadcrumb\"},\"inLanguage\":\"de\",\"potentialAction\":[{\"@type\":\"ReadAction\",\"target\":[\"https:\/\/ikth.de\/startseite\/event\/bauen-im-bestand-waermetechnische-sanierung-von-gebaeuden\/\"]}]},{\"@type\":\"BreadcrumbList\",\"@id\":\"https:\/\/ikth.de\/startseite\/event\/bauen-im-bestand-waermetechnische-sanierung-von-gebaeuden\/#breadcrumb\",\"itemListElement\":[{\"@type\":\"ListItem\",\"position\":1,\"name\":\"Startseite\",\"item\":\"https:\/\/ikth.de\/startseite\/\"},{\"@type\":\"ListItem\",\"position\":2,\"name\":\"Veranstaltungen\",\"item\":\"https:\/\/ikth.de\/startseite\/veranstaltungen\/\"},{\"@type\":\"ListItem\",\"position\":3,\"name\":\"Bauen im Bestand \u2013 w\u00e4rmetechnische Sanierung von Geb\u00e4uden\"}]},{\"@type\":\"WebSite\",\"@id\":\"https:\/\/ikth.de\/startseite\/#website\",\"url\":\"https:\/\/ikth.de\/startseite\/\",\"name\":\"Ingenieurkammer Th\u00fcringen\",\"description\":\"\",\"potentialAction\":[{\"@type\":\"SearchAction\",\"target\":{\"@type\":\"EntryPoint\",\"urlTemplate\":\"https:\/\/ikth.de\/startseite\/?s={search_term_string}\"},\"query-input\":{\"@type\":\"PropertyValueSpecification\",\"valueRequired\":true,\"valueName\":\"search_term_string\"}}],\"inLanguage\":\"de\"}]}<\/script>\n<!-- \/ Yoast SEO plugin. -->","yoast_head_json":{"title":"Bauen im Bestand \u2013 w\u00e4rmetechnische Sanierung von Geb\u00e4uden - Ingenieurkammer Th\u00fcringen","robots":{"index":"index","follow":"follow","max-snippet":"max-snippet:-1","max-image-preview":"max-image-preview:large","max-video-preview":"max-video-preview:-1"},"canonical":"https:\/\/ikth.de\/startseite\/event\/bauen-im-bestand-waermetechnische-sanierung-von-gebaeuden\/","og_locale":"de_DE","og_type":"article","og_title":"Bauen im Bestand \u2013 w\u00e4rmetechnische Sanierung von Geb\u00e4uden - Ingenieurkammer Th\u00fcringen","og_description":"Zielstellung Das Geb\u00e4udeenergiegesetz (GEG) bezieht in immer gr\u00f6\u00dferem Ma\u00dfe auch die Altbausanierung in den Anforderungskatalog mit ein. Damit wirft sie die Frage nach Sanierungsmethoden auf, die w\u00e4rmetechnisch effektiv und zugleich&hellip;","og_url":"https:\/\/ikth.de\/startseite\/event\/bauen-im-bestand-waermetechnische-sanierung-von-gebaeuden\/","og_site_name":"Ingenieurkammer Th\u00fcringen","twitter_card":"summary_large_image","twitter_misc":{"Gesch\u00e4tzte Lesezeit":"2\u00a0Minuten"},"schema":{"@context":"https:\/\/schema.org","@graph":[{"@type":"WebPage","@id":"https:\/\/ikth.de\/startseite\/event\/bauen-im-bestand-waermetechnische-sanierung-von-gebaeuden\/","url":"https:\/\/ikth.de\/startseite\/event\/bauen-im-bestand-waermetechnische-sanierung-von-gebaeuden\/","name":"Bauen im Bestand \u2013 w\u00e4rmetechnische Sanierung von Geb\u00e4uden - Ingenieurkammer Th\u00fcringen","isPartOf":{"@id":"https:\/\/ikth.de\/startseite\/#website"},"datePublished":"2023-12-14T10:40:01+00:00","breadcrumb":{"@id":"https:\/\/ikth.de\/startseite\/event\/bauen-im-bestand-waermetechnische-sanierung-von-gebaeuden\/#breadcrumb"},"inLanguage":"de","potentialAction":[{"@type":"ReadAction","target":["https:\/\/ikth.de\/startseite\/event\/bauen-im-bestand-waermetechnische-sanierung-von-gebaeuden\/"]}]},{"@type":"BreadcrumbList","@id":"https:\/\/ikth.de\/startseite\/event\/bauen-im-bestand-waermetechnische-sanierung-von-gebaeuden\/#breadcrumb","itemListElement":[{"@type":"ListItem","position":1,"name":"Startseite","item":"https:\/\/ikth.de\/startseite\/"},{"@type":"ListItem","position":2,"name":"Veranstaltungen","item":"https:\/\/ikth.de\/startseite\/veranstaltungen\/"},{"@type":"ListItem","position":3,"name":"Bauen im Bestand \u2013 w\u00e4rmetechnische Sanierung von Geb\u00e4uden"}]},{"@type":"WebSite","@id":"https:\/\/ikth.de\/startseite\/#website","url":"https:\/\/ikth.de\/startseite\/","name":"Ingenieurkammer Th\u00fcringen","description":"","potentialAction":[{"@type":"SearchAction","target":{"@type":"EntryPoint","urlTemplate":"https:\/\/ikth.de\/startseite\/?s={search_term_string}"},"query-input":{"@type":"PropertyValueSpecification","valueRequired":true,"valueName":"search_term_string"}}],"inLanguage":"de"}]}},"_links":{"self":[{"href":"https:\/\/ikth.de\/startseite\/wp-json\/wp\/v2\/tribe_events\/5997","targetHints":{"allow":["GET"]}}],"collection":[{"href":"https:\/\/ikth.de\/startseite\/wp-json\/wp\/v2\/tribe_events"}],"about":[{"href":"https:\/\/ikth.de\/startseite\/wp-json\/wp\/v2\/types\/tribe_events"}],"author":[{"embeddable":true,"href":"https:\/\/ikth.de\/startseite\/wp-json\/wp\/v2\/users\/7"}],"replies":[{"embeddable":true,"href":"https:\/\/ikth.de\/startseite\/wp-json\/wp\/v2\/comments?post=5997"}],"version-history":[{"count":1,"href":"https:\/\/ikth.de\/startseite\/wp-json\/wp\/v2\/tribe_events\/5997\/revisions"}],"predecessor-version":[{"id":6001,"href":"https:\/\/ikth.de\/startseite\/wp-json\/wp\/v2\/tribe_events\/5997\/revisions\/6001"}],"wp:attachment":[{"href":"https:\/\/ikth.de\/startseite\/wp-json\/wp\/v2\/media?parent=5997"}],"wp:term":[{"taxonomy":"post_tag","embeddable":true,"href":"https:\/\/ikth.de\/startseite\/wp-json\/wp\/v2\/tags?post=5997"},{"taxonomy":"tribe_events_cat","embeddable":true,"href":"https:\/\/ikth.de\/startseite\/wp-json\/wp\/v2\/tribe_events_cat?post=5997"}],"curies":[{"name":"wp","href":"https:\/\/api.w.org\/{rel}","templated":true}]}}