{"id":5126,"date":"2023-04-28T12:34:07","date_gmt":"2023-04-28T10:34:07","guid":{"rendered":"https:\/\/ikth.de\/startseite\/?post_type=tribe_events&#038;p=5126"},"modified":"2023-04-28T12:34:07","modified_gmt":"2023-04-28T10:34:07","slug":"modularer-wohnungsbau-fuer-kommunale-wohnungsbaugesellschaften","status":"publish","type":"tribe_events","link":"https:\/\/ikth.de\/startseite\/event\/modularer-wohnungsbau-fuer-kommunale-wohnungsbaugesellschaften\/","title":{"rendered":"Modularer Wohnungsbau f\u00fcr kommunale Wohnungsbaugesellschaften"},"content":{"rendered":"<table width=\"650\">\n<tbody>\n<tr>\n<td width=\"650\">\n<table width=\"0\">\n<tbody>\n<tr>\n<td>\n<table width=\"100%\">\n<tbody>\n<tr>\n<td>&nbsp;<\/td>\n<\/tr>\n<\/tbody>\n<\/table>\n<\/td>\n<\/tr>\n<\/tbody>\n<\/table>\n<p>&nbsp;<\/p>\n<table width=\"100%\">\n<tbody>\n<tr>\n<td>\n<table width=\"100%\">\n<tbody>\n<tr>\n<td><\/td>\n<\/tr>\n<\/tbody>\n<\/table>\n<\/td>\n<\/tr>\n<tr>\n<td>\n<table width=\"100%\">\n<tbody>\n<tr>\n<td colspan=\"2\">&nbsp;<\/td>\n<\/tr>\n<tr>\n<td width=\"140\">\n<table width=\"100%\">\n<tbody>\n<tr>\n<td>\n<table width=\"100%\">\n<tbody>\n<tr>\n<td>\n<h5>In Partnerschaft mit:<\/h5>\n<\/td>\n<\/tr>\n<\/tbody>\n<\/table>\n<\/td>\n<\/tr>\n<\/tbody>\n<\/table>\n<\/td>\n<td width=\"510\">\n<table width=\"100%\">\n<tbody>\n<tr>\n<td>\n<table width=\"100%\">\n<tbody>\n<tr>\n<td>\n<table width=\"100%\">\n<tbody>\n<tr>\n<td>\n<h2>Einladung zum Online-Seminar \u201eModularer Wohnungsbau f\u00fcr kommunale Wohnungsbaugesellschaften\u201c am 17.05.23<\/h2>\n<p>&nbsp;<\/p>\n<p>Sehr geehrte Damen und Herren,<\/p>\n<p>am <strong>17.05.23<\/strong> f\u00fchrt die Fachagentur Nachwachsende Rohstoffe e. V. (FNR) von <strong>9:30 bis 12:15 Uhr<\/strong> ihre Veranstaltungsreihe \u201eAuf Zukunftskurs: \u00d6ffentliches Bauen mit Holz\u201c mit dem <strong>Seminar \u201eModularer Wohnungsbau f\u00fcr kommunale Wohnungsbaugesellschaften\u201c<\/strong> fort.<\/p>\n<p>Auf dieser vom Deutschen St\u00e4dte- und Gemeindebund, dem Deutschen St\u00e4dtetag und dem Deutschen Landkreistag unterst\u00fctzten Veranstaltung diskutieren wir mit Ihnen, wie das weitgehend klimaneutrale Errichten \u00f6ffentlicher Geb\u00e4ude mittels Holzbau gelingen kann.<\/p>\n<p>Mit dem Projekt P18 &#8211; Plus-Energie-Quartier aus Holzmodulen in Stuttgart wird ein spannendes Beispiel der Holz-Modul-Fertigbauweise f\u00fcr einen \u00f6ffentlichen Auftraggeber vorgestellt. Die Stuttgarter Wohnungs- und St\u00e4dtebaugesellschaft SWSG hatte die AH Aktivhaus GmbH \/ Werner Sobek 2020 mit der Entwicklung des nachhaltigen, energieautarken Stadtquartiers P18 auf dem Gel\u00e4nde des Klinikums Stuttgart-Bad Cannstatt beauftragt. \u201eDer Bauherr wollte mit dem Vorhaben einen Meilenstein in Sachen nachhaltiges und materialreduziertes serielles Bauen mit Holz setzen\u201c, berichtet Architekt Max Mannschreck.<\/p>\n<p>Ich lade Sie zu diesem Seminar ganz herzlich ein und freue mich darauf, Sie am 17. Mai 2023 begr\u00fc\u00dfen zu d\u00fcrfen! Alle Informationen zum Programm und die Anmelde-M\u00f6glichkeit finden Sie unter <a href=\"https:\/\/secure-web.cisco.com\/1R9CD8Y9QbtYKNCShhqYX4J8gwQhoJYg6QwJ61Z74CnQgMpUsdboN6c6wry11Lcw3376zxG7gUa3B1zM4MglJc9ybisSzWPXJ7PYeunFyI76ufNLmEgVP0UHW70wJmLNiaY0jo0HidVQFN3kxQtM_TZhxpkWRQLBy1Hg2zIrJ_1WSLXHgoOCjtZtQAhJCQtVGMIXQNMtQH5mTV8EBPRSLuGJ08iml4eYznGVPSpVBZcmLY5t_yfjSuCO3mU41xbu5\/https%3A%2F%2Fveranstaltungen.fnr.de%2Fholzbau%2Fprogramm%2Fholzmodulbau\">https:\/\/veranstaltungen.fnr.de\/holzbau\/programm\/holzmodulbau<\/a>.<\/p>\n<p>Die Veranstaltungskoordination liegt in den H\u00e4nden von Kathleen Flotow (Tel.: +49 3843 6930-326, <a href=\"mailto:k.flotow@fnr.de\">k.flotow@fnr.de<\/a>), die Ihnen f\u00fcr R\u00fcckfragen gern zur Verf\u00fcgung steht.<\/p>\n<p>Mit freundlichen Gr\u00fc\u00dfen<br \/>\nin Vertretung<\/p>\n<p>Torsten Gabriel<\/td>\n<td>&nbsp;<\/td>\n<\/tr>\n<\/tbody>\n<\/table>\n<\/td>\n<\/tr>\n<\/tbody>\n<\/table>\n<\/td>\n<\/tr>\n<\/tbody>\n<\/table>\n<\/td>\n<\/tr>\n<\/tbody>\n<\/table>\n<\/td>\n<\/tr>\n<tr>\n<td>\n<table width=\"0\">\n<tbody>\n<tr>\n<td>\n<table width=\"0\">\n<tbody>\n<tr>\n<td width=\"650\">Verantwortlich f\u00fcr den Inhalt:<\/p>\n<p><strong>Fachagentur Nachwachsende Rohstoffe e. V. (FNR)<\/strong><br \/>\nOT G\u00fclzow<br \/>\nHofplatz 1<br \/>\n18276 G\u00fclzow-Pr\u00fczen<br \/>\nTelefon +49 3843 6930-0<br \/>\nFax +49 3843 6930-102<br \/>\nE-Mail: <a href=\"mailto:info@fnr.de\">info@fnr.de<\/a><br \/>\nInternet: <a href=\"http:\/\/secure-web.cisco.com\/139MakK_pTBzOrcL8P5kPH6laJm3XautOYb1yA3jm2H0SJedydj3hHEQPoAJ_3U8hQM61hyiEkm9-8edaC9_NuzBXUEeZG92skcJJ1oybEtkYwxwzup7DsrtJOUrlkb7QBaNWwzSbaK_oaNHz6iFoYfFmlSmcZux0rcY8kNVBhlOSnARap6jDj7DhB7DJ4EMDRzbT9TFrjHriqNbuyZoyAx-2RDqPGwa2NG1sc3GVpBStd-Vzxt5ZcMcxBKtIa3MO\/http%3A%2F%2Fwww.fnr.de\">www.fnr.de<\/a><\/p>\n<p>Vorsitzender des Vorstands: Bernt Farcke<br \/>\nRegistergericht: Amtsgericht Rostock, Registernummer: VR 3216<br \/>\nUmsatzsteuer-Identifikationsnummer: DE245758755<br \/>\nInhaltlich Verantwortlicher: Dr.-Ing. Andreas Sch\u00fctte<\/p>\n<p>Unter <a href=\"https:\/\/secure-web.cisco.com\/194ts62vixX7IL4bFnDBTAfvav5sVgcZOsR0gGZDJPPEBff7W1R7eHSy3_JTy4bzXCw3fcT-Pzlx6Q_kIgj90ieQRlXn0ivlQeo4kvHiKCX_M9oVNHxF0jAV-FmBpBfKi-GI3fSnD3PjL0LiZGwQBiYUd870KH6eg-tSjceKaPzKpr7HMep9G5ONNoneEhUG2zgtasBS3qkm-hpzSPqzYOzJS21JSAyNmcWT0th8WiFG7TEF4erTaZdXVQTZWep7S\/https%3A%2F%2Fwww.fnr.de%2Fservice%2Funsere-mailings%23c36757\">https:\/\/www.fnr.de\/service\/unsere-mailings<\/a> k\u00f6nnen Sie Ihre Einstellungen \u00e4ndern oder sich von unseren Mailings abmelden.<\/p>\n<p>Sollten Links aus Sicherheitsgr\u00fcnden nicht klickbar sein, kopieren Sie folgenden Link in Ihren Internetbrowser: <a href=\"https:\/\/www.fnr.de\/einladung-fnr\">https:\/\/www.fnr.de\/einladung-fnr<\/a><\/td>\n<\/tr>\n<\/tbody>\n<\/table>\n<\/td>\n<\/tr>\n<\/tbody>\n<\/table>\n<\/td>\n<\/tr>\n<\/tbody>\n<\/table>\n<\/td>\n<\/tr>\n<\/tbody>\n<\/table>\n<p>&nbsp;<\/p>\n","protected":false},"excerpt":{"rendered":"<p>&nbsp; &nbsp; &nbsp; In Partnerschaft mit: Einladung zum Online-Seminar \u201eModularer Wohnungsbau f\u00fcr kommunale Wohnungsbaugesellschaften\u201c am 17.05.23 &nbsp; Sehr geehrte Damen und Herren, am 17.05.23 f\u00fchrt die Fachagentur Nachwachsende Rohstoffe e.&hellip;<\/p>\n","protected":false},"author":7,"featured_media":0,"comment_status":"open","ping_status":"closed","template":"","meta":{"_acf_changed":false,"footnotes":""},"tags":[],"tribe_events_cat":[298],"class_list":["post-5126","tribe_events","type-tribe_events","status-publish","hentry","tribe_events_cat-holzbau","cat_holzbau","description-off"],"acf":[],"yoast_head":"<!-- This site is optimized with the Yoast SEO plugin v26.4 - https:\/\/yoast.com\/wordpress\/plugins\/seo\/ -->\n<title>Modularer Wohnungsbau f\u00fcr kommunale Wohnungsbaugesellschaften - Ingenieurkammer Th\u00fcringen<\/title>\n<meta name=\"robots\" content=\"index, follow, max-snippet:-1, max-image-preview:large, max-video-preview:-1\" \/>\n<link rel=\"canonical\" href=\"https:\/\/ikth.de\/startseite\/event\/modularer-wohnungsbau-fuer-kommunale-wohnungsbaugesellschaften\/\" \/>\n<meta property=\"og:locale\" content=\"de_DE\" \/>\n<meta property=\"og:type\" content=\"article\" \/>\n<meta property=\"og:title\" content=\"Modularer Wohnungsbau f\u00fcr kommunale Wohnungsbaugesellschaften - Ingenieurkammer Th\u00fcringen\" \/>\n<meta property=\"og:description\" content=\"&nbsp; &nbsp; &nbsp; In Partnerschaft mit: Einladung zum Online-Seminar \u201eModularer Wohnungsbau f\u00fcr kommunale Wohnungsbaugesellschaften\u201c am 17.05.23 &nbsp; Sehr geehrte Damen und Herren, am 17.05.23 f\u00fchrt die Fachagentur Nachwachsende Rohstoffe e.&hellip;\" \/>\n<meta property=\"og:url\" content=\"https:\/\/ikth.de\/startseite\/event\/modularer-wohnungsbau-fuer-kommunale-wohnungsbaugesellschaften\/\" \/>\n<meta property=\"og:site_name\" content=\"Ingenieurkammer Th\u00fcringen\" \/>\n<meta name=\"twitter:card\" content=\"summary_large_image\" \/>\n<meta name=\"twitter:label1\" content=\"Gesch\u00e4tzte Lesezeit\" \/>\n\t<meta name=\"twitter:data1\" content=\"2\u00a0Minuten\" \/>\n<script type=\"application\/ld+json\" class=\"yoast-schema-graph\">{\"@context\":\"https:\/\/schema.org\",\"@graph\":[{\"@type\":\"WebPage\",\"@id\":\"https:\/\/ikth.de\/startseite\/event\/modularer-wohnungsbau-fuer-kommunale-wohnungsbaugesellschaften\/\",\"url\":\"https:\/\/ikth.de\/startseite\/event\/modularer-wohnungsbau-fuer-kommunale-wohnungsbaugesellschaften\/\",\"name\":\"Modularer Wohnungsbau f\u00fcr kommunale Wohnungsbaugesellschaften - Ingenieurkammer Th\u00fcringen\",\"isPartOf\":{\"@id\":\"https:\/\/ikth.de\/startseite\/#website\"},\"datePublished\":\"2023-04-28T10:34:07+00:00\",\"breadcrumb\":{\"@id\":\"https:\/\/ikth.de\/startseite\/event\/modularer-wohnungsbau-fuer-kommunale-wohnungsbaugesellschaften\/#breadcrumb\"},\"inLanguage\":\"de\",\"potentialAction\":[{\"@type\":\"ReadAction\",\"target\":[\"https:\/\/ikth.de\/startseite\/event\/modularer-wohnungsbau-fuer-kommunale-wohnungsbaugesellschaften\/\"]}]},{\"@type\":\"BreadcrumbList\",\"@id\":\"https:\/\/ikth.de\/startseite\/event\/modularer-wohnungsbau-fuer-kommunale-wohnungsbaugesellschaften\/#breadcrumb\",\"itemListElement\":[{\"@type\":\"ListItem\",\"position\":1,\"name\":\"Startseite\",\"item\":\"https:\/\/ikth.de\/startseite\/\"},{\"@type\":\"ListItem\",\"position\":2,\"name\":\"Veranstaltungen\",\"item\":\"https:\/\/ikth.de\/startseite\/veranstaltungen\/\"},{\"@type\":\"ListItem\",\"position\":3,\"name\":\"Modularer Wohnungsbau f\u00fcr kommunale Wohnungsbaugesellschaften\"}]},{\"@type\":\"WebSite\",\"@id\":\"https:\/\/ikth.de\/startseite\/#website\",\"url\":\"https:\/\/ikth.de\/startseite\/\",\"name\":\"Ingenieurkammer Th\u00fcringen\",\"description\":\"\",\"potentialAction\":[{\"@type\":\"SearchAction\",\"target\":{\"@type\":\"EntryPoint\",\"urlTemplate\":\"https:\/\/ikth.de\/startseite\/?s={search_term_string}\"},\"query-input\":{\"@type\":\"PropertyValueSpecification\",\"valueRequired\":true,\"valueName\":\"search_term_string\"}}],\"inLanguage\":\"de\"}]}<\/script>\n<!-- \/ Yoast SEO plugin. -->","yoast_head_json":{"title":"Modularer Wohnungsbau f\u00fcr kommunale Wohnungsbaugesellschaften - Ingenieurkammer Th\u00fcringen","robots":{"index":"index","follow":"follow","max-snippet":"max-snippet:-1","max-image-preview":"max-image-preview:large","max-video-preview":"max-video-preview:-1"},"canonical":"https:\/\/ikth.de\/startseite\/event\/modularer-wohnungsbau-fuer-kommunale-wohnungsbaugesellschaften\/","og_locale":"de_DE","og_type":"article","og_title":"Modularer Wohnungsbau f\u00fcr kommunale Wohnungsbaugesellschaften - Ingenieurkammer Th\u00fcringen","og_description":"&nbsp; &nbsp; &nbsp; In Partnerschaft mit: Einladung zum Online-Seminar \u201eModularer Wohnungsbau f\u00fcr kommunale Wohnungsbaugesellschaften\u201c am 17.05.23 &nbsp; Sehr geehrte Damen und Herren, am 17.05.23 f\u00fchrt die Fachagentur Nachwachsende Rohstoffe e.&hellip;","og_url":"https:\/\/ikth.de\/startseite\/event\/modularer-wohnungsbau-fuer-kommunale-wohnungsbaugesellschaften\/","og_site_name":"Ingenieurkammer Th\u00fcringen","twitter_card":"summary_large_image","twitter_misc":{"Gesch\u00e4tzte Lesezeit":"2\u00a0Minuten"},"schema":{"@context":"https:\/\/schema.org","@graph":[{"@type":"WebPage","@id":"https:\/\/ikth.de\/startseite\/event\/modularer-wohnungsbau-fuer-kommunale-wohnungsbaugesellschaften\/","url":"https:\/\/ikth.de\/startseite\/event\/modularer-wohnungsbau-fuer-kommunale-wohnungsbaugesellschaften\/","name":"Modularer Wohnungsbau f\u00fcr kommunale Wohnungsbaugesellschaften - Ingenieurkammer Th\u00fcringen","isPartOf":{"@id":"https:\/\/ikth.de\/startseite\/#website"},"datePublished":"2023-04-28T10:34:07+00:00","breadcrumb":{"@id":"https:\/\/ikth.de\/startseite\/event\/modularer-wohnungsbau-fuer-kommunale-wohnungsbaugesellschaften\/#breadcrumb"},"inLanguage":"de","potentialAction":[{"@type":"ReadAction","target":["https:\/\/ikth.de\/startseite\/event\/modularer-wohnungsbau-fuer-kommunale-wohnungsbaugesellschaften\/"]}]},{"@type":"BreadcrumbList","@id":"https:\/\/ikth.de\/startseite\/event\/modularer-wohnungsbau-fuer-kommunale-wohnungsbaugesellschaften\/#breadcrumb","itemListElement":[{"@type":"ListItem","position":1,"name":"Startseite","item":"https:\/\/ikth.de\/startseite\/"},{"@type":"ListItem","position":2,"name":"Veranstaltungen","item":"https:\/\/ikth.de\/startseite\/veranstaltungen\/"},{"@type":"ListItem","position":3,"name":"Modularer Wohnungsbau f\u00fcr kommunale Wohnungsbaugesellschaften"}]},{"@type":"WebSite","@id":"https:\/\/ikth.de\/startseite\/#website","url":"https:\/\/ikth.de\/startseite\/","name":"Ingenieurkammer Th\u00fcringen","description":"","potentialAction":[{"@type":"SearchAction","target":{"@type":"EntryPoint","urlTemplate":"https:\/\/ikth.de\/startseite\/?s={search_term_string}"},"query-input":{"@type":"PropertyValueSpecification","valueRequired":true,"valueName":"search_term_string"}}],"inLanguage":"de"}]}},"_links":{"self":[{"href":"https:\/\/ikth.de\/startseite\/wp-json\/wp\/v2\/tribe_events\/5126","targetHints":{"allow":["GET"]}}],"collection":[{"href":"https:\/\/ikth.de\/startseite\/wp-json\/wp\/v2\/tribe_events"}],"about":[{"href":"https:\/\/ikth.de\/startseite\/wp-json\/wp\/v2\/types\/tribe_events"}],"author":[{"embeddable":true,"href":"https:\/\/ikth.de\/startseite\/wp-json\/wp\/v2\/users\/7"}],"replies":[{"embeddable":true,"href":"https:\/\/ikth.de\/startseite\/wp-json\/wp\/v2\/comments?post=5126"}],"version-history":[{"count":1,"href":"https:\/\/ikth.de\/startseite\/wp-json\/wp\/v2\/tribe_events\/5126\/revisions"}],"predecessor-version":[{"id":5127,"href":"https:\/\/ikth.de\/startseite\/wp-json\/wp\/v2\/tribe_events\/5126\/revisions\/5127"}],"wp:attachment":[{"href":"https:\/\/ikth.de\/startseite\/wp-json\/wp\/v2\/media?parent=5126"}],"wp:term":[{"taxonomy":"post_tag","embeddable":true,"href":"https:\/\/ikth.de\/startseite\/wp-json\/wp\/v2\/tags?post=5126"},{"taxonomy":"tribe_events_cat","embeddable":true,"href":"https:\/\/ikth.de\/startseite\/wp-json\/wp\/v2\/tribe_events_cat?post=5126"}],"curies":[{"name":"wp","href":"https:\/\/api.w.org\/{rel}","templated":true}]}}