{"id":4751,"date":"2023-02-21T14:41:36","date_gmt":"2023-02-21T13:41:36","guid":{"rendered":"https:\/\/ikth.de\/startseite\/?post_type=tribe_events&#038;p=4751"},"modified":"2023-02-21T14:41:36","modified_gmt":"2023-02-21T13:41:36","slug":"planer-symposium-urbane-lebensraeume-gestalten-wie-flachdaecher-die-staedtische-landschaft-praegen","status":"publish","type":"tribe_events","link":"https:\/\/ikth.de\/startseite\/event\/planer-symposium-urbane-lebensraeume-gestalten-wie-flachdaecher-die-staedtische-landschaft-praegen\/2023-05-03\/","title":{"rendered":"Planer Symposium \u2013 Urbane Lebensr\u00e4ume gestalten \u2013 Wie Flachd\u00e4cher die st\u00e4dtische Landschaft pr\u00e4gen"},"content":{"rendered":"<h3 class=\"product_title entry-title\">Die Veranstaltung ist mit 4 Weiterbildungsstunden anerkannt.<\/h3>\n<p>Zusammen mit unseren Partnern ACO, Fleck, ILD und VELUX bieten wir diese online Weiterbildung explizit f\u00fcr Architekten und Ingenieure an. Die Veranstaltung befindet sich deutschlandweit bei den Architekten- und Ingenieurskammern in Akkreditierung. Im ersten Abschnitt geht es zusammen mit <a href=\"https:\/\/www.wirliebenbau.de\/industriepartner\/aco-passavant-gmbh\/\" target=\"_blank\" rel=\"noopener\">ACO<\/a> um die normgerechte Auslegung einer Flachdachentw\u00e4sserung. Wir werden die Grundlagen der Planung besprechen und er\u00f6rtern, welche Normen, Regelwerke und technischen Grundlagen bei der Planung eine Rolle spielen. Au\u00dferdem werden wir die Berechnung der Regenwassermenge als wichtigstes Element und die Festlegung des Entw\u00e4sserungssystems, wie Freispiegel- und Unterdruckentw\u00e4sserung, sowie die Berechnung der Notentw\u00e4sserung und die verschiedenen Arten der Entw\u00e4sserung thematisieren.<\/p>\n<p>Zusammen mit <a href=\"https:\/\/www.wirliebenbau.de\/industriepartner\/fleck-gmbh\/\" target=\"_blank\" rel=\"noopener\">Fleck<\/a> sprechen wir \u00fcber die Besonderheiten eines Kaltdachs und die Bedeutung der Geb\u00e4udesanierung f\u00fcr das Kaltdach. Wir werden auch \u00fcber die Schadensminimierung bei nachtr\u00e4glichen Durchdringungen sowie nachtr\u00e4glichen Ma\u00dfnahmen wie die R\u00fccktrocknung sprechen. Dar\u00fcber hinaus werden wir den konstruktiven Unterschied zwischen Warmd\u00e4chern und Kaltd\u00e4chern erl\u00e4utern und die Planung von Warmd\u00e4chern vom Deckendurchbruch bis zur Abdichtung besprechen. Wir werden auch M\u00f6glichkeiten zur Vermeidung von Kondensat bei Warmd\u00e4chern sowie die Anforderungen an die Durchf\u00fchrung von Energied\u00e4chern und L\u00f6sungsans\u00e4tze diskutieren.<\/p>\n<p>Anschlie\u00dfend geht es zusammen mit <a href=\"https:\/\/www.wirliebenbau.de\/industriepartner\/ild-deutschland-gmbh\/\" target=\"_blank\" rel=\"noopener\">ILD<\/a> um die Dichtheits\u00fcberwachung im Gr\u00fcndach und die Notwendigkeit, Planung und Wirtschaftlichkeit. Wir werden auch die 4 Tendenzen im Flachdachbau, n\u00e4mlich Gr\u00fcnd\u00e4cher, Retentionsd\u00e4cher, Photovoltaik und technische Aufbauten, und deren Bedeutung f\u00fcr die Flachdachabdichtung besprechen. Dar\u00fcber hinaus werden wir die Dichtheitspr\u00fcfung zur Bauabnahme und die M\u00f6glichkeiten der dauerhaften Sensor\u00fcberwachung, wie die Auswahl an Systemen und technischen Funktionen, er\u00f6rtern.<\/p>\n<p>Zuletzt werden wir zusammen mit <a href=\"https:\/\/www.wirliebenbau.de\/industriepartner\/velux-deutschland-gmbh\/\" target=\"_blank\" rel=\"noopener\">VELUX<\/a> \u00fcber ihre Lichtl\u00f6sungen im Flachdach f\u00fcr alle Geb\u00e4udetypen sprechen. Wir werden auch die Grundlagen und Empfehlungsstufen bei der DIN EN 17037 sowie die Funktionen von Fenstern und deren technischen Eigenschaften besprechen.<\/p>\n","protected":false},"excerpt":{"rendered":"<p>Die Veranstaltung ist mit 4 Weiterbildungsstunden anerkannt. Zusammen mit unseren Partnern ACO, Fleck, ILD und VELUX bieten wir diese online Weiterbildung explizit f\u00fcr Architekten und Ingenieure an. Die Veranstaltung befindet&hellip;<\/p>\n","protected":false},"author":7,"featured_media":0,"comment_status":"open","ping_status":"closed","template":"","meta":{"_acf_changed":false,"footnotes":""},"tags":[],"tribe_events_cat":[305],"class_list":["post-4751","tribe_events","type-tribe_events","status-publish","hentry","tribe_events_cat-bauwesen","cat_bauwesen","tribe-recurring-event","tribe-recurring-event-parent","description-off"],"acf":[],"yoast_head":"<!-- This site is optimized with the Yoast SEO plugin v26.4 - https:\/\/yoast.com\/wordpress\/plugins\/seo\/ -->\n<title>Planer Symposium \u2013 Urbane Lebensr\u00e4ume gestalten \u2013 Wie Flachd\u00e4cher die st\u00e4dtische Landschaft pr\u00e4gen - Ingenieurkammer Th\u00fcringen<\/title>\n<meta name=\"robots\" content=\"index, follow, max-snippet:-1, max-image-preview:large, max-video-preview:-1\" \/>\n<link rel=\"canonical\" href=\"https:\/\/ikth.de\/startseite\/event\/planer-symposium-urbane-lebensraeume-gestalten-wie-flachdaecher-die-staedtische-landschaft-praegen\/2023-05-03\/\" \/>\n<meta property=\"og:locale\" content=\"de_DE\" \/>\n<meta property=\"og:type\" content=\"article\" \/>\n<meta property=\"og:title\" content=\"Planer Symposium \u2013 Urbane Lebensr\u00e4ume gestalten \u2013 Wie Flachd\u00e4cher die st\u00e4dtische Landschaft pr\u00e4gen - Ingenieurkammer Th\u00fcringen\" \/>\n<meta property=\"og:description\" content=\"Die Veranstaltung ist mit 4 Weiterbildungsstunden anerkannt. Zusammen mit unseren Partnern ACO, Fleck, ILD und VELUX bieten wir diese online Weiterbildung explizit f\u00fcr Architekten und Ingenieure an. Die Veranstaltung befindet&hellip;\" \/>\n<meta property=\"og:url\" content=\"https:\/\/ikth.de\/startseite\/event\/planer-symposium-urbane-lebensraeume-gestalten-wie-flachdaecher-die-staedtische-landschaft-praegen\/2023-05-03\/\" \/>\n<meta property=\"og:site_name\" content=\"Ingenieurkammer Th\u00fcringen\" \/>\n<meta name=\"twitter:card\" content=\"summary_large_image\" \/>\n<meta name=\"twitter:label1\" content=\"Gesch\u00e4tzte Lesezeit\" \/>\n\t<meta name=\"twitter:data1\" content=\"2\u00a0Minuten\" \/>\n<script type=\"application\/ld+json\" class=\"yoast-schema-graph\">{\"@context\":\"https:\/\/schema.org\",\"@graph\":[{\"@type\":\"WebPage\",\"@id\":\"https:\/\/ikth.de\/startseite\/event\/planer-symposium-urbane-lebensraeume-gestalten-wie-flachdaecher-die-staedtische-landschaft-praegen\/2023-05-03\/\",\"url\":\"https:\/\/ikth.de\/startseite\/event\/planer-symposium-urbane-lebensraeume-gestalten-wie-flachdaecher-die-staedtische-landschaft-praegen\/2023-05-03\/\",\"name\":\"Planer Symposium \u2013 Urbane Lebensr\u00e4ume gestalten \u2013 Wie Flachd\u00e4cher die st\u00e4dtische Landschaft pr\u00e4gen - Ingenieurkammer Th\u00fcringen\",\"isPartOf\":{\"@id\":\"https:\/\/ikth.de\/startseite\/#website\"},\"datePublished\":\"2023-02-21T13:41:36+00:00\",\"breadcrumb\":{\"@id\":\"https:\/\/ikth.de\/startseite\/event\/planer-symposium-urbane-lebensraeume-gestalten-wie-flachdaecher-die-staedtische-landschaft-praegen\/2023-05-03\/#breadcrumb\"},\"inLanguage\":\"de\",\"potentialAction\":[{\"@type\":\"ReadAction\",\"target\":[\"https:\/\/ikth.de\/startseite\/event\/planer-symposium-urbane-lebensraeume-gestalten-wie-flachdaecher-die-staedtische-landschaft-praegen\/2023-05-03\/\"]}]},{\"@type\":\"BreadcrumbList\",\"@id\":\"https:\/\/ikth.de\/startseite\/event\/planer-symposium-urbane-lebensraeume-gestalten-wie-flachdaecher-die-staedtische-landschaft-praegen\/2023-05-03\/#breadcrumb\",\"itemListElement\":[{\"@type\":\"ListItem\",\"position\":1,\"name\":\"Startseite\",\"item\":\"https:\/\/ikth.de\/startseite\/\"},{\"@type\":\"ListItem\",\"position\":2,\"name\":\"Veranstaltungen\",\"item\":\"https:\/\/ikth.de\/startseite\/veranstaltungen\/\"},{\"@type\":\"ListItem\",\"position\":3,\"name\":\"Planer Symposium \u2013 Urbane Lebensr\u00e4ume gestalten \u2013 Wie Flachd\u00e4cher die st\u00e4dtische Landschaft pr\u00e4gen\"}]},{\"@type\":\"WebSite\",\"@id\":\"https:\/\/ikth.de\/startseite\/#website\",\"url\":\"https:\/\/ikth.de\/startseite\/\",\"name\":\"Ingenieurkammer Th\u00fcringen\",\"description\":\"\",\"potentialAction\":[{\"@type\":\"SearchAction\",\"target\":{\"@type\":\"EntryPoint\",\"urlTemplate\":\"https:\/\/ikth.de\/startseite\/?s={search_term_string}\"},\"query-input\":{\"@type\":\"PropertyValueSpecification\",\"valueRequired\":true,\"valueName\":\"search_term_string\"}}],\"inLanguage\":\"de\"}]}<\/script>\n<!-- \/ Yoast SEO plugin. -->","yoast_head_json":{"title":"Planer Symposium \u2013 Urbane Lebensr\u00e4ume gestalten \u2013 Wie Flachd\u00e4cher die st\u00e4dtische Landschaft pr\u00e4gen - Ingenieurkammer Th\u00fcringen","robots":{"index":"index","follow":"follow","max-snippet":"max-snippet:-1","max-image-preview":"max-image-preview:large","max-video-preview":"max-video-preview:-1"},"canonical":"https:\/\/ikth.de\/startseite\/event\/planer-symposium-urbane-lebensraeume-gestalten-wie-flachdaecher-die-staedtische-landschaft-praegen\/2023-05-03\/","og_locale":"de_DE","og_type":"article","og_title":"Planer Symposium \u2013 Urbane Lebensr\u00e4ume gestalten \u2013 Wie Flachd\u00e4cher die st\u00e4dtische Landschaft pr\u00e4gen - Ingenieurkammer Th\u00fcringen","og_description":"Die Veranstaltung ist mit 4 Weiterbildungsstunden anerkannt. Zusammen mit unseren Partnern ACO, Fleck, ILD und VELUX bieten wir diese online Weiterbildung explizit f\u00fcr Architekten und Ingenieure an. Die Veranstaltung befindet&hellip;","og_url":"https:\/\/ikth.de\/startseite\/event\/planer-symposium-urbane-lebensraeume-gestalten-wie-flachdaecher-die-staedtische-landschaft-praegen\/2023-05-03\/","og_site_name":"Ingenieurkammer Th\u00fcringen","twitter_card":"summary_large_image","twitter_misc":{"Gesch\u00e4tzte Lesezeit":"2\u00a0Minuten"},"schema":{"@context":"https:\/\/schema.org","@graph":[{"@type":"WebPage","@id":"https:\/\/ikth.de\/startseite\/event\/planer-symposium-urbane-lebensraeume-gestalten-wie-flachdaecher-die-staedtische-landschaft-praegen\/2023-05-03\/","url":"https:\/\/ikth.de\/startseite\/event\/planer-symposium-urbane-lebensraeume-gestalten-wie-flachdaecher-die-staedtische-landschaft-praegen\/2023-05-03\/","name":"Planer Symposium \u2013 Urbane Lebensr\u00e4ume gestalten \u2013 Wie Flachd\u00e4cher die st\u00e4dtische Landschaft pr\u00e4gen - Ingenieurkammer Th\u00fcringen","isPartOf":{"@id":"https:\/\/ikth.de\/startseite\/#website"},"datePublished":"2023-02-21T13:41:36+00:00","breadcrumb":{"@id":"https:\/\/ikth.de\/startseite\/event\/planer-symposium-urbane-lebensraeume-gestalten-wie-flachdaecher-die-staedtische-landschaft-praegen\/2023-05-03\/#breadcrumb"},"inLanguage":"de","potentialAction":[{"@type":"ReadAction","target":["https:\/\/ikth.de\/startseite\/event\/planer-symposium-urbane-lebensraeume-gestalten-wie-flachdaecher-die-staedtische-landschaft-praegen\/2023-05-03\/"]}]},{"@type":"BreadcrumbList","@id":"https:\/\/ikth.de\/startseite\/event\/planer-symposium-urbane-lebensraeume-gestalten-wie-flachdaecher-die-staedtische-landschaft-praegen\/2023-05-03\/#breadcrumb","itemListElement":[{"@type":"ListItem","position":1,"name":"Startseite","item":"https:\/\/ikth.de\/startseite\/"},{"@type":"ListItem","position":2,"name":"Veranstaltungen","item":"https:\/\/ikth.de\/startseite\/veranstaltungen\/"},{"@type":"ListItem","position":3,"name":"Planer Symposium \u2013 Urbane Lebensr\u00e4ume gestalten \u2013 Wie Flachd\u00e4cher die st\u00e4dtische Landschaft pr\u00e4gen"}]},{"@type":"WebSite","@id":"https:\/\/ikth.de\/startseite\/#website","url":"https:\/\/ikth.de\/startseite\/","name":"Ingenieurkammer Th\u00fcringen","description":"","potentialAction":[{"@type":"SearchAction","target":{"@type":"EntryPoint","urlTemplate":"https:\/\/ikth.de\/startseite\/?s={search_term_string}"},"query-input":{"@type":"PropertyValueSpecification","valueRequired":true,"valueName":"search_term_string"}}],"inLanguage":"de"}]}},"_links":{"self":[{"href":"https:\/\/ikth.de\/startseite\/wp-json\/wp\/v2\/tribe_events\/4751","targetHints":{"allow":["GET"]}}],"collection":[{"href":"https:\/\/ikth.de\/startseite\/wp-json\/wp\/v2\/tribe_events"}],"about":[{"href":"https:\/\/ikth.de\/startseite\/wp-json\/wp\/v2\/types\/tribe_events"}],"author":[{"embeddable":true,"href":"https:\/\/ikth.de\/startseite\/wp-json\/wp\/v2\/users\/7"}],"replies":[{"embeddable":true,"href":"https:\/\/ikth.de\/startseite\/wp-json\/wp\/v2\/comments?post=4751"}],"version-history":[{"count":1,"href":"https:\/\/ikth.de\/startseite\/wp-json\/wp\/v2\/tribe_events\/4751\/revisions"}],"predecessor-version":[{"id":4752,"href":"https:\/\/ikth.de\/startseite\/wp-json\/wp\/v2\/tribe_events\/4751\/revisions\/4752"}],"wp:attachment":[{"href":"https:\/\/ikth.de\/startseite\/wp-json\/wp\/v2\/media?parent=4751"}],"wp:term":[{"taxonomy":"post_tag","embeddable":true,"href":"https:\/\/ikth.de\/startseite\/wp-json\/wp\/v2\/tags?post=4751"},{"taxonomy":"tribe_events_cat","embeddable":true,"href":"https:\/\/ikth.de\/startseite\/wp-json\/wp\/v2\/tribe_events_cat?post=4751"}],"curies":[{"name":"wp","href":"https:\/\/api.w.org\/{rel}","templated":true}]}}