{"id":45172,"date":"2026-04-28T14:10:51","date_gmt":"2026-04-28T12:10:51","guid":{"rendered":"https:\/\/ikth.de\/startseite\/?post_type=tribe_events&#038;p=45172"},"modified":"2026-04-28T15:15:02","modified_gmt":"2026-04-28T13:15:02","slug":"energetisch-aufruesten-massnahmen-zur-verbrauchsreduzierung","status":"publish","type":"tribe_events","link":"https:\/\/ikth.de\/startseite\/event\/energetisch-aufruesten-massnahmen-zur-verbrauchsreduzierung\/","title":{"rendered":"Energetisch aufr\u00fcsten: Ma\u00dfnahmen zur Verbrauchsreduzierung"},"content":{"rendered":"<div class=\"wpb-content-wrapper\"><p>[vc_row][vc_column][vc_column_text css=&#8220;&#8220;]<\/p>\n<div class=\"woocommerce-product-gallery woocommerce-product-gallery--with-images woocommerce-product-gallery--columns-4 images\" data-columns=\"4\"><\/div>\n<div id=\"addproduct\" class=\"summary entry-summary\">\n<form class=\"variations_form cart has-gzd-variation-form\" action=\"https:\/\/www.wirliebenbau.de\/planer-symposium-energetisch-aufruesten-massnahmen-zur-verbrauchsreduzierung\/\" enctype=\"multipart\/form-data\" method=\"post\" data-product_id=\"271485\" data-product_variations=\"[{&quot;attributes&quot;:{&quot;attribute_pa_termine&quot;:&quot;04-05-2026-1000-1215-uhr&quot;},&quot;availability_html&quot;:&quot;&quot;,&quot;backorders_allowed&quot;:false,&quot;dimensions&quot;:{&quot;length&quot;:&quot;&quot;,&quot;width&quot;:&quot;&quot;,&quot;height&quot;:&quot;&quot;},&quot;dimensions_html&quot;:&quot;n. v.&quot;,&quot;display_price&quot;:0,&quot;display_regular_price&quot;:0,&quot;image&quot;:{&quot;title&quot;:&quot;20260504_Symposium_Energetisch aufr\\u00fcsten_Ma\\u00dfnahmen zur Verbrauchsreduzierung&quot;,&quot;caption&quot;:&quot;&quot;,&quot;url&quot;:&quot;https:\\\/\\\/www.wirliebenbau.de\\\/wp-content\\\/uploads\\\/20260504_Symposium_Energetisch-aufruesten_Massnahmen-zur-Verbrauchsreduzierung.png&quot;,&quot;alt&quot;:&quot;20260504_Symposium_Energetisch aufr\\u00fcsten_Ma\\u00dfnahmen zur Verbrauchsreduzierung&quot;,&quot;src&quot;:&quot;https:\\\/\\\/www.wirliebenbau.de\\\/wp-content\\\/uploads\\\/20260504_Symposium_Energetisch-aufruesten_Massnahmen-zur-Verbrauchsreduzierung-900x583.png&quot;,&quot;srcset&quot;:&quot;https:\\\/\\\/www.wirliebenbau.de\\\/wp-content\\\/uploads\\\/20260504_Symposium_Energetisch-aufruesten_Massnahmen-zur-Verbrauchsreduzierung-900x583.png 900w, https:\\\/\\\/www.wirliebenbau.de\\\/wp-content\\\/uploads\\\/20260504_Symposium_Energetisch-aufruesten_Massnahmen-zur-Verbrauchsreduzierung-300x194.png 300w, https:\\\/\\\/www.wirliebenbau.de\\\/wp-content\\\/uploads\\\/20260504_Symposium_Energetisch-aufruesten_Massnahmen-zur-Verbrauchsreduzierung-1111x720.png 1111w, https:\\\/\\\/www.wirliebenbau.de\\\/wp-content\\\/uploads\\\/20260504_Symposium_Energetisch-aufruesten_Massnahmen-zur-Verbrauchsreduzierung-768x498.png 768w, https:\\\/\\\/www.wirliebenbau.de\\\/wp-content\\\/uploads\\\/20260504_Symposium_Energetisch-aufruesten_Massnahmen-zur-Verbrauchsreduzierung-1536x995.png 1536w, https:\\\/\\\/www.wirliebenbau.de\\\/wp-content\\\/uploads\\\/20260504_Symposium_Energetisch-aufruesten_Massnahmen-zur-Verbrauchsreduzierung-600x389.png 600w, https:\\\/\\\/www.wirliebenbau.de\\\/wp-content\\\/uploads\\\/20260504_Symposium_Energetisch-aufruesten_Massnahmen-zur-Verbrauchsreduzierung.png 2048w&quot;,&quot;sizes&quot;:&quot;(max-width: 900px) 100vw, 900px&quot;,&quot;full_src&quot;:&quot;https:\\\/\\\/www.wirliebenbau.de\\\/wp-content\\\/uploads\\\/20260504_Symposium_Energetisch-aufruesten_Massnahmen-zur-Verbrauchsreduzierung.png&quot;,&quot;full_src_w&quot;:2048,&quot;full_src_h&quot;:1327,&quot;gallery_thumbnail_src&quot;:&quot;https:\\\/\\\/www.wirliebenbau.de\\\/wp-content\\\/uploads\\\/20260504_Symposium_Energetisch-aufruesten_Massnahmen-zur-Verbrauchsreduzierung-150x150.png&quot;,&quot;gallery_thumbnail_src_w&quot;:150,&quot;gallery_thumbnail_src_h&quot;:150,&quot;thumb_src&quot;:&quot;https:\\\/\\\/www.wirliebenbau.de\\\/wp-content\\\/uploads\\\/20260504_Symposium_Energetisch-aufruesten_Massnahmen-zur-Verbrauchsreduzierung-600x389.png&quot;,&quot;thumb_src_w&quot;:600,&quot;thumb_src_h&quot;:389,&quot;src_w&quot;:900,&quot;src_h&quot;:583},&quot;image_id&quot;:271536,&quot;is_downloadable&quot;:false,&quot;is_in_stock&quot;:true,&quot;is_purchasable&quot;:true,&quot;is_sold_individually&quot;:&quot;yes&quot;,&quot;is_virtual&quot;:false,&quot;max_qty&quot;:1,&quot;min_qty&quot;:1,&quot;price_html&quot;:&quot;&quot;,&quot;sku&quot;:&quot;1698306114184155229&quot;,&quot;variation_description&quot;:&quot;&quot;,&quot;variation_id&quot;:271498,&quot;variation_is_active&quot;:true,&quot;variation_is_visible&quot;:true,&quot;weight&quot;:&quot;&quot;,&quot;weight_html&quot;:&quot;n. v.&quot;,&quot;delivery_time&quot;:&quot;&quot;,&quot;unit_price&quot;:&quot;&quot;,&quot;product_units&quot;:&quot;&quot;,&quot;tax_info&quot;:&quot;inkl. MwSt.&quot;,&quot;shipping_costs_info&quot;:&quot;plus &lt;a href=\\&quot;\\&quot; target=\\&quot;_blank\\&quot;&gt;Shipping Costs&lt;\\\/a&gt;&quot;,&quot;defect_description&quot;:&quot;&quot;,&quot;deposit_amount&quot;:&quot;&quot;,&quot;deposit_packaging_type&quot;:&quot;&quot;,&quot;product_safety_attachments&quot;:&quot;&quot;,&quot;has_product_safety_information&quot;:false,&quot;manufacturer&quot;:&quot;&quot;,&quot;safety_instructions&quot;:&quot;&quot;,&quot;wireless_electronic_device&quot;:&quot;no&quot;,&quot;power_supply&quot;:&quot;&quot;,&quot;is_food&quot;:&quot;no&quot;,&quot;food_description&quot;:&quot;&quot;,&quot;food_place_of_origin&quot;:&quot;&quot;,&quot;food_distributor&quot;:&quot;&quot;,&quot;alcohol_content&quot;:&quot;&quot;,&quot;includes_alcohol&quot;:&quot;no&quot;,&quot;drained_weight&quot;:&quot;&quot;,&quot;net_filling_quantity&quot;:&quot;&quot;,&quot;ingredients&quot;:&quot;&quot;,&quot;allergenic&quot;:&quot;&quot;,&quot;nutrients&quot;:&quot;&quot;,&quot;nutri_score&quot;:&quot;&quot;},{&quot;attributes&quot;:{&quot;attribute_pa_termine&quot;:&quot;28-10-2026-1000-1215-uhr&quot;},&quot;availability_html&quot;:&quot;&quot;,&quot;backorders_allowed&quot;:false,&quot;dimensions&quot;:{&quot;length&quot;:&quot;&quot;,&quot;width&quot;:&quot;&quot;,&quot;height&quot;:&quot;&quot;},&quot;dimensions_html&quot;:&quot;n. v.&quot;,&quot;display_price&quot;:0,&quot;display_regular_price&quot;:0,&quot;image&quot;:{&quot;title&quot;:&quot;20260504_Symposium_Energetisch aufr\\u00fcsten_Ma\\u00dfnahmen zur Verbrauchsreduzierung&quot;,&quot;caption&quot;:&quot;&quot;,&quot;url&quot;:&quot;https:\\\/\\\/www.wirliebenbau.de\\\/wp-content\\\/uploads\\\/20260504_Symposium_Energetisch-aufruesten_Massnahmen-zur-Verbrauchsreduzierung.png&quot;,&quot;alt&quot;:&quot;20260504_Symposium_Energetisch aufr\\u00fcsten_Ma\\u00dfnahmen zur Verbrauchsreduzierung&quot;,&quot;src&quot;:&quot;https:\\\/\\\/www.wirliebenbau.de\\\/wp-content\\\/uploads\\\/20260504_Symposium_Energetisch-aufruesten_Massnahmen-zur-Verbrauchsreduzierung-900x583.png&quot;,&quot;srcset&quot;:&quot;https:\\\/\\\/www.wirliebenbau.de\\\/wp-content\\\/uploads\\\/20260504_Symposium_Energetisch-aufruesten_Massnahmen-zur-Verbrauchsreduzierung-900x583.png 900w, https:\\\/\\\/www.wirliebenbau.de\\\/wp-content\\\/uploads\\\/20260504_Symposium_Energetisch-aufruesten_Massnahmen-zur-Verbrauchsreduzierung-300x194.png 300w, https:\\\/\\\/www.wirliebenbau.de\\\/wp-content\\\/uploads\\\/20260504_Symposium_Energetisch-aufruesten_Massnahmen-zur-Verbrauchsreduzierung-1111x720.png 1111w, https:\\\/\\\/www.wirliebenbau.de\\\/wp-content\\\/uploads\\\/20260504_Symposium_Energetisch-aufruesten_Massnahmen-zur-Verbrauchsreduzierung-768x498.png 768w, https:\\\/\\\/www.wirliebenbau.de\\\/wp-content\\\/uploads\\\/20260504_Symposium_Energetisch-aufruesten_Massnahmen-zur-Verbrauchsreduzierung-1536x995.png 1536w, https:\\\/\\\/www.wirliebenbau.de\\\/wp-content\\\/uploads\\\/20260504_Symposium_Energetisch-aufruesten_Massnahmen-zur-Verbrauchsreduzierung-600x389.png 600w, https:\\\/\\\/www.wirliebenbau.de\\\/wp-content\\\/uploads\\\/20260504_Symposium_Energetisch-aufruesten_Massnahmen-zur-Verbrauchsreduzierung.png 2048w&quot;,&quot;sizes&quot;:&quot;(max-width: 900px) 100vw, 900px&quot;,&quot;full_src&quot;:&quot;https:\\\/\\\/www.wirliebenbau.de\\\/wp-content\\\/uploads\\\/20260504_Symposium_Energetisch-aufruesten_Massnahmen-zur-Verbrauchsreduzierung.png&quot;,&quot;full_src_w&quot;:2048,&quot;full_src_h&quot;:1327,&quot;gallery_thumbnail_src&quot;:&quot;https:\\\/\\\/www.wirliebenbau.de\\\/wp-content\\\/uploads\\\/20260504_Symposium_Energetisch-aufruesten_Massnahmen-zur-Verbrauchsreduzierung-150x150.png&quot;,&quot;gallery_thumbnail_src_w&quot;:150,&quot;gallery_thumbnail_src_h&quot;:150,&quot;thumb_src&quot;:&quot;https:\\\/\\\/www.wirliebenbau.de\\\/wp-content\\\/uploads\\\/20260504_Symposium_Energetisch-aufruesten_Massnahmen-zur-Verbrauchsreduzierung-600x389.png&quot;,&quot;thumb_src_w&quot;:600,&quot;thumb_src_h&quot;:389,&quot;src_w&quot;:900,&quot;src_h&quot;:583},&quot;image_id&quot;:271536,&quot;is_downloadable&quot;:false,&quot;is_in_stock&quot;:true,&quot;is_purchasable&quot;:true,&quot;is_sold_individually&quot;:&quot;yes&quot;,&quot;is_virtual&quot;:false,&quot;max_qty&quot;:1,&quot;min_qty&quot;:1,&quot;price_html&quot;:&quot;&quot;,&quot;sku&quot;:&quot;5810588453717545309&quot;,&quot;variation_description&quot;:&quot;&quot;,&quot;variation_id&quot;:271499,&quot;variation_is_active&quot;:true,&quot;variation_is_visible&quot;:true,&quot;weight&quot;:&quot;&quot;,&quot;weight_html&quot;:&quot;n. v.&quot;,&quot;delivery_time&quot;:&quot;&quot;,&quot;unit_price&quot;:&quot;&quot;,&quot;product_units&quot;:&quot;&quot;,&quot;tax_info&quot;:&quot;inkl. MwSt.&quot;,&quot;shipping_costs_info&quot;:&quot;plus &lt;a href=\\&quot;\\&quot; target=\\&quot;_blank\\&quot;&gt;Shipping Costs&lt;\\\/a&gt;&quot;,&quot;defect_description&quot;:&quot;&quot;,&quot;deposit_amount&quot;:&quot;&quot;,&quot;deposit_packaging_type&quot;:&quot;&quot;,&quot;product_safety_attachments&quot;:&quot;&quot;,&quot;has_product_safety_information&quot;:false,&quot;manufacturer&quot;:&quot;&quot;,&quot;safety_instructions&quot;:&quot;&quot;,&quot;wireless_electronic_device&quot;:&quot;no&quot;,&quot;power_supply&quot;:&quot;&quot;,&quot;is_food&quot;:&quot;no&quot;,&quot;food_description&quot;:&quot;&quot;,&quot;food_place_of_origin&quot;:&quot;&quot;,&quot;food_distributor&quot;:&quot;&quot;,&quot;alcohol_content&quot;:&quot;&quot;,&quot;includes_alcohol&quot;:&quot;no&quot;,&quot;drained_weight&quot;:&quot;&quot;,&quot;net_filling_quantity&quot;:&quot;&quot;,&quot;ingredients&quot;:&quot;&quot;,&quot;allergenic&quot;:&quot;&quot;,&quot;nutrients&quot;:&quot;&quot;,&quot;nutri_score&quot;:&quot;&quot;}]\">\n<div class=\"single_variation_wrap\">\n<h2 class=\"woocommerce-variation-add-to-cart variations_button woocommerce-variation-add-to-cart-enabled\">Auf folgende Inhalte kannst Du Dich freuen:<\/h2>\n<\/div>\n<\/form>\n<\/div>\n<div class=\"woocommerce-tabs wc-tabs-wrapper\">\n<div id=\"tab-description\" class=\"woocommerce-Tabs-panel woocommerce-Tabs-panel--description panel entry-content wc-tab\" role=\"tabpanel\" aria-labelledby=\"tab-title-description\">\n<div class=\"elementor elementor-271485\" data-elementor-type=\"product-post\" data-elementor-id=\"271485\" data-elementor-post-type=\"product\">\n<section class=\"elementor-section elementor-top-section elementor-element elementor-element-1abe1efc elementor-section-boxed elementor-section-height-default elementor-section-height-default\" data-id=\"1abe1efc\" data-element_type=\"section\">\n<div class=\"elementor-container elementor-column-gap-default\">\n<div class=\"elementor-column elementor-col-100 elementor-top-column elementor-element elementor-element-340e9c24\" data-id=\"340e9c24\" data-element_type=\"column\">\n<div class=\"elementor-widget-wrap elementor-element-populated\">\n<div class=\"elementor-element elementor-element-44179bf0 elementor-widget elementor-widget-text-editor\" data-id=\"44179bf0\" data-element_type=\"widget\" data-widget_type=\"text-editor.default\">\n<div class=\"elementor-widget-container\">\n<p><strong>Entdecke zukunftsweisende L\u00f6sungen f\u00fcr energetisches aufr\u00fcsten- sie bei unserer Fortbildung dabei!<\/strong><\/p>\n<p>Im Laufe der Fortbildung:<\/p>\n<p>CLAGE beleuchtet, wie sich durch optimierte Warmwasserbereitung sp\u00fcrbar Energie einsparen l\u00e4sst. Im Fokus steht der Systemvergleich zwischen zentraler und dezentraler Versorgung, konkrete Einsparpotenziale im Betrieb sowie Planungsgrundlagen f\u00fcr E-Durchlauferhitzer. Erg\u00e4nzend werden Aspekte wie Hausanschluss, Leistungsbedarf und Gleichzeitigkeit praxisnah eingeordnet.<\/p>\n<p><a href=\"https:\/\/www.wirliebenbau.de\/industriepartner\/hansa-armaturen-gmbh\/\" target=\"_blank\" rel=\"noopener\">HANSA<\/a>\u00a0zeigt, wie sich der Energieverbrauch f\u00fcr Warmwasser gezielt senken l\u00e4sst \u2013 einem der gr\u00f6\u00dften Verbrauchsfaktoren im Haushalt. Im Mittelpunkt stehen effiziente Armaturen- und Brausetechnologien, die Wasser- und Energieeinsatz messbar reduzieren, ohne Komforteinbu\u00dfen. Erg\u00e4nzend wird erl\u00e4utert, wie Echtzeit-Feedback und smarte L\u00f6sungen das Nutzerverhalten nachhaltig beeinflussen und welche Einsparpotenziale sich anhand realer Praxisbeispiele tats\u00e4chlich erzielen lassen.<\/p>\n<p><a href=\"https:\/\/www.wirliebenbau.de\/industriepartner\/zehnder-group-deutschland-gmbh\/\" target=\"_blank\" rel=\"noopener\">Zehnder<\/a>\u00a0stellt vor, wie komfortable Wohnrauml\u00fcftung mit W\u00e4rmer\u00fcckgewinnung die Energieeffizienz eines Geb\u00e4udes deutlich steigert. Durch die Erw\u00e4rmung der Zuluft wird das Heizsystem sp\u00fcrbar entlastet, w\u00e4hrend im Sommer eine temperierte Zuluft f\u00fcr angenehme Raumverh\u00e4ltnisse sorgt. Auch die einfache Nachr\u00fcstung bestehender L\u00fcftungsanlagen mit zus\u00e4tzlicher Lufttemperierung wird praxisnah betrachtet.<\/p>\n<p>Weitere Informationen sowie Anmeldung finden Sie unter:\u00a0<a href=\"https:\/\/www.wirliebenbau.de\/planer-symposium-energetisch-aufruesten-massnahmen-zur-verbrauchsreduzierung\/\" target=\"_blank\" rel=\"noopener\">https:\/\/www.wirliebenbau.de\/planer-symposium-energetisch-aufruesten-massnahmen-zur-verbrauchsreduzierung\/<\/a><\/p>\n<h2>Diese Veranstaltung wird mit 3 Weiterbildungsstunden anerkannt.<\/h2>\n<\/div>\n<\/div>\n<\/div>\n<\/div>\n<\/div>\n<\/section>\n<\/div>\n<\/div>\n<\/div>\n<p>[\/vc_column_text][\/vc_column][\/vc_row]<\/p>\n<\/div>","protected":false},"excerpt":{"rendered":"<p>[vc_row][vc_column][vc_column_text css=&#8220;&#8220;] Auf folgende Inhalte kannst Du Dich freuen: Entdecke zukunftsweisende L\u00f6sungen f\u00fcr energetisches aufr\u00fcsten- sie bei unserer Fortbildung dabei! Im Laufe der Fortbildung: CLAGE beleuchtet, wie sich durch optimierte&hellip;<\/p>\n","protected":false},"author":12,"featured_media":0,"comment_status":"open","ping_status":"closed","template":"","meta":{"_acf_changed":false,"footnotes":""},"tags":[],"tribe_events_cat":[305,296,304,42],"class_list":["post-45172","tribe_events","type-tribe_events","status-publish","hentry","tribe_events_cat-bauwesen","tribe_events_cat-energieberatung","tribe_events_cat-nachhaltigkeit","tribe_events_cat-online-veranstaltung","cat_bauwesen","cat_energieberatung","cat_nachhaltigkeit","cat_online-veranstaltung","description-off"],"acf":[],"yoast_head":"<!-- This site is optimized with the Yoast SEO plugin v26.4 - https:\/\/yoast.com\/wordpress\/plugins\/seo\/ -->\n<title>Energetisch aufr\u00fcsten: Ma\u00dfnahmen zur Verbrauchsreduzierung - Ingenieurkammer Th\u00fcringen<\/title>\n<meta name=\"robots\" content=\"index, follow, max-snippet:-1, max-image-preview:large, max-video-preview:-1\" \/>\n<link rel=\"canonical\" href=\"https:\/\/ikth.de\/startseite\/event\/energetisch-aufruesten-massnahmen-zur-verbrauchsreduzierung\/\" \/>\n<meta property=\"og:locale\" content=\"de_DE\" \/>\n<meta property=\"og:type\" content=\"article\" \/>\n<meta property=\"og:title\" content=\"Energetisch aufr\u00fcsten: Ma\u00dfnahmen zur Verbrauchsreduzierung - Ingenieurkammer Th\u00fcringen\" \/>\n<meta property=\"og:description\" content=\"[vc_row][vc_column][vc_column_text css=&#8220;&#8220;] Auf folgende Inhalte kannst Du Dich freuen: Entdecke zukunftsweisende L\u00f6sungen f\u00fcr energetisches aufr\u00fcsten- sie bei unserer Fortbildung dabei! Im Laufe der Fortbildung: CLAGE beleuchtet, wie sich durch optimierte&hellip;\" \/>\n<meta property=\"og:url\" content=\"https:\/\/ikth.de\/startseite\/event\/energetisch-aufruesten-massnahmen-zur-verbrauchsreduzierung\/\" \/>\n<meta property=\"og:site_name\" content=\"Ingenieurkammer Th\u00fcringen\" \/>\n<meta property=\"article:modified_time\" content=\"2026-04-28T13:15:02+00:00\" \/>\n<meta name=\"twitter:card\" content=\"summary_large_image\" \/>\n<meta name=\"twitter:label1\" content=\"Gesch\u00e4tzte Lesezeit\" \/>\n\t<meta name=\"twitter:data1\" content=\"2\u00a0Minuten\" \/>\n<script type=\"application\/ld+json\" class=\"yoast-schema-graph\">{\"@context\":\"https:\/\/schema.org\",\"@graph\":[{\"@type\":\"WebPage\",\"@id\":\"https:\/\/ikth.de\/startseite\/event\/energetisch-aufruesten-massnahmen-zur-verbrauchsreduzierung\/\",\"url\":\"https:\/\/ikth.de\/startseite\/event\/energetisch-aufruesten-massnahmen-zur-verbrauchsreduzierung\/\",\"name\":\"Energetisch aufr\u00fcsten: Ma\u00dfnahmen zur Verbrauchsreduzierung - Ingenieurkammer Th\u00fcringen\",\"isPartOf\":{\"@id\":\"https:\/\/ikth.de\/startseite\/#website\"},\"datePublished\":\"2026-04-28T12:10:51+00:00\",\"dateModified\":\"2026-04-28T13:15:02+00:00\",\"breadcrumb\":{\"@id\":\"https:\/\/ikth.de\/startseite\/event\/energetisch-aufruesten-massnahmen-zur-verbrauchsreduzierung\/#breadcrumb\"},\"inLanguage\":\"de\",\"potentialAction\":[{\"@type\":\"ReadAction\",\"target\":[\"https:\/\/ikth.de\/startseite\/event\/energetisch-aufruesten-massnahmen-zur-verbrauchsreduzierung\/\"]}]},{\"@type\":\"BreadcrumbList\",\"@id\":\"https:\/\/ikth.de\/startseite\/event\/energetisch-aufruesten-massnahmen-zur-verbrauchsreduzierung\/#breadcrumb\",\"itemListElement\":[{\"@type\":\"ListItem\",\"position\":1,\"name\":\"Startseite\",\"item\":\"https:\/\/ikth.de\/startseite\/\"},{\"@type\":\"ListItem\",\"position\":2,\"name\":\"Veranstaltungen\",\"item\":\"https:\/\/ikth.de\/startseite\/veranstaltungen\/\"},{\"@type\":\"ListItem\",\"position\":3,\"name\":\"Energetisch aufr\u00fcsten: Ma\u00dfnahmen zur Verbrauchsreduzierung\"}]},{\"@type\":\"WebSite\",\"@id\":\"https:\/\/ikth.de\/startseite\/#website\",\"url\":\"https:\/\/ikth.de\/startseite\/\",\"name\":\"Ingenieurkammer Th\u00fcringen\",\"description\":\"\",\"potentialAction\":[{\"@type\":\"SearchAction\",\"target\":{\"@type\":\"EntryPoint\",\"urlTemplate\":\"https:\/\/ikth.de\/startseite\/?s={search_term_string}\"},\"query-input\":{\"@type\":\"PropertyValueSpecification\",\"valueRequired\":true,\"valueName\":\"search_term_string\"}}],\"inLanguage\":\"de\"}]}<\/script>\n<!-- \/ Yoast SEO plugin. -->","yoast_head_json":{"title":"Energetisch aufr\u00fcsten: Ma\u00dfnahmen zur Verbrauchsreduzierung - Ingenieurkammer Th\u00fcringen","robots":{"index":"index","follow":"follow","max-snippet":"max-snippet:-1","max-image-preview":"max-image-preview:large","max-video-preview":"max-video-preview:-1"},"canonical":"https:\/\/ikth.de\/startseite\/event\/energetisch-aufruesten-massnahmen-zur-verbrauchsreduzierung\/","og_locale":"de_DE","og_type":"article","og_title":"Energetisch aufr\u00fcsten: Ma\u00dfnahmen zur Verbrauchsreduzierung - Ingenieurkammer Th\u00fcringen","og_description":"[vc_row][vc_column][vc_column_text css=&#8220;&#8220;] Auf folgende Inhalte kannst Du Dich freuen: Entdecke zukunftsweisende L\u00f6sungen f\u00fcr energetisches aufr\u00fcsten- sie bei unserer Fortbildung dabei! Im Laufe der Fortbildung: CLAGE beleuchtet, wie sich durch optimierte&hellip;","og_url":"https:\/\/ikth.de\/startseite\/event\/energetisch-aufruesten-massnahmen-zur-verbrauchsreduzierung\/","og_site_name":"Ingenieurkammer Th\u00fcringen","article_modified_time":"2026-04-28T13:15:02+00:00","twitter_card":"summary_large_image","twitter_misc":{"Gesch\u00e4tzte Lesezeit":"2\u00a0Minuten"},"schema":{"@context":"https:\/\/schema.org","@graph":[{"@type":"WebPage","@id":"https:\/\/ikth.de\/startseite\/event\/energetisch-aufruesten-massnahmen-zur-verbrauchsreduzierung\/","url":"https:\/\/ikth.de\/startseite\/event\/energetisch-aufruesten-massnahmen-zur-verbrauchsreduzierung\/","name":"Energetisch aufr\u00fcsten: Ma\u00dfnahmen zur Verbrauchsreduzierung - Ingenieurkammer Th\u00fcringen","isPartOf":{"@id":"https:\/\/ikth.de\/startseite\/#website"},"datePublished":"2026-04-28T12:10:51+00:00","dateModified":"2026-04-28T13:15:02+00:00","breadcrumb":{"@id":"https:\/\/ikth.de\/startseite\/event\/energetisch-aufruesten-massnahmen-zur-verbrauchsreduzierung\/#breadcrumb"},"inLanguage":"de","potentialAction":[{"@type":"ReadAction","target":["https:\/\/ikth.de\/startseite\/event\/energetisch-aufruesten-massnahmen-zur-verbrauchsreduzierung\/"]}]},{"@type":"BreadcrumbList","@id":"https:\/\/ikth.de\/startseite\/event\/energetisch-aufruesten-massnahmen-zur-verbrauchsreduzierung\/#breadcrumb","itemListElement":[{"@type":"ListItem","position":1,"name":"Startseite","item":"https:\/\/ikth.de\/startseite\/"},{"@type":"ListItem","position":2,"name":"Veranstaltungen","item":"https:\/\/ikth.de\/startseite\/veranstaltungen\/"},{"@type":"ListItem","position":3,"name":"Energetisch aufr\u00fcsten: Ma\u00dfnahmen zur Verbrauchsreduzierung"}]},{"@type":"WebSite","@id":"https:\/\/ikth.de\/startseite\/#website","url":"https:\/\/ikth.de\/startseite\/","name":"Ingenieurkammer Th\u00fcringen","description":"","potentialAction":[{"@type":"SearchAction","target":{"@type":"EntryPoint","urlTemplate":"https:\/\/ikth.de\/startseite\/?s={search_term_string}"},"query-input":{"@type":"PropertyValueSpecification","valueRequired":true,"valueName":"search_term_string"}}],"inLanguage":"de"}]}},"_links":{"self":[{"href":"https:\/\/ikth.de\/startseite\/wp-json\/wp\/v2\/tribe_events\/45172","targetHints":{"allow":["GET"]}}],"collection":[{"href":"https:\/\/ikth.de\/startseite\/wp-json\/wp\/v2\/tribe_events"}],"about":[{"href":"https:\/\/ikth.de\/startseite\/wp-json\/wp\/v2\/types\/tribe_events"}],"author":[{"embeddable":true,"href":"https:\/\/ikth.de\/startseite\/wp-json\/wp\/v2\/users\/12"}],"replies":[{"embeddable":true,"href":"https:\/\/ikth.de\/startseite\/wp-json\/wp\/v2\/comments?post=45172"}],"version-history":[{"count":1,"href":"https:\/\/ikth.de\/startseite\/wp-json\/wp\/v2\/tribe_events\/45172\/revisions"}],"predecessor-version":[{"id":45177,"href":"https:\/\/ikth.de\/startseite\/wp-json\/wp\/v2\/tribe_events\/45172\/revisions\/45177"}],"wp:attachment":[{"href":"https:\/\/ikth.de\/startseite\/wp-json\/wp\/v2\/media?parent=45172"}],"wp:term":[{"taxonomy":"post_tag","embeddable":true,"href":"https:\/\/ikth.de\/startseite\/wp-json\/wp\/v2\/tags?post=45172"},{"taxonomy":"tribe_events_cat","embeddable":true,"href":"https:\/\/ikth.de\/startseite\/wp-json\/wp\/v2\/tribe_events_cat?post=45172"}],"curies":[{"name":"wp","href":"https:\/\/api.w.org\/{rel}","templated":true}]}}