{"id":607,"date":"2021-03-01T13:10:44","date_gmt":"2021-03-01T12:10:44","guid":{"rendered":"https:\/\/ikth.de\/startseite\/?page_id=607"},"modified":"2026-02-11T16:02:34","modified_gmt":"2026-02-11T15:02:34","slug":"projekte-der-kammermitglieder","status":"publish","type":"page","link":"https:\/\/ikth.de\/startseite\/projekte-der-kammermitglieder\/","title":{"rendered":"Projekte der Kammermitglieder"},"content":{"rendered":"<div class=\"wpb-content-wrapper\"><p>[vc_row type=&#8220;vc_default&#8220;][vc_column][vc_row_inner][vc_column_inner width=&#8220;2\/3&#8243;][vc_column_text]<\/p>\n<p>Wir bieten unseren Kammermitgliedern an dieser Stelle die M\u00f6glichkeit, ihre Projekte vorzustellen.<\/p>\n<p>Sie sind Kammermitglied und m\u00f6chten Projekte auf dieser Seite pr\u00e4sentieren? Senden Sie eine E-Mail mit Fotos und einer Projektbeschreibung an uns.<\/p>\n<p>&nbsp;<\/p>\n<p>[\/vc_column_text][\/vc_column_inner][vc_column_inner width=&#8220;1\/3&#8243;]<div id=\"ultimate-heading-630369f57bae52f72\" class=\"uvc-heading ult-adjust-bottom-margin ultimate-heading-630369f57bae52f72 uvc-7475  uvc-heading-default-font-sizes\" data-hspacer=\"no_spacer\"  data-halign=\"left\" style=\"text-align:left\"><div class=\"uvc-heading-spacer no_spacer\" style=\"top\"><\/div><div class=\"uvc-main-heading ult-responsive\"  data-ultimate-target='.uvc-heading.ultimate-heading-630369f57bae52f72 h2'  data-responsive-json-new='{\"font-size\":\"\",\"line-height\":\"\"}' ><h2 style=\"--font-weight:theme;\">Ansprechpartnerin<\/h2><\/div><\/div>[vc_separator][vc_column_text css=&#8220;&#8220;]<strong>Julia Callensee-Flecken<br \/>\n<\/strong>Assistentin der Gesch\u00e4ftsf\u00fchrung<br \/>\n0361 22873-32<br \/>\n<a href=\"mailto:f.hartung@ikth.de\">j.callensee-flecken<\/a><a href=\"mailto:f.hartung@ikth.de\">@ikth.de<\/a>[\/vc_column_text][\/vc_column_inner][\/vc_row_inner][vc_separator color=&#8220;custom&#8220; accent_color=&#8220;#005091&#8243;][\/vc_column][\/vc_row][vc_row type=&#8220;vc_default&#8220;][vc_column]<style type=\"text\/css\" data-type=\"the7_shortcodes-inline-css\">.portfolio-shortcode.portfolio-masonry-shortcode-id-4484f05b4fc6e63a0a428a11c71441bc.dividers-on.classic-layout-list article {\n  padding-top: 0;\n}\n.portfolio-shortcode.portfolio-masonry-shortcode-id-4484f05b4fc6e63a0a428a11c71441bc.dividers-on.classic-layout-list article:first-of-type {\n  margin-top: 0;\n  padding-top: 0;\n}\n.portfolio-shortcode.portfolio-masonry-shortcode-id-4484f05b4fc6e63a0a428a11c71441bc.classic-layout-list.mode-list .post-entry-content {\n  width: calc(100% - );\n}\n.portfolio-shortcode.portfolio-masonry-shortcode-id-4484f05b4fc6e63a0a428a11c71441bc.classic-layout-list.mode-list .no-img .post-entry-content {\n  width: 100%;\n}\n.portfolio-shortcode.portfolio-masonry-shortcode-id-4484f05b4fc6e63a0a428a11c71441bc .filter-bg-decoration .filter-categories a.act {\n  color: #fff;\n}\n.portfolio-shortcode.portfolio-masonry-shortcode-id-4484f05b4fc6e63a0a428a11c71441bc:not(.mode-masonry) article:first-of-type,\n.portfolio-shortcode.portfolio-masonry-shortcode-id-4484f05b4fc6e63a0a428a11c71441bc:not(.mode-masonry) article.visible.first {\n  margin-top: 0;\n}\n.portfolio-shortcode.portfolio-masonry-shortcode-id-4484f05b4fc6e63a0a428a11c71441bc.dividers-on:not(.mode-masonry) article {\n  margin-top: 0;\n}\n.portfolio-shortcode.portfolio-masonry-shortcode-id-4484f05b4fc6e63a0a428a11c71441bc.dividers-on:not(.mode-masonry) article:first-of-type,\n.portfolio-shortcode.portfolio-masonry-shortcode-id-4484f05b4fc6e63a0a428a11c71441bc.dividers-on:not(.mode-masonry) article.visible.first {\n  margin-top: 0;\n  padding-top: 0;\n}\n.portfolio-shortcode.portfolio-masonry-shortcode-id-4484f05b4fc6e63a0a428a11c71441bc.hover-scale article:after {\n  background: -webkit-linear-gradient();\n  background: linear-gradient();\n}\n.portfolio-shortcode.portfolio-masonry-shortcode-id-4484f05b4fc6e63a0a428a11c71441bc.gradient-overlay-layout-list article {\n  border-radius: 0px;\n}\n.portfolio-shortcode.portfolio-masonry-shortcode-id-4484f05b4fc6e63a0a428a11c71441bc .post-thumbnail-wrap {\n  padding: 0px 0px 0px 0px;\n  border-radius: 0px;\n}\n.portfolio-shortcode.portfolio-masonry-shortcode-id-4484f05b4fc6e63a0a428a11c71441bc .post-thumbnail-wrap *,\n.portfolio-shortcode.portfolio-masonry-shortcode-id-4484f05b4fc6e63a0a428a11c71441bc .post-thumbnail-rollover:after {\n  border-radius: 0px;\n}\n.portfolio-shortcode.portfolio-masonry-shortcode-id-4484f05b4fc6e63a0a428a11c71441bc.enable-bg-rollover .post-thumbnail-rollover:after {\n  background: -webkit-linear-gradient();\n  background: linear-gradient();\n}\n.bottom-overlap-layout-list.portfolio-shortcode.portfolio-masonry-shortcode-id-4484f05b4fc6e63a0a428a11c71441bc .project-links-container {\n  height: calc(100% - 100px);\n}\n.portfolio-shortcode.portfolio-masonry-shortcode-id-4484f05b4fc6e63a0a428a11c71441bc .project-links-container a {\n  width: 44px;\n  height: 44px;\n  line-height: 44px;\n  border-radius: 100px;\n  margin: 10px 5px 10px;\n}\n.content-rollover-layout-list:not(.content-align-center).portfolio-shortcode.portfolio-masonry-shortcode-id-4484f05b4fc6e63a0a428a11c71441bc .project-links-container a,\n.gradient-overlay-layout-list:not(.content-align-center).portfolio-shortcode.portfolio-masonry-shortcode-id-4484f05b4fc6e63a0a428a11c71441bc .project-links-container a {\n  margin: 10px 10px 10px 0;\n}\n.dt-icon-border-on.portfolio-shortcode.portfolio-masonry-shortcode-id-4484f05b4fc6e63a0a428a11c71441bc .project-links-container a:before {\n  border-width: 0px;\n  border-style: solid;\n}\n.dt-icon-hover-border-on.portfolio-shortcode.portfolio-masonry-shortcode-id-4484f05b4fc6e63a0a428a11c71441bc .project-links-container a:after {\n  border-width: 0px;\n  border-style: solid;\n}\n.dt-icon-bg-on.portfolio-shortcode.portfolio-masonry-shortcode-id-4484f05b4fc6e63a0a428a11c71441bc .project-links-container a:before {\n  background: rgba(255,255,255,0.3);\n  -webkit-box-shadow: none;\n  box-shadow: none;\n}\n.dt-icon-hover-bg-on.portfolio-shortcode.portfolio-masonry-shortcode-id-4484f05b4fc6e63a0a428a11c71441bc .project-links-container a:after {\n  background: rgba(255,255,255,0.5);\n  -webkit-box-shadow: none;\n  box-shadow: none;\n}\n.portfolio-shortcode.portfolio-masonry-shortcode-id-4484f05b4fc6e63a0a428a11c71441bc .project-links-container a > span,\n.portfolio-shortcode.portfolio-masonry-shortcode-id-4484f05b4fc6e63a0a428a11c71441bc .project-links-container a > span:before {\n  font-size: 16px;\n  line-height: 44px;\n}\n.portfolio-shortcode.portfolio-masonry-shortcode-id-4484f05b4fc6e63a0a428a11c71441bc .project-links-container a:not(:hover) > span {\n  color: #ffffff;\n}\n.dt-icon-hover-off.portfolio-shortcode.portfolio-masonry-shortcode-id-4484f05b4fc6e63a0a428a11c71441bc .project-links-container a > span,\n.dt-icon-hover-off.portfolio-shortcode.portfolio-masonry-shortcode-id-4484f05b4fc6e63a0a428a11c71441bc .project-links-container a:hover > span {\n  color: #ffffff;\n}\n.dt-icon-hover-on.portfolio-shortcode.portfolio-masonry-shortcode-id-4484f05b4fc6e63a0a428a11c71441bc .project-links-container a:hover > span {\n  color: #ffffff;\n}\n.portfolio-shortcode.portfolio-masonry-shortcode-id-4484f05b4fc6e63a0a428a11c71441bc .entry-title,\n.portfolio-shortcode.portfolio-masonry-shortcode-id-4484f05b4fc6e63a0a428a11c71441bc.owl-carousel .entry-title {\n  margin-bottom: 5px;\n  font-weight: bold;\n}\n.portfolio-shortcode.portfolio-masonry-shortcode-id-4484f05b4fc6e63a0a428a11c71441bc .entry-meta {\n  margin-bottom: 15px;\n}\n.portfolio-shortcode.portfolio-masonry-shortcode-id-4484f05b4fc6e63a0a428a11c71441bc .portfolio-categories {\n  margin-bottom: 15px;\n}\n.portfolio-shortcode.portfolio-masonry-shortcode-id-4484f05b4fc6e63a0a428a11c71441bc .entry-excerpt {\n  margin-bottom: 5px;\n}\n.portfolio-shortcode.portfolio-masonry-shortcode-id-4484f05b4fc6e63a0a428a11c71441bc:not(.centered-layout-list) .post-entry-content {\n  padding: 25px 30px 30px 30px;\n}\n.portfolio-shortcode.portfolio-masonry-shortcode-id-4484f05b4fc6e63a0a428a11c71441bc:not(.centered-layout-list):not(\n      .content-bg-on\n    ):not(.mode-list)\n    .no-img\n    .post-entry-content {\n  padding: 0;\n}\n.portfolio-shortcode.portfolio-masonry-shortcode-id-4484f05b4fc6e63a0a428a11c71441bc.gradient-overlay-layout-list .post-entry-content {\n  border-radius: 0px;\n}\n@media screen and (max-width: ) {\n  .portfolio-shortcode.portfolio-masonry-shortcode-id-4484f05b4fc6e63a0a428a11c71441bc article {\n    -webkit-flex-flow: column nowrap;\n    -moz-flex-flow: column nowrap;\n    -ms-flex-flow: column nowrap;\n    flex-flow: column nowrap;\n    margin-top: 20px;\n  }\n  .portfolio-shortcode.portfolio-masonry-shortcode-id-4484f05b4fc6e63a0a428a11c71441bc.dividers-on article {\n    border: none;\n  }\n  .portfolio-shortcode.portfolio-masonry-shortcode-id-4484f05b4fc6e63a0a428a11c71441bc.content-bg-on.centered-layout-list article {\n    padding: 0;\n  }\n  #page .portfolio-shortcode.portfolio-masonry-shortcode-id-4484f05b4fc6e63a0a428a11c71441bc .post-thumbnail-wrap,\n  #page .portfolio-shortcode.portfolio-masonry-shortcode-id-4484f05b4fc6e63a0a428a11c71441bc .post-entry-content {\n    width: 100%;\n    margin: 0;\n    top: 0;\n  }\n  #page .portfolio-shortcode.portfolio-masonry-shortcode-id-4484f05b4fc6e63a0a428a11c71441bc .post-thumbnail-wrap {\n    padding: 0;\n  }\n  #page .portfolio-shortcode.portfolio-masonry-shortcode-id-4484f05b4fc6e63a0a428a11c71441bc .post-entry-content:after {\n    display: none;\n  }\n  #page .portfolio-shortcode.portfolio-masonry-shortcode-id-4484f05b4fc6e63a0a428a11c71441bc .project-even .post-thumbnail-wrap,\n  #page .portfolio-shortcode.portfolio-masonry-shortcode-id-4484f05b4fc6e63a0a428a11c71441bc.centered-layout-list .post-thumbnail-wrap {\n    -webkit-order: 0;\n    -moz-order: 0;\n    -ms-flex-order: 0;\n    order: 0;\n  }\n  #page .portfolio-shortcode.portfolio-masonry-shortcode-id-4484f05b4fc6e63a0a428a11c71441bc.centered-layout-list .post-entry-title-content {\n    -webkit-order: 1;\n    -moz-order: 1;\n    -ms-flex-order: 1;\n    order: 1;\n    width: 100%;\n    padding: 20px 20px 0;\n  }\n  #page .portfolio-shortcode.portfolio-masonry-shortcode-id-4484f05b4fc6e63a0a428a11c71441bc.centered-layout-list .post-entry-content {\n    -webkit-order: 2;\n    -moz-order: 2;\n    -ms-flex-order: 2;\n    order: 2;\n    padding-top: 0;\n  }\n  #page .portfolio-shortcode.portfolio-masonry-shortcode-id-4484f05b4fc6e63a0a428a11c71441bc .post-entry-content {\n    padding: 20px;\n  }\n  #page .portfolio-shortcode.portfolio-masonry-shortcode-id-4484f05b4fc6e63a0a428a11c71441bc .entry-title {\n    margin: 3px 0 5px;\n    font-size: 20px;\n    line-height: 26px;\n  }\n  #page .portfolio-shortcode.portfolio-masonry-shortcode-id-4484f05b4fc6e63a0a428a11c71441bc .entry-meta {\n    margin: 5px 0 5px;\n  }\n  #page .portfolio-shortcode.portfolio-masonry-shortcode-id-4484f05b4fc6e63a0a428a11c71441bc .entry-excerpt {\n    margin: 15px 0 0;\n  }\n  #page .portfolio-shortcode.portfolio-masonry-shortcode-id-4484f05b4fc6e63a0a428a11c71441bc .post-details {\n    margin: 5px 0 10px;\n  }\n  #page .portfolio-shortcode.portfolio-masonry-shortcode-id-4484f05b4fc6e63a0a428a11c71441bc .post-details.details-type-link {\n    margin-bottom: 2px;\n  }\n}\n.portfolio-shortcode.portfolio-masonry-shortcode-id-4484f05b4fc6e63a0a428a11c71441bc:not(.resize-by-browser-width) .dt-css-grid {\n  grid-row-gap: 30px;\n  grid-column-gap: 30px;\n  grid-template-columns: repeat(auto-fill,minmax(,1fr));\n}\n.portfolio-shortcode.portfolio-masonry-shortcode-id-4484f05b4fc6e63a0a428a11c71441bc:not(.resize-by-browser-width) .dt-css-grid .double-width {\n  grid-column: span 2;\n}\n.cssgridlegacy.no-cssgrid .portfolio-shortcode.portfolio-masonry-shortcode-id-4484f05b4fc6e63a0a428a11c71441bc:not(.resize-by-browser-width) .dt-css-grid,\n.no-cssgridlegacy.no-cssgrid .portfolio-shortcode.portfolio-masonry-shortcode-id-4484f05b4fc6e63a0a428a11c71441bc:not(.resize-by-browser-width) .dt-css-grid {\n  display: flex;\n  flex-flow: row wrap;\n  margin: -15px;\n}\n.cssgridlegacy.no-cssgrid .portfolio-shortcode.portfolio-masonry-shortcode-id-4484f05b4fc6e63a0a428a11c71441bc:not(.resize-by-browser-width) .dt-css-grid .wf-cell,\n.no-cssgridlegacy.no-cssgrid .portfolio-shortcode.portfolio-masonry-shortcode-id-4484f05b4fc6e63a0a428a11c71441bc:not(.resize-by-browser-width) .dt-css-grid .wf-cell {\n  flex: 1 0 ;\n  max-width: 100%;\n  padding: 15px;\n  box-sizing: border-box;\n}\n.portfolio-shortcode.portfolio-masonry-shortcode-id-4484f05b4fc6e63a0a428a11c71441bc.resize-by-browser-width .dt-css-grid {\n  grid-template-columns: repeat(3,1fr);\n  grid-template-rows: auto;\n  grid-column-gap: 30px;\n  grid-row-gap: 30px;\n}\n.portfolio-shortcode.portfolio-masonry-shortcode-id-4484f05b4fc6e63a0a428a11c71441bc.resize-by-browser-width .dt-css-grid .double-width {\n  grid-column: span 2;\n}\n.cssgridlegacy.no-cssgrid .portfolio-shortcode.portfolio-masonry-shortcode-id-4484f05b4fc6e63a0a428a11c71441bc.resize-by-browser-width .dt-css-grid {\n  margin: -15px;\n}\n.cssgridlegacy.no-cssgrid .portfolio-shortcode.portfolio-masonry-shortcode-id-4484f05b4fc6e63a0a428a11c71441bc.resize-by-browser-width .dt-css-grid .wf-cell {\n  width: 33.3333333333%;\n  padding: 15px;\n}\n.cssgridlegacy.no-cssgrid .portfolio-shortcode.portfolio-masonry-shortcode-id-4484f05b4fc6e63a0a428a11c71441bc.resize-by-browser-width .dt-css-grid .wf-cell.double-width {\n  width: calc(33.3333333333%) * 2;\n}\n.portfolio-shortcode.portfolio-masonry-shortcode-id-4484f05b4fc6e63a0a428a11c71441bc.resize-by-browser-width:not(.centered-layout-list):not(.content-bg-on) .dt-css-grid {\n  grid-row-gap: 0px;\n}\n@media screen and (max-width: 1199px) {\n  .portfolio-shortcode.portfolio-masonry-shortcode-id-4484f05b4fc6e63a0a428a11c71441bc.resize-by-browser-width .dt-css-grid {\n    grid-template-columns: repeat(3,1fr);\n  }\n  .cssgridlegacy.no-cssgrid .portfolio-shortcode.portfolio-masonry-shortcode-id-4484f05b4fc6e63a0a428a11c71441bc.resize-by-browser-width .dt-css-grid .wf-cell,\n  .no-cssgridlegacy.no-cssgrid .portfolio-shortcode.portfolio-masonry-shortcode-id-4484f05b4fc6e63a0a428a11c71441bc.resize-by-browser-width .dt-css-grid .wf-cell {\n    width: 33.3333333333%;\n  }\n  .cssgridlegacy.no-cssgrid .portfolio-shortcode.portfolio-masonry-shortcode-id-4484f05b4fc6e63a0a428a11c71441bc.resize-by-browser-width .dt-css-grid .wf-cell.double-width,\n  .no-cssgridlegacy.no-cssgrid .portfolio-shortcode.portfolio-masonry-shortcode-id-4484f05b4fc6e63a0a428a11c71441bc.resize-by-browser-width .dt-css-grid .wf-cell.double-width {\n    width: calc(33.3333333333%)*2;\n  }\n}\n@media screen and (max-width: 991px) {\n  .portfolio-shortcode.portfolio-masonry-shortcode-id-4484f05b4fc6e63a0a428a11c71441bc.resize-by-browser-width .dt-css-grid {\n    grid-template-columns: repeat(2,1fr);\n  }\n  .cssgridlegacy.no-cssgrid .portfolio-shortcode.portfolio-masonry-shortcode-id-4484f05b4fc6e63a0a428a11c71441bc.resize-by-browser-width .dt-css-grid .wf-cell,\n  .no-cssgridlegacy.no-cssgrid .portfolio-shortcode.portfolio-masonry-shortcode-id-4484f05b4fc6e63a0a428a11c71441bc.resize-by-browser-width .dt-css-grid .wf-cell {\n    width: 50%;\n  }\n  .cssgridlegacy.no-cssgrid .portfolio-shortcode.portfolio-masonry-shortcode-id-4484f05b4fc6e63a0a428a11c71441bc.resize-by-browser-width .dt-css-grid .wf-cell.double-width,\n  .no-cssgridlegacy.no-cssgrid .portfolio-shortcode.portfolio-masonry-shortcode-id-4484f05b4fc6e63a0a428a11c71441bc.resize-by-browser-width .dt-css-grid .wf-cell.double-width {\n    width: calc(50%)*2;\n  }\n}\n@media screen and (max-width: 767px) {\n  .portfolio-shortcode.portfolio-masonry-shortcode-id-4484f05b4fc6e63a0a428a11c71441bc.resize-by-browser-width .dt-css-grid {\n    grid-template-columns: repeat(1,1fr);\n  }\n  .portfolio-shortcode.portfolio-masonry-shortcode-id-4484f05b4fc6e63a0a428a11c71441bc.resize-by-browser-width .dt-css-grid .double-width {\n    grid-column: span 1;\n  }\n  .cssgridlegacy.no-cssgrid .portfolio-shortcode.portfolio-masonry-shortcode-id-4484f05b4fc6e63a0a428a11c71441bc.resize-by-browser-width .dt-css-grid .wf-cell,\n  .no-cssgridlegacy.no-cssgrid .portfolio-shortcode.portfolio-masonry-shortcode-id-4484f05b4fc6e63a0a428a11c71441bc.resize-by-browser-width .dt-css-grid .wf-cell {\n    width: 100%;\n  }\n  .cssgridlegacy.no-cssgrid .portfolio-shortcode.portfolio-masonry-shortcode-id-4484f05b4fc6e63a0a428a11c71441bc.resize-by-browser-width .dt-css-grid .wf-cell.double-width,\n  .no-cssgridlegacy.no-cssgrid .portfolio-shortcode.portfolio-masonry-shortcode-id-4484f05b4fc6e63a0a428a11c71441bc.resize-by-browser-width .dt-css-grid .wf-cell.double-width {\n    width: calc(100%)*2;\n  }\n}<\/style><div class=\"portfolio-shortcode portfolio-masonry-shortcode-id-4484f05b4fc6e63a0a428a11c71441bc mode-grid classic-layout-list content-bg-on jquery-filter dt-icon-bg-on dt-icon-border-on dt-icon-hover-on dt-icon-hover-border-on dt-icon-hover-bg-on quick-scale-img meta-info-off dt-css-grid-wrap enable-bg-rollover resize-by-browser-width  loading-effect-fade-in description-under-image \" data-padding=\"15px\" data-cur-page=\"1\" data-post-limit=\"-1\" data-pagination-mode=\"none\" data-desktop-columns-num=\"3\" data-v-tablet-columns-num=\"2\" data-h-tablet-columns-num=\"3\" data-phone-columns-num=\"1\" data-width=\"0px\" data-columns=\"0\"><div class=\"dt-css-grid\" ><div class=\"visible wf-cell\" data-post-id=\"3174\" data-date=\"2021-10-08T10:22:10+02:00\" data-name=\"Schaukelbr\u00fccke im Park an der Ilm in Weimar\"><article class=\"post visible post-3174 dt_portfolio type-dt_portfolio status-publish has-post-thumbnail hentry dt_portfolio_category-projekte dt_portfolio_tags-schaukelbruecke-weimar dt_portfolio_category-10\" data-name=\"Schaukelbr\u00fccke im Park an der Ilm in Weimar\" data-date=\"2021-10-08T10:22:10+02:00\">\n\n<div class=\"post-thumbnail-wrap  \">\n\t<div class=\"post-thumbnail\">\n\n\t\t<a href=\"https:\/\/ikth.de\/startseite\/project\/schaukelbruecke-im-park-an-der-ilm-in-weimar\/\" class=\"post-thumbnail-rollover\" target=\"\"  aria-label=\"Post image\"><img loading=\"lazy\" decoding=\"async\" class=\"preload-me aspect\" src=\"https:\/\/ikth.de\/wp-content\/uploads\/2021\/10\/Schaukelbruecke-5-scaled-e1633684293486-768x768.jpg\" srcset=\"https:\/\/ikth.de\/wp-content\/uploads\/2021\/10\/Schaukelbruecke-5-scaled-e1633684293486-768x768.jpg 768w, https:\/\/ikth.de\/wp-content\/uploads\/2021\/10\/Schaukelbruecke-5-scaled-e1633684293486-841x841.jpg 841w\" style=\"--ratio: 768 \/ 768\" sizes=\"auto, (max-width: 768px) 100vw, 768px\" alt=\"Blick auf die Schaukelbr\u00fccke in Weimar\" title=\"Schaukelbr\u00fccke\" width=\"768\" height=\"768\"  \/><\/a><div class=\"project-links-container\"><a href=\"https:\/\/ikth.de\/wp-content\/uploads\/2021\/10\/Schaukelbruecke-5-scaled-e1633684293486.jpg\" class=\"project-zoom dt-pswp-item dt-single-pswp-popup\" title=\"Schaukelbr\u00fccke\" data-dt-img-description=\"\" data-large_image_width=\"1260\" data-large_image_height=\"841\" aria-label=\"Portfolio zoom icon\"><span class=\"icon-portfolio-p203\"><\/span><\/a><a href=\"https:\/\/ikth.de\/startseite\/project\/schaukelbruecke-im-park-an-der-ilm-in-weimar\/\" target=\"\" class=\"project-details\" aria-label=\"Details link\"><span class=\"icon-portfolio-p205\"><\/span><\/a><\/div>\n\t<\/div>\n<\/div>\n\n\n<div class=\"post-entry-content\">\n\n\t<h3 class=\"entry-title\">\n\t\t<a href=\"https:\/\/ikth.de\/startseite\/project\/schaukelbruecke-im-park-an-der-ilm-in-weimar\/\" target=\"\" title=\"Schaukelbr\u00fccke im Park an der Ilm in Weimar\" rel=\"bookmark\">Schaukelbr\u00fccke im Park an der Ilm in Weimar<\/a>\n\t<\/h3>\n\n\t\n\t<div class=\"entry-excerpt\"><p>Schaukelbr\u00fccke im Park an der Ilm in Weimar in einem Teil des UNESCO- Weltkulturerbes \u201eKlassisches Weimar\u201c. Instandsetzung der historischen Schaukelbr\u00fccke, eine der \u00e4ltesten noch erhaltenen H\u00e4ngebr\u00fccken Deutschlands. Die Besch\u00e4digungen der historischen Br\u00fccke durch ein Hochwasser im Jahr 2013 machten einen Ersatz oder eine Ert\u00fcchtigung dieses Baudenkmals unumg\u00e4nglich. Die Komplexit\u00e4t der Verkn\u00fcpfung von ingenieurtechnischen Leistungen und den weitestgehenden Erhalt historischer Bausubstanz&hellip;<\/p>\n<\/div>\n\t<a class=\"post-details details-type-link\" href=\"https:\/\/ikth.de\/startseite\/project\/schaukelbruecke-im-park-an-der-ilm-in-weimar\/\" target=\"\">Mehr erfahren<i class=\"dt-icon-the7-arrow-03\" aria-hidden=\"true\"><\/i><\/a>\n<\/div><\/article><\/div><div class=\"visible wf-cell\" data-post-id=\"2181\" data-date=\"2021-06-24T08:30:20+02:00\" data-name=\"Sportst\u00e4tten Oberhof\"><article class=\"post visible post-2181 dt_portfolio type-dt_portfolio status-publish has-post-thumbnail hentry dt_portfolio_category-projekte dt_portfolio_category-10\" data-name=\"Sportst\u00e4tten Oberhof\" data-date=\"2021-06-24T08:30:20+02:00\">\n\n<div class=\"post-thumbnail-wrap  \">\n\t<div class=\"post-thumbnail\">\n\n\t\t<a href=\"https:\/\/ikth.de\/startseite\/project\/sportstaetten-oberhof\/\" class=\"post-thumbnail-rollover\" target=\"\"  aria-label=\"Post image\"><img loading=\"lazy\" decoding=\"async\" class=\"preload-me aspect\" src=\"https:\/\/ikth.de\/wp-content\/uploads\/2021\/06\/ahu090109_0185-768x768.jpg\" srcset=\"https:\/\/ikth.de\/wp-content\/uploads\/2021\/06\/ahu090109_0185-768x768.jpg 768w, https:\/\/ikth.de\/wp-content\/uploads\/2021\/06\/ahu090109_0185-797x797.jpg 797w\" style=\"--ratio: 768 \/ 768\" sizes=\"auto, (max-width: 768px) 100vw, 768px\" alt=\"\" title=\"ahu090109_0185\" width=\"768\" height=\"768\"  \/><\/a><div class=\"project-links-container\"><a href=\"https:\/\/ikth.de\/wp-content\/uploads\/2021\/06\/ahu090109_0185.jpg\" class=\"project-zoom dt-pswp-item dt-single-pswp-popup\" title=\"ahu090109_0185\" data-dt-img-description=\"\" data-large_image_width=\"1200\" data-large_image_height=\"797\" aria-label=\"Portfolio zoom icon\"><span class=\"icon-portfolio-p203\"><\/span><\/a><a href=\"https:\/\/ikth.de\/startseite\/project\/sportstaetten-oberhof\/\" target=\"\" class=\"project-details\" aria-label=\"Details link\"><span class=\"icon-portfolio-p205\"><\/span><\/a><\/div>\n\t<\/div>\n<\/div>\n\n\n<div class=\"post-entry-content\">\n\n\t<h3 class=\"entry-title\">\n\t\t<a href=\"https:\/\/ikth.de\/startseite\/project\/sportstaetten-oberhof\/\" target=\"\" title=\"Sportst\u00e4tten Oberhof\" rel=\"bookmark\">Sportst\u00e4tten Oberhof<\/a>\n\t<\/h3>\n\n\t\n\t<div class=\"entry-excerpt\"><p>Die Sportst\u00e4tten in Oberhof m\u00fcssen kontinuierlich ein technisch anspruchsvolles Niveau aufweisen, um den internationalen Sportst\u00e4ttenrichtlinien gerecht zu werden. In diesem Zusammenhang wurden verschiedene Bauwerke ersatzneugebaut sowie grundsaniert, wovon folgende Bauwerke durch HSP planerisch und bauleitungsseitig betreut wurden.<\/p>\n<\/div>\n\t<a class=\"post-details details-type-link\" href=\"https:\/\/ikth.de\/startseite\/project\/sportstaetten-oberhof\/\" target=\"\">Mehr erfahren<i class=\"dt-icon-the7-arrow-03\" aria-hidden=\"true\"><\/i><\/a>\n<\/div><\/article><\/div><div class=\"visible wf-cell\" data-post-id=\"2171\" data-date=\"2021-06-24T08:22:13+02:00\" data-name=\"Abwasserbeseitigung Werratal - Wiesgrund\"><article class=\"post visible post-2171 dt_portfolio type-dt_portfolio status-publish has-post-thumbnail hentry dt_portfolio_category-projekte dt_portfolio_category-10\" data-name=\"Abwasserbeseitigung Werratal &#8211; Wiesgrund\" data-date=\"2021-06-24T08:22:13+02:00\">\n\n<div class=\"post-thumbnail-wrap  \">\n\t<div class=\"post-thumbnail\">\n\n\t\t<a href=\"https:\/\/ikth.de\/startseite\/project\/abwasserbeseitigung-werratal-wiesgrund\/\" class=\"post-thumbnail-rollover\" target=\"\"  aria-label=\"Post image\"><img loading=\"lazy\" decoding=\"async\" class=\"preload-me aspect\" src=\"https:\/\/ikth.de\/wp-content\/uploads\/2021\/06\/DSC09628-768x768.jpg\" srcset=\"https:\/\/ikth.de\/wp-content\/uploads\/2021\/06\/DSC09628-768x768.jpg 768w, https:\/\/ikth.de\/wp-content\/uploads\/2021\/06\/DSC09628-867x867.jpg 867w\" style=\"--ratio: 768 \/ 768\" sizes=\"auto, (max-width: 768px) 100vw, 768px\" alt=\"\" title=\"DSC09628\" width=\"768\" height=\"768\"  \/><\/a><div class=\"project-links-container\"><a href=\"https:\/\/ikth.de\/wp-content\/uploads\/2021\/06\/DSC09628.jpg\" class=\"project-zoom dt-pswp-item dt-single-pswp-popup\" title=\"DSC09628\" data-dt-img-description=\"\" data-large_image_width=\"1200\" data-large_image_height=\"867\" aria-label=\"Portfolio zoom icon\"><span class=\"icon-portfolio-p203\"><\/span><\/a><a href=\"https:\/\/ikth.de\/startseite\/project\/abwasserbeseitigung-werratal-wiesgrund\/\" target=\"\" class=\"project-details\" aria-label=\"Details link\"><span class=\"icon-portfolio-p205\"><\/span><\/a><\/div>\n\t<\/div>\n<\/div>\n\n\n<div class=\"post-entry-content\">\n\n\t<h3 class=\"entry-title\">\n\t\t<a href=\"https:\/\/ikth.de\/startseite\/project\/abwasserbeseitigung-werratal-wiesgrund\/\" target=\"\" title=\"Abwasserbeseitigung Werratal &#8211; Wiesgrund\" rel=\"bookmark\">Abwasserbeseitigung Werratal &#8211; Wiesgrund<\/a>\n\t<\/h3>\n\n\t\n\t<div class=\"entry-excerpt\"><p>Im s\u00fcdth\u00fcringer Einzugsgebiet des Werratals bei Meiningen waren umfangreiche Planungen f\u00fcr die abwasserseitige Erschlie\u00dfung von insgesamt zehn Ortschaften notwendig. Dabei mussten f\u00fcr die Ortslagen entsprechende Generalentw\u00e4sserungspl\u00e4ne sowie ein Gesamtkonzept zur Abwasser\u00fcberleitung und -reinigung angefertigt werden. F\u00fcr die zentrale Abwasserreinigung wurde eine Kl\u00e4ranlage zwischen Ober- und Unterma\u00dffeld im sogenannten Gleisdreieck f\u00fcr insgesamt 7.400 EW (Einwohnerwerte) errichtet.<\/p>\n<\/div>\n\t<a class=\"post-details details-type-link\" href=\"https:\/\/ikth.de\/startseite\/project\/abwasserbeseitigung-werratal-wiesgrund\/\" target=\"\">Mehr erfahren<i class=\"dt-icon-the7-arrow-03\" aria-hidden=\"true\"><\/i><\/a>\n<\/div><\/article><\/div><div class=\"visible wf-cell\" data-post-id=\"2156\" data-date=\"2021-06-24T07:41:35+02:00\" data-name=\"Dompalais Erfurt\"><article class=\"post visible post-2156 dt_portfolio type-dt_portfolio status-publish has-post-thumbnail hentry dt_portfolio_category-projekte dt_portfolio_category-10\" data-name=\"Dompalais Erfurt\" data-date=\"2021-06-24T07:41:35+02:00\">\n\n<div class=\"post-thumbnail-wrap  \">\n\t<div class=\"post-thumbnail\">\n\n\t\t<a href=\"https:\/\/ikth.de\/startseite\/project\/dompalais-erfurt-hoffman-seifert-partner\/\" class=\"post-thumbnail-rollover\" target=\"\"  aria-label=\"Post image\"><img loading=\"lazy\" decoding=\"async\" class=\"preload-me aspect\" src=\"https:\/\/ikth.de\/wp-content\/uploads\/2021\/06\/2016_Erfurt_Peterstrae_5SR_5749-768x768.jpeg\" srcset=\"https:\/\/ikth.de\/wp-content\/uploads\/2021\/06\/2016_Erfurt_Peterstrae_5SR_5749-768x768.jpeg 768w, https:\/\/ikth.de\/wp-content\/uploads\/2021\/06\/2016_Erfurt_Peterstrae_5SR_5749-800x800.jpeg 800w\" style=\"--ratio: 768 \/ 768\" sizes=\"auto, (max-width: 768px) 100vw, 768px\" alt=\"\" title=\"2016_Erfurt_Peterstrae_5SR_5749\" width=\"768\" height=\"768\"  \/><\/a><div class=\"project-links-container\"><a href=\"https:\/\/ikth.de\/wp-content\/uploads\/2021\/06\/2016_Erfurt_Peterstrae_5SR_5749.jpeg\" class=\"project-zoom dt-pswp-item dt-single-pswp-popup\" title=\"2016_Erfurt_Peterstrae_5SR_5749\" data-dt-img-description=\"\" data-large_image_width=\"1200\" data-large_image_height=\"800\" aria-label=\"Portfolio zoom icon\"><span class=\"icon-portfolio-p203\"><\/span><\/a><a href=\"https:\/\/ikth.de\/startseite\/project\/dompalais-erfurt-hoffman-seifert-partner\/\" target=\"\" class=\"project-details\" aria-label=\"Details link\"><span class=\"icon-portfolio-p205\"><\/span><\/a><\/div>\n\t<\/div>\n<\/div>\n\n\n<div class=\"post-entry-content\">\n\n\t<h3 class=\"entry-title\">\n\t\t<a href=\"https:\/\/ikth.de\/startseite\/project\/dompalais-erfurt-hoffman-seifert-partner\/\" target=\"\" title=\"Dompalais Erfurt\" rel=\"bookmark\">Dompalais Erfurt<\/a>\n\t<\/h3>\n\n\t\n\t<div class=\"entry-excerpt\"><p>Der Neubau des B\u00fcrogeb\u00e4udes in direkter Nachbarschaft zum Mariendom Erfurts bildet den Schlussstein f\u00fcr die Neuordnung des ehemaligen industriell gepr\u00e4gten Br\u00fchls. Es stellt den \u00dcbergang von der historischen Bebauung zu den Neubauten her und vermittelt in H\u00f6he und Aussehen. Das Geb\u00e4ude erh\u00e4lt eine Lochfassade, die in einem gleichm\u00e4\u00dfigen, klassischen Rhythmus aufgeteilt ist. Die Fenster erhalten als Reminiszenz an den benachbarten&hellip;<\/p>\n<\/div>\n\t<a class=\"post-details details-type-link\" href=\"https:\/\/ikth.de\/startseite\/project\/dompalais-erfurt-hoffman-seifert-partner\/\" target=\"\">Mehr erfahren<i class=\"dt-icon-the7-arrow-03\" aria-hidden=\"true\"><\/i><\/a>\n<\/div><\/article><\/div><div class=\"visible wf-cell\" data-post-id=\"1054\" data-date=\"2021-05-14T09:01:56+02:00\" data-name=\"Talbru\u0308cke Gera-Liebschwitz\"><article class=\"post visible post-1054 dt_portfolio type-dt_portfolio status-publish has-post-thumbnail hentry dt_portfolio_category-projekte dt_portfolio_category-10\" data-name=\"Talbru\u0308cke Gera-Liebschwitz\" data-date=\"2021-05-14T09:01:56+02:00\">\n\n<div class=\"post-thumbnail-wrap  \">\n\t<div class=\"post-thumbnail\">\n\n\t\t<a href=\"https:\/\/ikth.de\/startseite\/project\/talbru%cc%88cke-gera-liebschwitz\/\" class=\"post-thumbnail-rollover\" target=\"\"  aria-label=\"Post image\"><img loading=\"lazy\" decoding=\"async\" class=\"preload-me aspect\" src=\"https:\/\/ikth.de\/wp-content\/uploads\/2021\/05\/Gera-Liebschwitz9-768x768.jpg\" srcset=\"https:\/\/ikth.de\/wp-content\/uploads\/2021\/05\/Gera-Liebschwitz9-768x768.jpg 768w, https:\/\/ikth.de\/wp-content\/uploads\/2021\/05\/Gera-Liebschwitz9-900x900.jpg 900w\" style=\"--ratio: 768 \/ 768\" sizes=\"auto, (max-width: 768px) 100vw, 768px\" alt=\"Blick von oben auf die Talbru\u0308cke Gera-Liebschwitz\" title=\"Gera-Liebschwitz9\" width=\"768\" height=\"768\"  \/><\/a><div class=\"project-links-container\"><a href=\"https:\/\/ikth.de\/wp-content\/uploads\/2021\/05\/Gera-Liebschwitz9.jpg\" class=\"project-zoom dt-pswp-item dt-single-pswp-popup\" title=\"Gera-Liebschwitz9\" data-dt-img-description=\"\" data-large_image_width=\"1200\" data-large_image_height=\"900\" aria-label=\"Portfolio zoom icon\"><span class=\"icon-portfolio-p203\"><\/span><\/a><a href=\"https:\/\/ikth.de\/startseite\/project\/talbru%cc%88cke-gera-liebschwitz\/\" target=\"\" class=\"project-details\" aria-label=\"Details link\"><span class=\"icon-portfolio-p205\"><\/span><\/a><\/div>\n\t<\/div>\n<\/div>\n\n\n<div class=\"post-entry-content\">\n\n\t<h3 class=\"entry-title\">\n\t\t<a href=\"https:\/\/ikth.de\/startseite\/project\/talbru%cc%88cke-gera-liebschwitz\/\" target=\"\" title=\"Talbru\u0308cke Gera-Liebschwitz\" rel=\"bookmark\">Talbru\u0308cke Gera-Liebschwitz<\/a>\n\t<\/h3>\n\n\t\n\t<div class=\"entry-excerpt\"><p>[vc_row][vc_column][vc_empty_space][vc_row_inner][vc_column_inner width=&#8220;2\/3&#8243;][vc_column_text]Im Zuge des Neubaus der L 1082n bei Gera-Liebschwitz wurde zur \u00dcberf\u00fchrung der Bahn-strecke Leipzig \u2013 Gera, der Wei\u00dfen Elster mit ihrem \u00dcberschwemmungsgebiet und eines Radweges der Neubau einer&hellip;<\/p>\n<\/div>\n\t<a class=\"post-details details-type-link\" href=\"https:\/\/ikth.de\/startseite\/project\/talbru%cc%88cke-gera-liebschwitz\/\" target=\"\">Mehr erfahren<i class=\"dt-icon-the7-arrow-03\" aria-hidden=\"true\"><\/i><\/a>\n<\/div><\/article><\/div><div class=\"visible wf-cell\" data-post-id=\"3183\" data-date=\"2021-05-08T11:15:13+02:00\" data-name=\"R\u00fcckbau der Lahntalbr\u00fccke in Limburg an der Lahn, BAB A3 K\u00f6ln-Frankfurt\"><article class=\"post visible post-3183 dt_portfolio type-dt_portfolio status-publish has-post-thumbnail hentry dt_portfolio_category-projekte dt_portfolio_tags-rueckbau-der-lahntalbruecke-in-limburg dt_portfolio_category-10\" data-name=\"R\u00fcckbau der Lahntalbr\u00fccke in Limburg an der Lahn, BAB A3 K\u00f6ln-Frankfurt\" data-date=\"2021-05-08T11:15:13+02:00\">\n\n<div class=\"post-thumbnail-wrap  \">\n\t<div class=\"post-thumbnail\">\n\n\t\t<a href=\"https:\/\/ikth.de\/startseite\/project\/rueckbau-der-lahntalbruecke-in-limburg-an-der-lahn-bab-a3-koeln-frankfurt\/\" class=\"post-thumbnail-rollover\" target=\"\"  aria-label=\"Post image\"><img loading=\"lazy\" decoding=\"async\" class=\"preload-me aspect\" src=\"https:\/\/ikth.de\/wp-content\/uploads\/2021\/10\/Lahntalbruecke-4-scaled-e1633684856265-768x768.jpg\" srcset=\"https:\/\/ikth.de\/wp-content\/uploads\/2021\/10\/Lahntalbruecke-4-scaled-e1633684856265-768x768.jpg 768w, https:\/\/ikth.de\/wp-content\/uploads\/2021\/10\/Lahntalbruecke-4-scaled-e1633684856265-1041x1041.jpg 1041w\" style=\"--ratio: 768 \/ 768\" sizes=\"auto, (max-width: 768px) 100vw, 768px\" alt=\"Blick auf die Baustelle Lahntalbr\u00fccke\" title=\"Lahntalbr\u00fccke\" width=\"768\" height=\"768\"  \/><\/a><div class=\"project-links-container\"><a href=\"https:\/\/ikth.de\/wp-content\/uploads\/2021\/10\/Lahntalbruecke-4-scaled-e1633684856265.jpg\" class=\"project-zoom dt-pswp-item dt-single-pswp-popup\" title=\"Lahntalbr\u00fccke\" data-dt-img-description=\"\" data-large_image_width=\"1560\" data-large_image_height=\"1041\" aria-label=\"Portfolio zoom icon\"><span class=\"icon-portfolio-p203\"><\/span><\/a><a href=\"https:\/\/ikth.de\/startseite\/project\/rueckbau-der-lahntalbruecke-in-limburg-an-der-lahn-bab-a3-koeln-frankfurt\/\" target=\"\" class=\"project-details\" aria-label=\"Details link\"><span class=\"icon-portfolio-p205\"><\/span><\/a><\/div>\n\t<\/div>\n<\/div>\n\n\n<div class=\"post-entry-content\">\n\n\t<h3 class=\"entry-title\">\n\t\t<a href=\"https:\/\/ikth.de\/startseite\/project\/rueckbau-der-lahntalbruecke-in-limburg-an-der-lahn-bab-a3-koeln-frankfurt\/\" target=\"\" title=\"R\u00fcckbau der Lahntalbr\u00fccke in Limburg an der Lahn, BAB A3 K\u00f6ln-Frankfurt\" rel=\"bookmark\">R\u00fcckbau der Lahntalbr\u00fccke in Limburg an der Lahn, BAB A3 K\u00f6ln-Frankfurt<\/a>\n\t<\/h3>\n\n\t\n\t<div class=\"entry-excerpt\"><p>Im s\u00fcdth\u00fcringer Einzugsgebiet des Werratals bei Meiningen waren umfangreiche Planungen f\u00fcr die abwasserseitige Erschlie\u00dfung von insgesamt zehn Ortschaften notwendig. Dabei mussten f\u00fcr die Ortslagen entsprechende Generalentw\u00e4sserungspl\u00e4ne sowie ein Gesamtkonzept zur Abwasser\u00fcberleitung und -reinigung angefertigt werden. F\u00fcr die zentrale Abwasserreinigung wurde eine Kl\u00e4ranlage zwischen Ober- und Unterma\u00dffeld im sogenannten Gleisdreieck f\u00fcr insgesamt 7.400 EW (Einwohnerwerte) errichtet.<\/p>\n<\/div>\n\t<a class=\"post-details details-type-link\" href=\"https:\/\/ikth.de\/startseite\/project\/rueckbau-der-lahntalbruecke-in-limburg-an-der-lahn-bab-a3-koeln-frankfurt\/\" target=\"\">Mehr erfahren<i class=\"dt-icon-the7-arrow-03\" aria-hidden=\"true\"><\/i><\/a>\n<\/div><\/article><\/div><div class=\"visible wf-cell\" data-post-id=\"1023\" data-date=\"2021-04-28T10:40:19+02:00\" data-name=\"Mehrfamilienh\u00e4user \u201eNordlichter II\u201c, Jena\"><article class=\"post visible post-1023 dt_portfolio type-dt_portfolio status-publish has-post-thumbnail hentry dt_portfolio_category-projekte dt_portfolio_category-10\" data-name=\"Mehrfamilienh\u00e4user \u201eNordlichter II\u201c, Jena\" data-date=\"2021-04-28T10:40:19+02:00\">\n\n<div class=\"post-thumbnail-wrap  \">\n\t<div class=\"post-thumbnail\">\n\n\t\t<a href=\"https:\/\/ikth.de\/startseite\/project\/mehrfamilienhaeuser-nordlichter-ii-jena\/\" class=\"post-thumbnail-rollover\" target=\"\"  aria-label=\"Post image\"><img loading=\"lazy\" decoding=\"async\" class=\"preload-me aspect\" src=\"https:\/\/ikth.de\/wp-content\/uploads\/2021\/04\/nordlichter-768x768.jpg\" srcset=\"https:\/\/ikth.de\/wp-content\/uploads\/2021\/04\/nordlichter-768x768.jpg 768w, https:\/\/ikth.de\/wp-content\/uploads\/2021\/04\/nordlichter-1152x1152.jpg 1152w\" style=\"--ratio: 768 \/ 768\" sizes=\"auto, (max-width: 768px) 100vw, 768px\" alt=\"Fassade des Neubaus Mehrfamilienh\u00e4user \u201eNordlichter II\u201c in Jena\" title=\"nordlichter\" width=\"768\" height=\"768\"  \/><\/a><div class=\"project-links-container\"><a href=\"https:\/\/ikth.de\/wp-content\/uploads\/2021\/04\/nordlichter.jpg\" class=\"project-zoom dt-pswp-item dt-single-pswp-popup\" title=\"nordlichter\" data-dt-img-description=\"jkasdfjasfasdfasfaslfjsfjsdf\" data-large_image_width=\"1200\" data-large_image_height=\"1226\" aria-label=\"Portfolio zoom icon\"><span class=\"icon-portfolio-p203\"><\/span><\/a><a href=\"https:\/\/ikth.de\/startseite\/project\/mehrfamilienhaeuser-nordlichter-ii-jena\/\" target=\"\" class=\"project-details\" aria-label=\"Details link\"><span class=\"icon-portfolio-p205\"><\/span><\/a><\/div>\n\t<\/div>\n<\/div>\n\n\n<div class=\"post-entry-content\">\n\n\t<h3 class=\"entry-title\">\n\t\t<a href=\"https:\/\/ikth.de\/startseite\/project\/mehrfamilienhaeuser-nordlichter-ii-jena\/\" target=\"\" title=\"Mehrfamilienh\u00e4user \u201eNordlichter II\u201c, Jena\" rel=\"bookmark\">Mehrfamilienh\u00e4user \u201eNordlichter II\u201c, Jena<\/a>\n\t<\/h3>\n\n\t\n\t<div class=\"entry-excerpt\"><p>[vc_row][vc_column][vc_empty_space][vc_row_inner][vc_column_inner width=&#8220;2\/3&#8243;][vc_column_text]Der Neubau \u201eNordlichter II\u201c umfasst insgesamt f\u00fcnf vier- und f\u00fcnfgeschossige Wohngeb\u00e4ude mit Aufz\u00fcgen und insgesamt 78 hochwertig ausgestatteten Wohnungen zwischen 32 und 142 m\u00b2. An zwei Geb\u00e4uden befinden sich&hellip;<\/p>\n<\/div>\n\t<a class=\"post-details details-type-link\" href=\"https:\/\/ikth.de\/startseite\/project\/mehrfamilienhaeuser-nordlichter-ii-jena\/\" target=\"\">Mehr erfahren<i class=\"dt-icon-the7-arrow-03\" aria-hidden=\"true\"><\/i><\/a>\n<\/div><\/article><\/div><div class=\"visible wf-cell\" data-post-id=\"1018\" data-date=\"2021-04-28T10:34:29+02:00\" data-name=\"Kulturbibliothek Nordhausen  mit Tiefgarage\"><article class=\"post visible post-1018 dt_portfolio type-dt_portfolio status-publish has-post-thumbnail hentry dt_portfolio_category-projekte dt_portfolio_category-10\" data-name=\"Kulturbibliothek Nordhausen  mit Tiefgarage\" data-date=\"2021-04-28T10:34:29+02:00\">\n\n<div class=\"post-thumbnail-wrap  \">\n\t<div class=\"post-thumbnail\">\n\n\t\t<a href=\"https:\/\/ikth.de\/startseite\/project\/kulturbibliothek-nordhausen-mit-tiefgarage\/\" class=\"post-thumbnail-rollover\" target=\"\"  aria-label=\"Post image\"><img loading=\"lazy\" decoding=\"async\" class=\"preload-me aspect\" src=\"https:\/\/ikth.de\/wp-content\/uploads\/2021\/04\/Kulturbibliothek-Nordhausen-768x768.jpg\" srcset=\"https:\/\/ikth.de\/wp-content\/uploads\/2021\/04\/Kulturbibliothek-Nordhausen-768x768.jpg 768w, https:\/\/ikth.de\/wp-content\/uploads\/2021\/04\/Kulturbibliothek-Nordhausen-800x800.jpg 800w\" style=\"--ratio: 768 \/ 768\" sizes=\"auto, (max-width: 768px) 100vw, 768px\" alt=\"Fassade der Kulturbibliothek Nordhausen\" title=\"Kulturbibliothek-Nordhausen\" width=\"768\" height=\"768\"  \/><\/a><div class=\"project-links-container\"><a href=\"https:\/\/ikth.de\/wp-content\/uploads\/2021\/04\/Kulturbibliothek-Nordhausen.jpg\" class=\"project-zoom dt-pswp-item dt-single-pswp-popup\" title=\"Kulturbibliothek-Nordhausen\" data-dt-img-description=\"\" data-large_image_width=\"1200\" data-large_image_height=\"800\" aria-label=\"Portfolio zoom icon\"><span class=\"icon-portfolio-p203\"><\/span><\/a><a href=\"https:\/\/ikth.de\/startseite\/project\/kulturbibliothek-nordhausen-mit-tiefgarage\/\" target=\"\" class=\"project-details\" aria-label=\"Details link\"><span class=\"icon-portfolio-p205\"><\/span><\/a><\/div>\n\t<\/div>\n<\/div>\n\n\n<div class=\"post-entry-content\">\n\n\t<h3 class=\"entry-title\">\n\t\t<a href=\"https:\/\/ikth.de\/startseite\/project\/kulturbibliothek-nordhausen-mit-tiefgarage\/\" target=\"\" title=\"Kulturbibliothek Nordhausen  mit Tiefgarage\" rel=\"bookmark\">Kulturbibliothek Nordhausen  mit Tiefgarage<\/a>\n\t<\/h3>\n\n\t\n\t<div class=\"entry-excerpt\"><p>[vc_row][vc_column][vc_empty_space][vc_row_inner][vc_column_inner width=&#8220;2\/3&#8243;][vc_column_text]Der Neubau der Kulturbibliothek schlie\u00dft eine seit den 1960er Jahren bestehende st\u00e4dtebauliche L\u00fccke zwischen der Wohnbebauung am Kornmarkt und dem Rathaus und bildet somit die \u201eNeue Mitte\u201c der Stadt&hellip;<\/p>\n<\/div>\n\t<a class=\"post-details details-type-link\" href=\"https:\/\/ikth.de\/startseite\/project\/kulturbibliothek-nordhausen-mit-tiefgarage\/\" target=\"\">Mehr erfahren<i class=\"dt-icon-the7-arrow-03\" aria-hidden=\"true\"><\/i><\/a>\n<\/div><\/article><\/div><div class=\"visible wf-cell\" data-post-id=\"1013\" data-date=\"2021-04-28T10:19:18+02:00\" data-name=\"Neubau der Kindertagesst\u00e4tte &quot;Holzw\u00fcrmchen&quot; in  Weimar\"><article class=\"post visible post-1013 dt_portfolio type-dt_portfolio status-publish has-post-thumbnail hentry dt_portfolio_category-projekte dt_portfolio_category-10\" data-name=\"Neubau der Kindertagesst\u00e4tte &#8222;Holzw\u00fcrmchen&#8220; in  Weimar\" data-date=\"2021-04-28T10:19:18+02:00\">\n\n<div class=\"post-thumbnail-wrap  \">\n\t<div class=\"post-thumbnail\">\n\n\t\t<a href=\"https:\/\/ikth.de\/startseite\/project\/neubau-der-kindertagesstaette-holzwuermchen-in-weimar\/\" class=\"post-thumbnail-rollover\" target=\"\"  aria-label=\"Post image\"><img loading=\"lazy\" decoding=\"async\" class=\"preload-me aspect\" src=\"https:\/\/ikth.de\/wp-content\/uploads\/2021\/04\/Ansicht_Forum1-768x768.jpg\" srcset=\"https:\/\/ikth.de\/wp-content\/uploads\/2021\/04\/Ansicht_Forum1-768x768.jpg 768w, https:\/\/ikth.de\/wp-content\/uploads\/2021\/04\/Ansicht_Forum1-800x800.jpg 800w\" style=\"--ratio: 768 \/ 768\" sizes=\"auto, (max-width: 768px) 100vw, 768px\" alt=\"Fassade der Kindertagesst\u00e4tte ``Holzw\u00fcrmchen`` in Weimar\" title=\"Ansicht_Forum1\" width=\"768\" height=\"768\"  \/><\/a><div class=\"project-links-container\"><a href=\"https:\/\/ikth.de\/wp-content\/uploads\/2021\/04\/Ansicht_Forum1.jpg\" class=\"project-zoom dt-pswp-item dt-single-pswp-popup\" title=\"Ansicht_Forum1\" data-dt-img-description=\"\" data-large_image_width=\"1200\" data-large_image_height=\"800\" aria-label=\"Portfolio zoom icon\"><span class=\"icon-portfolio-p203\"><\/span><\/a><a href=\"https:\/\/ikth.de\/startseite\/project\/neubau-der-kindertagesstaette-holzwuermchen-in-weimar\/\" target=\"\" class=\"project-details\" aria-label=\"Details link\"><span class=\"icon-portfolio-p205\"><\/span><\/a><\/div>\n\t<\/div>\n<\/div>\n\n\n<div class=\"post-entry-content\">\n\n\t<h3 class=\"entry-title\">\n\t\t<a href=\"https:\/\/ikth.de\/startseite\/project\/neubau-der-kindertagesstaette-holzwuermchen-in-weimar\/\" target=\"\" title=\"Neubau der Kindertagesst\u00e4tte &#8222;Holzw\u00fcrmchen&#8220; in  Weimar\" rel=\"bookmark\">Neubau der Kindertagesst\u00e4tte &#8222;Holzw\u00fcrmchen&#8220; in  Weimar<\/a>\n\t<\/h3>\n\n\t\n\t<div class=\"entry-excerpt\"><p>[vc_row][vc_column][vc_empty_space][vc_row_inner][vc_column_inner width=&#8220;2\/3&#8243;][vc_column_text]Erl\u00e4uterungen \u00fcber die Errichtung einer Kindertagesst\u00e4tte f\u00fcr 99 Kinder. Die tragende Konstruktion des zweigeschossigen Geb\u00e4udes besteht \u00fcberwiegend aus Holz. Nach Durchf\u00fchrung eines St\u00e4dtebauwettbewerbes im Denkmalensemble ehemaliger Schlachthof im Norden&hellip;<\/p>\n<\/div>\n\t<a class=\"post-details details-type-link\" href=\"https:\/\/ikth.de\/startseite\/project\/neubau-der-kindertagesstaette-holzwuermchen-in-weimar\/\" target=\"\">Mehr erfahren<i class=\"dt-icon-the7-arrow-03\" aria-hidden=\"true\"><\/i><\/a>\n<\/div><\/article><\/div><div class=\"visible wf-cell\" data-post-id=\"3190\" data-date=\"2021-04-08T11:29:07+02:00\" data-name=\"Erneuerung der E\u00dc Lange-Feld-Stra\u00dfe in Hannover\"><article class=\"post visible post-3190 dt_portfolio type-dt_portfolio status-publish has-post-thumbnail hentry dt_portfolio_category-projekte dt_portfolio_tags-erneuerung-der-eue-lange-feld-strasse-in-hannover dt_portfolio_category-10\" data-name=\"Erneuerung der E\u00dc Lange-Feld-Stra\u00dfe in Hannover\" data-date=\"2021-04-08T11:29:07+02:00\">\n\n<div class=\"post-thumbnail-wrap  \">\n\t<div class=\"post-thumbnail\">\n\n\t\t<a href=\"https:\/\/ikth.de\/startseite\/project\/erneuerung-der-eue-lange-feld-strasse-in-hannover\/\" class=\"post-thumbnail-rollover\" target=\"\"  aria-label=\"Post image\"><img loading=\"lazy\" decoding=\"async\" class=\"preload-me aspect\" src=\"https:\/\/ikth.de\/wp-content\/uploads\/2021\/10\/EUe-Lange-Feld-Strasse-1-scaled-e1633685619561-768x768.jpg\" srcset=\"https:\/\/ikth.de\/wp-content\/uploads\/2021\/10\/EUe-Lange-Feld-Strasse-1-scaled-e1633685619561-768x768.jpg 768w, https:\/\/ikth.de\/wp-content\/uploads\/2021\/10\/EUe-Lange-Feld-Strasse-1-scaled-e1633685619561-1040x1040.jpg 1040w\" style=\"--ratio: 768 \/ 768\" sizes=\"auto, (max-width: 768px) 100vw, 768px\" alt=\"Blick von unten auf die Br\u00fccke Lange Feld Stra\u00dfe Hannover\" title=\"E\u00dc Lange Feld Stra\u00dfe 1\" width=\"768\" height=\"768\"  \/><\/a><div class=\"project-links-container\"><a href=\"https:\/\/ikth.de\/wp-content\/uploads\/2021\/10\/EUe-Lange-Feld-Strasse-1-scaled-e1633685619561.jpg\" class=\"project-zoom dt-pswp-item dt-single-pswp-popup\" title=\"E\u00dc Lange Feld Stra\u00dfe 1\" data-dt-img-description=\"\" data-large_image_width=\"1560\" data-large_image_height=\"1040\" aria-label=\"Portfolio zoom icon\"><span class=\"icon-portfolio-p203\"><\/span><\/a><a href=\"https:\/\/ikth.de\/startseite\/project\/erneuerung-der-eue-lange-feld-strasse-in-hannover\/\" target=\"\" class=\"project-details\" aria-label=\"Details link\"><span class=\"icon-portfolio-p205\"><\/span><\/a><\/div>\n\t<\/div>\n<\/div>\n\n\n<div class=\"post-entry-content\">\n\n\t<h3 class=\"entry-title\">\n\t\t<a href=\"https:\/\/ikth.de\/startseite\/project\/erneuerung-der-eue-lange-feld-strasse-in-hannover\/\" target=\"\" title=\"Erneuerung der E\u00dc Lange-Feld-Stra\u00dfe in Hannover\" rel=\"bookmark\">Erneuerung der E\u00dc Lange-Feld-Stra\u00dfe in Hannover<\/a>\n\t<\/h3>\n\n\t\n\t<div class=\"entry-excerpt\"><p>Im s\u00fcdth\u00fcringer Einzugsgebiet des Werratals bei Meiningen waren umfangreiche Planungen f\u00fcr die abwasserseitige Erschlie\u00dfung von insgesamt zehn Ortschaften notwendig. Dabei mussten f\u00fcr die Ortslagen entsprechende Generalentw\u00e4sserungspl\u00e4ne sowie ein Gesamtkonzept zur Abwasser\u00fcberleitung und -reinigung angefertigt werden. F\u00fcr die zentrale Abwasserreinigung wurde eine Kl\u00e4ranlage zwischen Ober- und Unterma\u00dffeld im sogenannten Gleisdreieck f\u00fcr insgesamt 7.400 EW (Einwohnerwerte) errichtet.<\/p>\n<\/div>\n\t<a class=\"post-details details-type-link\" href=\"https:\/\/ikth.de\/startseite\/project\/erneuerung-der-eue-lange-feld-strasse-in-hannover\/\" target=\"\">Mehr erfahren<i class=\"dt-icon-the7-arrow-03\" aria-hidden=\"true\"><\/i><\/a>\n<\/div><\/article><\/div><div class=\"visible wf-cell\" data-post-id=\"616\" data-date=\"2021-03-01T13:22:26+01:00\" data-name=\"Fu\u00dfg\u00e4ngerbr\u00fccke \u00fcber die Anlagen der DB in Ilmenau\"><article class=\"post visible post-616 dt_portfolio type-dt_portfolio status-publish has-post-thumbnail hentry dt_portfolio_category-projekte dt_portfolio_category-10\" data-name=\"Fu\u00dfg\u00e4ngerbr\u00fccke \u00fcber die Anlagen der DB in Ilmenau\" data-date=\"2021-03-01T13:22:26+01:00\">\n\n<div class=\"post-thumbnail-wrap  \">\n\t<div class=\"post-thumbnail\">\n\n\t\t<a href=\"https:\/\/ikth.de\/startseite\/project\/fussgaengerbruecke-ueber-die-anlagen-der-db-in-ilmenau\/\" class=\"post-thumbnail-rollover\" target=\"\"  aria-label=\"Post image\"><img loading=\"lazy\" decoding=\"async\" class=\"preload-me aspect\" src=\"https:\/\/ikth.de\/wp-content\/uploads\/2021\/03\/Bild3-768x768.jpg\" srcset=\"https:\/\/ikth.de\/wp-content\/uploads\/2021\/03\/Bild3-768x768.jpg 768w, https:\/\/ikth.de\/wp-content\/uploads\/2021\/03\/Bild3-803x803.jpg 803w\" style=\"--ratio: 768 \/ 768\" sizes=\"auto, (max-width: 768px) 100vw, 768px\" alt=\"Blick auf die Fu\u00dfg\u00e4ngerbr\u00fccke \u00fcber die Anlagen der Deutschen Bahn in Ilmenau\" title=\"Bild3\" width=\"768\" height=\"768\"  \/><\/a><div class=\"project-links-container\"><a href=\"https:\/\/ikth.de\/wp-content\/uploads\/2021\/03\/Bild3.jpg\" class=\"project-zoom dt-pswp-item dt-single-pswp-popup\" title=\"Bild3\" data-dt-img-description=\"\" data-large_image_width=\"1200\" data-large_image_height=\"803\" aria-label=\"Portfolio zoom icon\"><span class=\"icon-portfolio-p203\"><\/span><\/a><a href=\"https:\/\/ikth.de\/startseite\/project\/fussgaengerbruecke-ueber-die-anlagen-der-db-in-ilmenau\/\" target=\"\" class=\"project-details\" aria-label=\"Details link\"><span class=\"icon-portfolio-p205\"><\/span><\/a><\/div>\n\t<\/div>\n<\/div>\n\n\n<div class=\"post-entry-content\">\n\n\t<h3 class=\"entry-title\">\n\t\t<a href=\"https:\/\/ikth.de\/startseite\/project\/fussgaengerbruecke-ueber-die-anlagen-der-db-in-ilmenau\/\" target=\"\" title=\"Fu\u00dfg\u00e4ngerbr\u00fccke \u00fcber die Anlagen der DB in Ilmenau\" rel=\"bookmark\">Fu\u00dfg\u00e4ngerbr\u00fccke \u00fcber die Anlagen der DB in Ilmenau<\/a>\n\t<\/h3>\n\n\t\n\t<div class=\"entry-excerpt\"><p>[vc_row][vc_column][vc_empty_space][vc_row_inner][vc_column_inner width=&#8220;1\/3&#8243;][vc_empty_space height=&#8220;10px&#8220;][vc_column_text]Ingenieurb\u00fcro Kleb GmbH Gustav-Freytag-Stra\u00dfe 29 99096 Erfurt[\/vc_column_text][vc_separator][vc_empty_space height=&#8220;10px&#8220;][vc_column_text]Auftraggeber: Stadtverwaltung Ilmenau Bauvorhaben: Fu\u00dfg\u00e4ngerbr\u00fccke \u00fcber die Anlagen der DB in Ilmenau Planungszeit: 2008 \u2013 2009 Bauzeit: 2009 \u2013 2010 Besonderheiten:&hellip;<\/p>\n<\/div>\n\t<a class=\"post-details details-type-link\" href=\"https:\/\/ikth.de\/startseite\/project\/fussgaengerbruecke-ueber-die-anlagen-der-db-in-ilmenau\/\" target=\"\">Mehr erfahren<i class=\"dt-icon-the7-arrow-03\" aria-hidden=\"true\"><\/i><\/a>\n<\/div><\/article><\/div><div class=\"visible wf-cell\" data-post-id=\"615\" data-date=\"2021-03-01T13:22:17+01:00\" data-name=\"Schloss Cecilienhof, Potsdam\"><article class=\"post visible post-615 dt_portfolio type-dt_portfolio status-publish has-post-thumbnail hentry dt_portfolio_category-projekte dt_portfolio_category-10\" data-name=\"Schloss Cecilienhof, Potsdam\" data-date=\"2021-03-01T13:22:17+01:00\">\n\n<div class=\"post-thumbnail-wrap  \">\n\t<div class=\"post-thumbnail\">\n\n\t\t<a href=\"https:\/\/ikth.de\/startseite\/project\/schloss-cecilienhof-potsdam\/\" class=\"post-thumbnail-rollover\" target=\"\"  aria-label=\"Post image\"><img loading=\"lazy\" decoding=\"async\" class=\"preload-me aspect\" src=\"https:\/\/ikth.de\/wp-content\/uploads\/2021\/03\/Schloss-Cecilienhof-768x768.jpg\" srcset=\"https:\/\/ikth.de\/wp-content\/uploads\/2021\/03\/Schloss-Cecilienhof-768x768.jpg 768w, https:\/\/ikth.de\/wp-content\/uploads\/2021\/03\/Schloss-Cecilienhof-799x799.jpg 799w\" style=\"--ratio: 768 \/ 768\" sizes=\"auto, (max-width: 768px) 100vw, 768px\" alt=\"Blick auf das Schloss Cecilienhof in Potsdam\" title=\"Schloss-Cecilienhof\" width=\"768\" height=\"768\"  \/><\/a><div class=\"project-links-container\"><a href=\"https:\/\/ikth.de\/wp-content\/uploads\/2021\/03\/Schloss-Cecilienhof.jpg\" class=\"project-zoom dt-pswp-item dt-single-pswp-popup\" title=\"Schloss-Cecilienhof\" data-dt-img-description=\"\" data-large_image_width=\"1200\" data-large_image_height=\"799\" aria-label=\"Portfolio zoom icon\"><span class=\"icon-portfolio-p203\"><\/span><\/a><a href=\"https:\/\/ikth.de\/startseite\/project\/schloss-cecilienhof-potsdam\/\" target=\"\" class=\"project-details\" aria-label=\"Details link\"><span class=\"icon-portfolio-p205\"><\/span><\/a><\/div>\n\t<\/div>\n<\/div>\n\n\n<div class=\"post-entry-content\">\n\n\t<h3 class=\"entry-title\">\n\t\t<a href=\"https:\/\/ikth.de\/startseite\/project\/schloss-cecilienhof-potsdam\/\" target=\"\" title=\"Schloss Cecilienhof, Potsdam\" rel=\"bookmark\">Schloss Cecilienhof, Potsdam<\/a>\n\t<\/h3>\n\n\t\n\t<div class=\"entry-excerpt\"><p>[vc_row][vc_column][vc_empty_space][vc_row_inner][vc_column_inner width=&#8220;2\/3&#8243;][vc_column_text]Das Schloss Cecilienhof wurde 1913 &#8211; 1917 nach Pl\u00e4nen von P. Schultze-Naumburg f\u00fcr Kronprinz Wilhelm und dessen Familie als letzter Schlossbau der Hohenzollern errichtet. Weltruhm erlangte das Schloss durch&hellip;<\/p>\n<\/div>\n\t<a class=\"post-details details-type-link\" href=\"https:\/\/ikth.de\/startseite\/project\/schloss-cecilienhof-potsdam\/\" target=\"\">Mehr erfahren<i class=\"dt-icon-the7-arrow-03\" aria-hidden=\"true\"><\/i><\/a>\n<\/div><\/article><\/div><div class=\"visible wf-cell\" data-post-id=\"189\" data-date=\"2021-02-25T16:45:54+01:00\" data-name=\"Heiligenstadt Fu\u00dfg\u00e4ngerbr\u00fccke\"><article class=\"post visible post-189 dt_portfolio type-dt_portfolio status-publish has-post-thumbnail hentry dt_portfolio_category-projekte dt_portfolio_category-10\" data-name=\"Heiligenstadt Fu\u00dfg\u00e4ngerbr\u00fccke\" data-date=\"2021-02-25T16:45:54+01:00\">\n\n<div class=\"post-thumbnail-wrap  \">\n\t<div class=\"post-thumbnail\">\n\n\t\t<a href=\"https:\/\/ikth.de\/startseite\/project\/heiligenstadt-fussgaengerbruecke\/\" class=\"post-thumbnail-rollover\" target=\"\"  aria-label=\"Post image\"><img loading=\"lazy\" decoding=\"async\" class=\"preload-me aspect\" src=\"https:\/\/ikth.de\/wp-content\/uploads\/2021\/02\/Heiligenstadt-750x750.jpg\" srcset=\"https:\/\/ikth.de\/wp-content\/uploads\/2021\/02\/Heiligenstadt-750x750.jpg 750w\" style=\"--ratio: 750 \/ 750\" sizes=\"auto, (max-width: 750px) 100vw, 750px\" alt=\"\" title=\"Heiligenstadt\" width=\"750\" height=\"750\"  \/><\/a><div class=\"project-links-container\"><a href=\"https:\/\/ikth.de\/wp-content\/uploads\/2021\/02\/Heiligenstadt.jpg\" class=\"project-zoom dt-pswp-item dt-single-pswp-popup\" title=\"Heiligenstadt\" data-dt-img-description=\"\" data-large_image_width=\"1000\" data-large_image_height=\"750\" aria-label=\"Portfolio zoom icon\"><span class=\"icon-portfolio-p203\"><\/span><\/a><a href=\"https:\/\/ikth.de\/startseite\/project\/heiligenstadt-fussgaengerbruecke\/\" target=\"\" class=\"project-details\" aria-label=\"Details link\"><span class=\"icon-portfolio-p205\"><\/span><\/a><\/div>\n\t<\/div>\n<\/div>\n\n\n<div class=\"post-entry-content\">\n\n\t<h3 class=\"entry-title\">\n\t\t<a href=\"https:\/\/ikth.de\/startseite\/project\/heiligenstadt-fussgaengerbruecke\/\" target=\"\" title=\"Heiligenstadt Fu\u00dfg\u00e4ngerbr\u00fccke\" rel=\"bookmark\">Heiligenstadt Fu\u00dfg\u00e4ngerbr\u00fccke<\/a>\n\t<\/h3>\n\n\t\n\t<div class=\"entry-excerpt\"><p>[vc_row][vc_column][vc_empty_space][vc_row_inner][vc_column_inner width=&#8220;2\/3&#8243;][vc_column_text]Nach dem Bau des Westzubringers Heiligenstadt zur A 38 konnte der Bahn\u00fcbergang \u201eRengelr\u00f6der Weg\u201c \u00fcber die stark frequentierte Bahnstrecke Halle \u2013 Kassel geschlossen werden. Als Ersatz daf\u00fcr musste f\u00fcr&hellip;<\/p>\n<\/div>\n\t<a class=\"post-details details-type-link\" href=\"https:\/\/ikth.de\/startseite\/project\/heiligenstadt-fussgaengerbruecke\/\" target=\"\">Mehr erfahren<i class=\"dt-icon-the7-arrow-03\" aria-hidden=\"true\"><\/i><\/a>\n<\/div><\/article><\/div><div class=\"visible wf-cell\" data-post-id=\"150\" data-date=\"2021-02-25T12:52:02+01:00\" data-name=\"Hausbr\u00fccke S\u00f6mmerda\"><article class=\"post visible post-150 dt_portfolio type-dt_portfolio status-publish has-post-thumbnail hentry dt_portfolio_category-projekte dt_portfolio_category-10\" data-name=\"Hausbr\u00fccke S\u00f6mmerda\" data-date=\"2021-02-25T12:52:02+01:00\">\n\n<div class=\"post-thumbnail-wrap  \">\n\t<div class=\"post-thumbnail\">\n\n\t\t<a href=\"https:\/\/ikth.de\/startseite\/project\/hausbruecke-soemmerda\/\" class=\"post-thumbnail-rollover\" target=\"\"  aria-label=\"Post image\"><img loading=\"lazy\" decoding=\"async\" class=\"preload-me aspect\" src=\"https:\/\/ikth.de\/wp-content\/uploads\/2021\/02\/hausbruecke-750x750.jpg\" srcset=\"https:\/\/ikth.de\/wp-content\/uploads\/2021\/02\/hausbruecke-750x750.jpg 750w\" style=\"--ratio: 750 \/ 750\" sizes=\"auto, (max-width: 750px) 100vw, 750px\" alt=\"Hausbr\u00fccke in Th\u00fcringen\" title=\"hausbruecke\" width=\"750\" height=\"750\"  \/><\/a><div class=\"project-links-container\"><a href=\"https:\/\/ikth.de\/wp-content\/uploads\/2021\/02\/hausbruecke.jpg\" class=\"project-zoom dt-pswp-item dt-single-pswp-popup\" title=\"hausbruecke\" data-dt-img-description=\"\" data-large_image_width=\"1000\" data-large_image_height=\"750\" aria-label=\"Portfolio zoom icon\"><span class=\"icon-portfolio-p203\"><\/span><\/a><a href=\"https:\/\/ikth.de\/startseite\/project\/hausbruecke-soemmerda\/\" target=\"\" class=\"project-details\" aria-label=\"Details link\"><span class=\"icon-portfolio-p205\"><\/span><\/a><\/div>\n\t<\/div>\n<\/div>\n\n\n<div class=\"post-entry-content\">\n\n\t<h3 class=\"entry-title\">\n\t\t<a href=\"https:\/\/ikth.de\/startseite\/project\/hausbruecke-soemmerda\/\" target=\"\" title=\"Hausbr\u00fccke S\u00f6mmerda\" rel=\"bookmark\">Hausbr\u00fccke S\u00f6mmerda<\/a>\n\t<\/h3>\n\n\t\n\t<div class=\"entry-excerpt\"><p>[vc_row][vc_column][vc_empty_space][vc_row_inner][vc_column_inner width=&#8220;2\/3&#8243;][vc_column_text]Als eine der wenigen noch erhaltenen Hausbr\u00fccken in Th\u00fcringen stellt die \u201eStadtparkbr\u00fccke S\u00f6mmerda\u201c ein einmaliges Zeugnis vergangener Br\u00fcckenbaukunst dar. Sie wurde im Jahre 1904 als Zugang zum Stadtpark errichtet&hellip;<\/p>\n<\/div>\n\t<a class=\"post-details details-type-link\" href=\"https:\/\/ikth.de\/startseite\/project\/hausbruecke-soemmerda\/\" target=\"\">Mehr erfahren<i class=\"dt-icon-the7-arrow-03\" aria-hidden=\"true\"><\/i><\/a>\n<\/div><\/article><\/div><\/div><!-- iso-container|iso-grid --><\/div>[vc_empty_space height=&#8220;60px&#8220;][\/vc_column][\/vc_row]<\/p>\n<\/div>","protected":false},"excerpt":{"rendered":"<p>[vc_row type=&#8220;vc_default&#8220;][vc_column][vc_row_inner][vc_column_inner width=&#8220;2\/3&#8243;][vc_column_text] Wir bieten unseren Kammermitgliedern an dieser Stelle die M\u00f6glichkeit, ihre Projekte vorzustellen. Sie sind Kammermitglied und m\u00f6chten Projekte auf dieser Seite pr\u00e4sentieren? Senden Sie eine E-Mail mit&hellip;<\/p>\n","protected":false},"author":3,"featured_media":0,"parent":0,"menu_order":0,"comment_status":"closed","ping_status":"closed","template":"","meta":{"_acf_changed":false,"footnotes":""},"class_list":["post-607","page","type-page","status-publish","hentry","description-off"],"acf":[],"yoast_head":"<!-- This site is optimized with the Yoast SEO plugin v26.4 - https:\/\/yoast.com\/wordpress\/plugins\/seo\/ -->\n<title>Projekte der Kammermitglieder - Ingenieurkammer Th\u00fcringen<\/title>\n<meta name=\"description\" content=\"0\" \/>\n<meta name=\"robots\" content=\"index, follow, max-snippet:-1, max-image-preview:large, max-video-preview:-1\" \/>\n<link rel=\"canonical\" href=\"https:\/\/ikth.de\/startseite\/projekte-der-kammermitglieder\/\" \/>\n<meta property=\"og:locale\" content=\"de_DE\" \/>\n<meta property=\"og:type\" content=\"article\" \/>\n<meta property=\"og:title\" content=\"Projekte der Kammermitglieder - Ingenieurkammer Th\u00fcringen\" \/>\n<meta property=\"og:description\" content=\"[vc_row type=&#8220;vc_default&#8220;][vc_column][vc_row_inner][vc_column_inner width=&#8220;2\/3&#8243;][vc_column_text] Wir bieten unseren Kammermitgliedern an dieser Stelle die M\u00f6glichkeit, ihre Projekte vorzustellen. Sie sind Kammermitglied und m\u00f6chten Projekte auf dieser Seite pr\u00e4sentieren? Senden Sie eine E-Mail mit&hellip;\" \/>\n<meta property=\"og:url\" content=\"https:\/\/ikth.de\/startseite\/projekte-der-kammermitglieder\/\" \/>\n<meta property=\"og:site_name\" content=\"Ingenieurkammer Th\u00fcringen\" \/>\n<meta property=\"article:modified_time\" content=\"2026-02-11T15:02:34+00:00\" \/>\n<meta name=\"twitter:card\" content=\"summary_large_image\" \/>\n<meta name=\"twitter:label1\" content=\"Gesch\u00e4tzte Lesezeit\" \/>\n\t<meta name=\"twitter:data1\" content=\"1\u00a0Minute\" \/>\n<script type=\"application\/ld+json\" class=\"yoast-schema-graph\">{\"@context\":\"https:\/\/schema.org\",\"@graph\":[{\"@type\":\"WebPage\",\"@id\":\"https:\/\/ikth.de\/startseite\/projekte-der-kammermitglieder\/\",\"url\":\"https:\/\/ikth.de\/startseite\/projekte-der-kammermitglieder\/\",\"name\":\"Projekte der Kammermitglieder - Ingenieurkammer Th\u00fcringen\",\"isPartOf\":{\"@id\":\"https:\/\/ikth.de\/startseite\/#website\"},\"datePublished\":\"2021-03-01T12:10:44+00:00\",\"dateModified\":\"2026-02-11T15:02:34+00:00\",\"breadcrumb\":{\"@id\":\"https:\/\/ikth.de\/startseite\/projekte-der-kammermitglieder\/#breadcrumb\"},\"inLanguage\":\"de\",\"potentialAction\":[{\"@type\":\"ReadAction\",\"target\":[\"https:\/\/ikth.de\/startseite\/projekte-der-kammermitglieder\/\"]}]},{\"@type\":\"BreadcrumbList\",\"@id\":\"https:\/\/ikth.de\/startseite\/projekte-der-kammermitglieder\/#breadcrumb\",\"itemListElement\":[{\"@type\":\"ListItem\",\"position\":1,\"name\":\"Startseite\",\"item\":\"https:\/\/ikth.de\/startseite\/\"},{\"@type\":\"ListItem\",\"position\":2,\"name\":\"Projekte der Kammermitglieder\"}]},{\"@type\":\"WebSite\",\"@id\":\"https:\/\/ikth.de\/startseite\/#website\",\"url\":\"https:\/\/ikth.de\/startseite\/\",\"name\":\"Ingenieurkammer Th\u00fcringen\",\"description\":\"\",\"potentialAction\":[{\"@type\":\"SearchAction\",\"target\":{\"@type\":\"EntryPoint\",\"urlTemplate\":\"https:\/\/ikth.de\/startseite\/?s={search_term_string}\"},\"query-input\":{\"@type\":\"PropertyValueSpecification\",\"valueRequired\":true,\"valueName\":\"search_term_string\"}}],\"inLanguage\":\"de\"}]}<\/script>\n<!-- \/ Yoast SEO plugin. -->","yoast_head_json":{"title":"Projekte der Kammermitglieder - Ingenieurkammer Th\u00fcringen","robots":{"index":"index","follow":"follow","max-snippet":"max-snippet:-1","max-image-preview":"max-image-preview:large","max-video-preview":"max-video-preview:-1"},"canonical":"https:\/\/ikth.de\/startseite\/projekte-der-kammermitglieder\/","og_locale":"de_DE","og_type":"article","og_title":"Projekte der Kammermitglieder - Ingenieurkammer Th\u00fcringen","og_description":"[vc_row type=&#8220;vc_default&#8220;][vc_column][vc_row_inner][vc_column_inner width=&#8220;2\/3&#8243;][vc_column_text] Wir bieten unseren Kammermitgliedern an dieser Stelle die M\u00f6glichkeit, ihre Projekte vorzustellen. Sie sind Kammermitglied und m\u00f6chten Projekte auf dieser Seite pr\u00e4sentieren? Senden Sie eine E-Mail mit&hellip;","og_url":"https:\/\/ikth.de\/startseite\/projekte-der-kammermitglieder\/","og_site_name":"Ingenieurkammer Th\u00fcringen","article_modified_time":"2026-02-11T15:02:34+00:00","twitter_card":"summary_large_image","twitter_misc":{"Gesch\u00e4tzte Lesezeit":"1\u00a0Minute"},"schema":{"@context":"https:\/\/schema.org","@graph":[{"@type":"WebPage","@id":"https:\/\/ikth.de\/startseite\/projekte-der-kammermitglieder\/","url":"https:\/\/ikth.de\/startseite\/projekte-der-kammermitglieder\/","name":"Projekte der Kammermitglieder - Ingenieurkammer Th\u00fcringen","isPartOf":{"@id":"https:\/\/ikth.de\/startseite\/#website"},"datePublished":"2021-03-01T12:10:44+00:00","dateModified":"2026-02-11T15:02:34+00:00","breadcrumb":{"@id":"https:\/\/ikth.de\/startseite\/projekte-der-kammermitglieder\/#breadcrumb"},"inLanguage":"de","potentialAction":[{"@type":"ReadAction","target":["https:\/\/ikth.de\/startseite\/projekte-der-kammermitglieder\/"]}]},{"@type":"BreadcrumbList","@id":"https:\/\/ikth.de\/startseite\/projekte-der-kammermitglieder\/#breadcrumb","itemListElement":[{"@type":"ListItem","position":1,"name":"Startseite","item":"https:\/\/ikth.de\/startseite\/"},{"@type":"ListItem","position":2,"name":"Projekte der Kammermitglieder"}]},{"@type":"WebSite","@id":"https:\/\/ikth.de\/startseite\/#website","url":"https:\/\/ikth.de\/startseite\/","name":"Ingenieurkammer Th\u00fcringen","description":"","potentialAction":[{"@type":"SearchAction","target":{"@type":"EntryPoint","urlTemplate":"https:\/\/ikth.de\/startseite\/?s={search_term_string}"},"query-input":{"@type":"PropertyValueSpecification","valueRequired":true,"valueName":"search_term_string"}}],"inLanguage":"de"}]}},"_links":{"self":[{"href":"https:\/\/ikth.de\/startseite\/wp-json\/wp\/v2\/pages\/607","targetHints":{"allow":["GET"]}}],"collection":[{"href":"https:\/\/ikth.de\/startseite\/wp-json\/wp\/v2\/pages"}],"about":[{"href":"https:\/\/ikth.de\/startseite\/wp-json\/wp\/v2\/types\/page"}],"author":[{"embeddable":true,"href":"https:\/\/ikth.de\/startseite\/wp-json\/wp\/v2\/users\/3"}],"replies":[{"embeddable":true,"href":"https:\/\/ikth.de\/startseite\/wp-json\/wp\/v2\/comments?post=607"}],"version-history":[{"count":5,"href":"https:\/\/ikth.de\/startseite\/wp-json\/wp\/v2\/pages\/607\/revisions"}],"predecessor-version":[{"id":9836,"href":"https:\/\/ikth.de\/startseite\/wp-json\/wp\/v2\/pages\/607\/revisions\/9836"}],"wp:attachment":[{"href":"https:\/\/ikth.de\/startseite\/wp-json\/wp\/v2\/media?parent=607"}],"curies":[{"name":"wp","href":"https:\/\/api.w.org\/{rel}","templated":true}]}}