{"id":2743,"date":"2021-08-20T09:03:36","date_gmt":"2021-08-20T07:03:36","guid":{"rendered":"https:\/\/ikth.de\/startseite\/schuelerwettbewerbe-copy\/"},"modified":"2026-04-27T11:36:27","modified_gmt":"2026-04-27T09:36:27","slug":"stellenportal","status":"publish","type":"page","link":"https:\/\/ikth.de\/startseite\/stellenportal\/","title":{"rendered":"Stellenportal"},"content":{"rendered":"<div class=\"wpb-content-wrapper\"><p>[vc_row type=&#8220;vc_default&#8220;][vc_column][vc_row_inner][vc_column_inner width=&#8220;1\/2&#8243;][vc_column_text]Die Ingenieurkammer Th\u00fcringen unterst\u00fctzt ausschlie\u00dflich ihre Mitglieder bei der Suche nach Mitarbeitern und Praktikanten durch Ver\u00f6ffentlichung Ihrer Stellen- und Praktikumsangebote.<\/p>\r\n<p>Die Kammer erhebt f\u00fcr die Inanspruchnahme ihrer Leistungen Geb\u00fchren gem\u00e4\u00df <a href=\"https:\/\/ikth.de\/startseite\/gesetze-und-verordnungen\/#1624281863255-10f3b031-a570\" target=\"_blank\" rel=\"noopener\">Kostenordnung der IKTh.<\/a><\/p>\r\n<p>Wenn Sie ein Inserat auf unserer Website ver\u00f6ffentlichen wollen, wenden Sie sich bitte an die Gesch\u00e4ftsstelle.<\/p>\r\n<p><em>Die Angaben auf dieser Seite wurden von der Ingenieurkammer Th\u00fcringen nicht gepr\u00fcft. Verantwortlich f\u00fcr den Inhalt ist ausschlie\u00dflich der Absender des Inserats.<\/em><\/p>\r\n<p>[\/vc_column_text][\/vc_column_inner][vc_column_inner width=&#8220;1\/2&#8243;][vc_column_text css=&#8220;&#8220;]<\/p>\r\n<p><strong>Ansprechpartnerin:<\/strong><\/p>\r\n<div class=\"team-author\">\r\n<p class=\"team-author-name\">Julia Callensee-Flecken<\/p>\r\n<\/div>\r\n<div class=\"team-content\">\r\n<p>Tel: 0361 22873 32<br \/>E-Mail: j.callensee-flecken@ikth.de<\/p>\r\n<\/div>\r\n<p>[\/vc_column_text][\/vc_column_inner][\/vc_row_inner][\/vc_column][\/vc_row][vc_row][\/vc_row][vc_column width=&#8220;3\/4&#8243; css=&#8220;.vc_custom_1631086587519{background-color: #dfe5f6 !important;}&#8220;][\/vc_column][vc_column_text css=&#8220;&#8220;][\/vc_column_text][vc_column_text css=&#8220;&#8220;][\/vc_column_text][vc_row][vc_column][vc_tta_accordion active_section=&#8220;1&#8243; title=&#8220;Stellenausschreibungen&#8220;][vc_tta_section title=&#8220;Professur f\u00fcr Statik und numerische Methoden&#8220; tab_id=&#8220;1777281702773-a015bd48-7540&#8243;][vc_column_text css=&#8220;&#8220;]<\/p>\r\n<p><em>Kennziffer:B18 \u2013 1 Stelle | Besoldungsgruppe W2 | unbefristet<\/em><\/p>\r\n<p>Wir sind die Fachhochschule Erfurt \u2013 eine Hochschule mit famili\u00e4rem Charakter: sechs Fakult\u00e4ten, rund 4.000 Studierende und mehr als 120 Professor:innen arbeiten gemeinsam an einer nachhaltigen, lebenswerten Gesellschaft. Die Fachrichtung Bauingenieurwesen an der Fakult\u00e4t f\u00fcr Bauingenieurwesen und Konservierung\/ Restaurierung steht f\u00fcr ihre innovative Herangehensweise an nachhaltiges Bauen und die F\u00f6rderung ingenieurtechnischer Spitzenleistungen. Durch interdisziplin\u00e4re Zusammenarbeit und den Einsatz modernster Technologien bereitet sie Studierende und Forschende darauf vor, wegweisende L\u00f6sungen f\u00fcr aktuelle und zuk\u00fcnftige Herausforderungen in der Bauindustrie zu entwickeln. F\u00fcr dieses innovative Umfeld suchen wir zum\u00a0Sommersemester 2027\u00a0eine Pers\u00f6nlichkeit, die die\u00a0<strong>Professur f\u00fcr Statik und numerische Methoden\u00a0<\/strong>mit Engagement und Expertise \u00fcbernimmt.<\/p>\r\n<p><strong>Ihre Aufgaben<\/strong><\/p>\r\n<ul>\r\n<li>Sie vertreten das Themengebiet Statik, Festigkeitslehre und numerische Methoden f\u00fcr Bachelor- und Masterstudieng\u00e4nge in praxisorientierter Lehre und anwendungsbezogener Forschung.<\/li>\r\n<li>F\u00fcr die Masterstudieng\u00e4nge gestalten Sie die Lehre in den Grundlagen der FEM in deutscher und in englischer Sprache.<\/li>\r\n<li>Sie engagieren sich aktiv in der Selbstverwaltung und pr\u00e4gen die Zukunft der Hochschule mit.<\/li>\r\n<li>Sie schaffen ein inspirierendes Lernumfeld f\u00fcr unsere Studierenden.<\/li>\r\n<li>Sie kn\u00fcpfen nationale und internationale Kooperationen, die neue Perspektiven er\u00f6ffnen.<\/li>\r\n<li>Sie beteiligen sich an interdisziplin\u00e4ren Projekten, die gesellschaftliche Herausforderungen kreativ l\u00f6sen.<\/li>\r\n<\/ul>\r\n<p><strong>Ihr Profil<\/strong><\/p>\r\n<ul>\r\n<li>Sie besitzen ein abgeschlossenes Hochschulstudium in Bauingenieurwesen, Maschinenbau oder einer vergleichbaren Studienrichtung sowie die besondere Bef\u00e4higung zur wissenschaftlichen Arbeit, die in der Regel durch eine qualifizierte Promotion nachgewiesen wird.<\/li>\r\n<li>Sie weisen besondere Leistungen bei der Anwendung oder Entwicklung wissenschaftlicher Erkenntnisse und Methoden in einer mindestens f\u00fcnfj\u00e4hrigen beruflichen Praxis vor, von der mindestens drei Jahre au\u00dferhalb des Hochschulbereichs ausge\u00fcbt worden sein m\u00fcssen.<\/li>\r\n<li>Ihre p\u00e4dagogische Eignung ist nachgewiesen \u2013 und zeigt sich in einer Lehre, die Studierende aktiviert, einbezieht und auf Augenh\u00f6he begleitet.<\/li>\r\n<li>Sie verf\u00fcgen \u00fcber vertiefte Kenntnisse und mehrj\u00e4hrige praktische Erfahrungen in der Statik, der Festigkeitslehre und in der Anwendung numerischer Methoden.\u00a0 W\u00fcnschenswert sind vertiefte Kenntnisse und praktische Erfahrungen in der Tragwerksplanung.<\/li>\r\n<li>Sie haben Freude an zeitgem\u00e4\u00dfen, auch digitalen Lehr- und Lernformaten.<\/li>\r\n<li>Sehr gute Deutschkenntnisse (mindestens GER-Sprachniveau C1) erm\u00f6glichen Ihnen, Lehrveranstaltungen und Pr\u00fcfungen souver\u00e4n durchzuf\u00fchren. Sehr gute Englischkenntnisse runden Ihr Profil ab.<\/li>\r\n<li>Sie bringen Erfahrung in der Zusammenarbeit mit Partner:innen aus Wissenschaft und Wirtschaft mit.<\/li>\r\n<li>Sie besitzen idealerweise Erfahrungen in der Drittmittelakquise sowie der erfolgreichen Durchf\u00fchrung von Forschungsprojekten.<\/li>\r\n<\/ul>\r\n<p><strong>Was wir Ihnen bieten<\/strong><\/p>\r\n<ul>\r\n<li>Ein famili\u00e4res Arbeitsumfeld mit gro\u00dfem Gestaltungsfreiraum, um Ihre Ideen zu verwirklichen.<\/li>\r\n<li>Unterst\u00fctzung durch hochschulinterne Einrichtungen, z. B. die Hochschulbibliothek, das Zentrum f\u00fcr Qualit\u00e4t, den Service Forschung und Transfer oder fakult\u00e4tsspezifische Institute.<\/li>\r\n<li>Vielf\u00e4ltige M\u00f6glichkeiten zur interdisziplin\u00e4ren Zusammenarbeit und zu innovativen Digitalisierungsprojekten, die neue Wege er\u00f6ffnen.<\/li>\r\n<li>Individuelle Entwicklung durch Weiterbildungsangebote z.B. im Bereich Hochschuldidaktik.<\/li>\r\n<li>Die Landeshauptstadt Erfurt als zentraler, verkehrsg\u00fcnstig gelegener Standort mit hoher Lebensqualit\u00e4t und vielf\u00e4ltigen Freizeitm\u00f6glichkeiten.<\/li>\r\n<\/ul>\r\n<p><strong>Bewerbungshinweise<\/strong><\/p>\r\n<p>Bitte senden Sie Ihre Bewerbung bis zum\u00a0<strong>30.04.2026<\/strong>\u00a0ausschlie\u00dflich online \u00fcber unser\u00a0<a href=\"https:\/\/berufungsmanagement.fh-erfurt.de\/?showProcedure=CBEEC5B6-DEB4-031E-CBF6-7CD23EDCC1A4\" rel=\"noopener\">Berufungsportal<\/a>.<\/p>\r\n<p>Bei Fragen steht Ihnen als Ansprechperson Prof. Dr.-Ing. Holger Schmidt<em>\u00a0<\/em>zur Verf\u00fcgung. Die Fachhochschule Erfurt f\u00f6rdert aktiv Diversit\u00e4t und die Zusammenarbeit heterogener Teams. Qualifizierte Frauen fordern wir besonders zur Bewerbung auf, um den Anteil von Professorinnen in Lehre und Forschung zu erh\u00f6hen. Bei Fragen zur Gleichstellung der Geschlechter unterst\u00fctzt Sie unser Team:\u00a0<a href=\"mailto:gleichstellungsbeauftragte@fh-erfurt.de\">gleichstellungsbeauftragte@fh-erfurt.de<\/a>. Menschen mit Schwerbehinderung werden bei gleicher Eignung bevorzugt ber\u00fccksichtigt.<\/p>\r\n<p>Bei einer erstmaligen Berufung erfolgt die Besch\u00e4ftigung in der Regel zun\u00e4chst befristet auf drei Jahre. Die rechtlichen Grundlagen f\u00fcr Ausnahmen sowie f\u00fcr eine sp\u00e4tere \u00dcbernahme in ein Beamtenverh\u00e4ltnis auf Lebenszeit finden Sie in \u00a7\u202f86 Abs.\u202f2 Th\u00fcringer Hochschulgesetz (Th\u00fcrHG). Die allgemeinen Voraussetzungen f\u00fcr eine Berufung ergeben sich aus \u00a7\u202f84 Th\u00fcrHG.<\/p>\r\n<p>Mehr Informationen zu Ihrer Professur an der FH Erfurt:<br \/><a href=\"https:\/\/www.fh-erfurt.de\/karriere\/ihre-professur-an-der-fh-erfurt\" rel=\"noopener\">https:\/\/www.fh-erfurt.de\/karriere\/ihre-professur-an-der-fh-erfurt<\/a><\/p>\r\n<p>Unsere Datenschutzhinweise finden Sie unter:<br \/><a href=\"https:\/\/www.fh-erfurt.de\/karriere\/stellenangebote\/datenschutzhinweise-stellenausschreibungen\" rel=\"noopener\">https:\/\/www.fh-erfurt.de\/karriere\/stellenangebote\/datenschutzhinweise-stellenausschreibungen<\/a><\/p>\r\n<p>Bitte beachten Sie: Bewerbungskosten k\u00f6nnen nicht erstattet werden.<\/p>\r\n<p>[\/vc_column_text][\/vc_tta_section][vc_tta_section title=&#8220;Sachbearbeiter (m\/w\/d) statische Nachweise&#8220; tab_id=&#8220;1777281702782-2dec905d-386a&#8220;][vc_column_text css=&#8220;&#8220;]<\/p>\r\n<p><strong>Die Stadtverwaltung Erfurt bietet<\/strong> sichere und wirtschaftsunabh\u00e4ngige Arbeitspl\u00e4tze mit umfassenden tariflichen bzw. beamten- und besoldungsrechtlichen Leistungen, regelm\u00e4\u00dfigen Tariferh\u00f6hungen und bedarfsgerechten fachlichen und pers\u00f6nlichen Weiterbildungsm\u00f6glichkeiten. Ein flexibles Arbeitszeitmodell mit Gleitzeitregelungen und der M\u00f6glichkeit des Freizeitausgleiches sowie gesundheitsf\u00f6rdernde und \u2013erhaltende Ma\u00dfnahmen im Rahmen unseres betrieblichen Gesundheitsmanagements erm\u00f6glichen eine gute Work-Life-Balance.<\/p>\r\n<p>Erfurt liegt in der Mitte Deutschlands und stellt durch den ICE-Knotenpunkt das Drehkreuz f\u00fcr die Region Mitteldeutschland dar. Aufgrund dieser verkehrsg\u00fcnstigen Lage gibt es einen hohen Bedarf an Neubau- und Sanierungsvorhaben von Gewerbe- und Wohnraumobjekten. <strong>Das Bauamt<\/strong> ist dabei insbesondere verantwortlich f\u00fcr die Genehmigung aller Bauvorhaben im Stadtgebiet und den Schutz des gr\u00f6\u00dften Fl\u00e4chendenkmals Deutschlands. Als Sachbearbeiter (m\/w\/d) statische Nachweise bearbeiten Sie Bauantr\u00e4ge und Bauvorlagen unter statischen Gesichtspunkten im Rahmen der Aufgaben der Unteren Bauaufsichtsbeh\u00f6rde. Sie arbeiten in einem engagierten Team, das derzeitig aus ca. 45 Mitarbeitern (m\/w\/d) besteht.<\/p>\r\n<p><strong>Das Aufgabengebiet umfasst<\/strong> au\u00dferdem die bauaufsichtliche Begleitung von Bauvorhaben. Zu Ihren Aufgaben geh\u00f6ren die Abstimmung mit Bauherren, Planern und beteiligten Beh\u00f6rden, die Kontrolle bautechnischer Nachweise und Bauvorlagen sowie die Pr\u00fcfung statischer Berechnungen einschlie\u00dflich der Formulierung von Auflagen zur Gew\u00e4hrleistung der Standsicherheit. Dar\u00fcber hinaus veranlassen Sie Pr\u00fcfauftr\u00e4ge an Pr\u00fcfingenieure, erstellen Bescheide und \u00fcberwachen die Ausf\u00fchrung genehmigter Bauvorhaben. Ein weiterer Schwerpunkt liegt in der Erstellung technischer Stellungnahmen, der Bewertung von Bausch\u00e4den und der Bearbeitung von Beschwerden. Zudem pr\u00fcfen und bearbeiten Sie Widerspr\u00fcche, unterst\u00fctzen in gerichtlichen Verfahren fachlich und beraten Bauherren, Architekten, Ingenieure und B\u00fcrger zu statischen und baurechtlichen Fragestellungen. Erg\u00e4nzend f\u00fchren Sie Gebrauchsabnahmen von Fliegenden Bauten durch und entscheiden vor Ort \u00fcber deren Inbetriebnahme.<\/p>\r\n<p>Weitere Informationen finden Sie unter:\u00a0<a href=\"https:\/\/www.erfurt.de\/ef\/de\/leben\/beruf\/stellen\/2026\/154066.html#pk_campaign=Redirector-Webcode&amp;pk_kwd=ef154066\" target=\"_blank\" rel=\"noopener\">https:\/\/www.erfurt.de\/ef\/de\/leben\/beruf\/stellen\/2026\/154066.html#pk_campaign=Redirector-Webcode&amp;pk_kwd=ef154066<\/a><\/p>\r\n<p>[\/vc_column_text][\/vc_tta_section][\/vc_tta_accordion][\/vc_column][\/vc_row][vc_row][vc_column][\/vc_column][\/vc_row]<\/p><\/div>","protected":false},"excerpt":{"rendered":"<p>[vc_row type=&#8220;vc_default&#8220;][vc_column][vc_row_inner][vc_column_inner width=&#8220;1\/2&#8243;][vc_column_text]Die Ingenieurkammer Th\u00fcringen unterst\u00fctzt ausschlie\u00dflich ihre Mitglieder bei der Suche nach Mitarbeitern und Praktikanten durch Ver\u00f6ffentlichung Ihrer Stellen- und Praktikumsangebote. Die Kammer erhebt f\u00fcr die Inanspruchnahme ihrer Leistungen&hellip;<\/p>\n","protected":false},"author":3,"featured_media":0,"parent":0,"menu_order":0,"comment_status":"closed","ping_status":"closed","template":"","meta":{"_acf_changed":false,"footnotes":""},"class_list":["post-2743","page","type-page","status-publish","hentry","description-off"],"acf":[],"yoast_head":"<!-- This site is optimized with the Yoast SEO plugin v26.4 - https:\/\/yoast.com\/wordpress\/plugins\/seo\/ -->\n<title>Stellenportal - Ingenieurkammer Th\u00fcringen<\/title>\n<meta name=\"description\" content=\"0\" \/>\n<meta name=\"robots\" content=\"index, follow, max-snippet:-1, max-image-preview:large, max-video-preview:-1\" \/>\n<link rel=\"canonical\" href=\"https:\/\/ikth.de\/startseite\/stellenportal\/\" \/>\n<meta property=\"og:locale\" content=\"de_DE\" \/>\n<meta property=\"og:type\" content=\"article\" \/>\n<meta property=\"og:title\" content=\"Stellenportal - Ingenieurkammer Th\u00fcringen\" \/>\n<meta property=\"og:description\" content=\"[vc_row type=&#8220;vc_default&#8220;][vc_column][vc_row_inner][vc_column_inner width=&#8220;1\/2&#8243;][vc_column_text]Die Ingenieurkammer Th\u00fcringen unterst\u00fctzt ausschlie\u00dflich ihre Mitglieder bei der Suche nach Mitarbeitern und Praktikanten durch Ver\u00f6ffentlichung Ihrer Stellen- und Praktikumsangebote. Die Kammer erhebt f\u00fcr die Inanspruchnahme ihrer Leistungen&hellip;\" \/>\n<meta property=\"og:url\" content=\"https:\/\/ikth.de\/startseite\/stellenportal\/\" \/>\n<meta property=\"og:site_name\" content=\"Ingenieurkammer Th\u00fcringen\" \/>\n<meta property=\"article:modified_time\" content=\"2026-04-27T09:36:27+00:00\" \/>\n<meta name=\"twitter:card\" content=\"summary_large_image\" \/>\n<meta name=\"twitter:label1\" content=\"Gesch\u00e4tzte Lesezeit\" \/>\n\t<meta name=\"twitter:data1\" content=\"6\u00a0Minuten\" \/>\n<script type=\"application\/ld+json\" class=\"yoast-schema-graph\">{\"@context\":\"https:\/\/schema.org\",\"@graph\":[{\"@type\":\"WebPage\",\"@id\":\"https:\/\/ikth.de\/startseite\/stellenportal\/\",\"url\":\"https:\/\/ikth.de\/startseite\/stellenportal\/\",\"name\":\"Stellenportal - Ingenieurkammer Th\u00fcringen\",\"isPartOf\":{\"@id\":\"https:\/\/ikth.de\/startseite\/#website\"},\"datePublished\":\"2021-08-20T07:03:36+00:00\",\"dateModified\":\"2026-04-27T09:36:27+00:00\",\"breadcrumb\":{\"@id\":\"https:\/\/ikth.de\/startseite\/stellenportal\/#breadcrumb\"},\"inLanguage\":\"de\",\"potentialAction\":[{\"@type\":\"ReadAction\",\"target\":[\"https:\/\/ikth.de\/startseite\/stellenportal\/\"]}]},{\"@type\":\"BreadcrumbList\",\"@id\":\"https:\/\/ikth.de\/startseite\/stellenportal\/#breadcrumb\",\"itemListElement\":[{\"@type\":\"ListItem\",\"position\":1,\"name\":\"Startseite\",\"item\":\"https:\/\/ikth.de\/startseite\/\"},{\"@type\":\"ListItem\",\"position\":2,\"name\":\"Stellenportal\"}]},{\"@type\":\"WebSite\",\"@id\":\"https:\/\/ikth.de\/startseite\/#website\",\"url\":\"https:\/\/ikth.de\/startseite\/\",\"name\":\"Ingenieurkammer Th\u00fcringen\",\"description\":\"\",\"potentialAction\":[{\"@type\":\"SearchAction\",\"target\":{\"@type\":\"EntryPoint\",\"urlTemplate\":\"https:\/\/ikth.de\/startseite\/?s={search_term_string}\"},\"query-input\":{\"@type\":\"PropertyValueSpecification\",\"valueRequired\":true,\"valueName\":\"search_term_string\"}}],\"inLanguage\":\"de\"}]}<\/script>\n<!-- \/ Yoast SEO plugin. -->","yoast_head_json":{"title":"Stellenportal - Ingenieurkammer Th\u00fcringen","robots":{"index":"index","follow":"follow","max-snippet":"max-snippet:-1","max-image-preview":"max-image-preview:large","max-video-preview":"max-video-preview:-1"},"canonical":"https:\/\/ikth.de\/startseite\/stellenportal\/","og_locale":"de_DE","og_type":"article","og_title":"Stellenportal - Ingenieurkammer Th\u00fcringen","og_description":"[vc_row type=&#8220;vc_default&#8220;][vc_column][vc_row_inner][vc_column_inner width=&#8220;1\/2&#8243;][vc_column_text]Die Ingenieurkammer Th\u00fcringen unterst\u00fctzt ausschlie\u00dflich ihre Mitglieder bei der Suche nach Mitarbeitern und Praktikanten durch Ver\u00f6ffentlichung Ihrer Stellen- und Praktikumsangebote. Die Kammer erhebt f\u00fcr die Inanspruchnahme ihrer Leistungen&hellip;","og_url":"https:\/\/ikth.de\/startseite\/stellenportal\/","og_site_name":"Ingenieurkammer Th\u00fcringen","article_modified_time":"2026-04-27T09:36:27+00:00","twitter_card":"summary_large_image","twitter_misc":{"Gesch\u00e4tzte Lesezeit":"6\u00a0Minuten"},"schema":{"@context":"https:\/\/schema.org","@graph":[{"@type":"WebPage","@id":"https:\/\/ikth.de\/startseite\/stellenportal\/","url":"https:\/\/ikth.de\/startseite\/stellenportal\/","name":"Stellenportal - Ingenieurkammer Th\u00fcringen","isPartOf":{"@id":"https:\/\/ikth.de\/startseite\/#website"},"datePublished":"2021-08-20T07:03:36+00:00","dateModified":"2026-04-27T09:36:27+00:00","breadcrumb":{"@id":"https:\/\/ikth.de\/startseite\/stellenportal\/#breadcrumb"},"inLanguage":"de","potentialAction":[{"@type":"ReadAction","target":["https:\/\/ikth.de\/startseite\/stellenportal\/"]}]},{"@type":"BreadcrumbList","@id":"https:\/\/ikth.de\/startseite\/stellenportal\/#breadcrumb","itemListElement":[{"@type":"ListItem","position":1,"name":"Startseite","item":"https:\/\/ikth.de\/startseite\/"},{"@type":"ListItem","position":2,"name":"Stellenportal"}]},{"@type":"WebSite","@id":"https:\/\/ikth.de\/startseite\/#website","url":"https:\/\/ikth.de\/startseite\/","name":"Ingenieurkammer Th\u00fcringen","description":"","potentialAction":[{"@type":"SearchAction","target":{"@type":"EntryPoint","urlTemplate":"https:\/\/ikth.de\/startseite\/?s={search_term_string}"},"query-input":{"@type":"PropertyValueSpecification","valueRequired":true,"valueName":"search_term_string"}}],"inLanguage":"de"}]}},"_links":{"self":[{"href":"https:\/\/ikth.de\/startseite\/wp-json\/wp\/v2\/pages\/2743","targetHints":{"allow":["GET"]}}],"collection":[{"href":"https:\/\/ikth.de\/startseite\/wp-json\/wp\/v2\/pages"}],"about":[{"href":"https:\/\/ikth.de\/startseite\/wp-json\/wp\/v2\/types\/page"}],"author":[{"embeddable":true,"href":"https:\/\/ikth.de\/startseite\/wp-json\/wp\/v2\/users\/3"}],"replies":[{"embeddable":true,"href":"https:\/\/ikth.de\/startseite\/wp-json\/wp\/v2\/comments?post=2743"}],"version-history":[{"count":113,"href":"https:\/\/ikth.de\/startseite\/wp-json\/wp\/v2\/pages\/2743\/revisions"}],"predecessor-version":[{"id":44734,"href":"https:\/\/ikth.de\/startseite\/wp-json\/wp\/v2\/pages\/2743\/revisions\/44734"}],"wp:attachment":[{"href":"https:\/\/ikth.de\/startseite\/wp-json\/wp\/v2\/media?parent=2743"}],"curies":[{"name":"wp","href":"https:\/\/api.w.org\/{rel}","templated":true}]}}